{"id":9,"date":"2021-06-22T17:36:13","date_gmt":"2021-06-22T17:36:13","guid":{"rendered":"https:\/\/www.ambite.es\/centrodenaturaleza\/?page_id=9"},"modified":"2024-05-19T08:35:37","modified_gmt":"2024-05-19T08:35:37","slug":"home","status":"publish","type":"page","link":"https:\/\/www.ambite.es\/centrodenaturaleza\/","title":{"rendered":"HOME"},"content":{"rendered":"<p>[et_pb_section fb_built=\u00bb1&#8243; admin_label=\u00bbcabecera\u00bb _builder_version=\u00bb4.25.1&#8243; background_color=\u00bbrgba(0,0,0,0.58)\u00bb background_video_mp4=\u00bbhttps:\/\/www.ambite.es\/centrodenaturaleza\/wp-content\/uploads\/2024\/02\/Spot-Ambite.mp4&#8243; allow_player_pause=\u00bbon\u00bb width=\u00bb100%\u00bb max_width=\u00bb100%\u00bb module_alignment=\u00bbcenter\u00bb min_height=\u00bb100vh\u00bb min_height_tablet=\u00bb100vh\u00bb min_height_phone=\u00bb100vh\u00bb min_height_last_edited=\u00bbon|phone\u00bb height=\u00bb100vh\u00bb max_height_tablet=\u00bb\u00bb max_height_phone=\u00bb\u00bb max_height_last_edited=\u00bbon|desktop\u00bb custom_margin=\u00bb0px|0px|0px|0px|false|true\u00bb custom_margin_tablet=\u00bb\u00bb custom_margin_phone=\u00bb\u00bb custom_margin_last_edited=\u00bbon|desktop\u00bb custom_padding=\u00bb0px|0px|0px|0px|true|true\u00bb animation_style=\u00bbzoom\u00bb animation_intensity_zoom=\u00bb4%\u00bb hover_enabled=\u00bb0&#8243; background_color_phone=\u00bbrgba(0,0,0,0.66)\u00bb background_last_edited=\u00bbon|phone\u00bb background_enable_color_phone=\u00bbon\u00bb allow_player_pause_phone=\u00bbon\u00bb module_alignment_tablet=\u00bbcenter\u00bb module_alignment_phone=\u00bbcenter\u00bb module_alignment_last_edited=\u00bbon|phone\u00bb custom_css_main_element=\u00bbheight: calc(100vh &#8211; 88px);\u00bb global_colors_info=\u00bb{}\u00bb sticky_enabled=\u00bb0&#8243;][\/et_pb_section][et_pb_section fb_built=\u00bb1&#8243; _builder_version=\u00bb4.16&#8243; _module_preset=\u00bbdefault\u00bb module_alignment=\u00bbcenter\u00bb min_height=\u00bb755.2px\u00bb custom_margin=\u00bb-3px||-1px|||\u00bb custom_padding=\u00bb2px||13px|||\u00bb global_colors_info=\u00bb{}\u00bb][et_pb_row admin_label=\u00bbPRIMEROS TEXTOS\u00bb _builder_version=\u00bb4.16&#8243; _module_preset=\u00bbdefault\u00bb custom_margin=\u00bb|auto||auto|false|false\u00bb custom_padding=\u00bb64px||26px||false|false\u00bb global_colors_info=\u00bb{}\u00bb][et_pb_column type=\u00bb4_4&#8243; _builder_version=\u00bb4.16&#8243; _module_preset=\u00bbdefault\u00bb global_colors_info=\u00bb{}\u00bb][et_pb_text admin_label=\u00bbPRIMER BLOQUE DE TEXTO\u00bb _builder_version=\u00bb4.16&#8243; _module_preset=\u00bbdefault\u00bb text_font=\u00bbMontserrat||||||||\u00bb text_font_size=\u00bb26px\u00bb text_line_height=\u00bb1.3em\u00bb text_orientation=\u00bbcenter\u00bb custom_margin=\u00bb||37px|||\u00bb text_font_size_tablet=\u00bb23px\u00bb text_font_size_phone=\u00bb23px\u00bb text_font_size_last_edited=\u00bbon|desktop\u00bb global_colors_info=\u00bb{}\u00bb]<\/p>\n<p class=\"p1\" style=\"text-align: center;\"><i>Bajo la premisa del respeto y defensa del Medio Ambiente, nace este proyecto enfocado a la divulgaci\u00f3n y conocimiento<span class=\"Apple-converted-space\">\u00a0<\/span><\/i><i>de la flora, fauna y geolog\u00eda de Ambite, la vida del r\u00edo Taju\u00f1a, y al desarrollo de la pr\u00e1ctica deportiva.<\/i><\/p>\n<p>[\/et_pb_text][et_pb_text admin_label=\u00bbEn el Centro de Naturalez\u00bb _builder_version=\u00bb4.16&#8243; _module_preset=\u00bbdefault\u00bb text_font=\u00bbMontserrat|600|||||||\u00bb text_text_color=\u00bb#19c4b3&#8243; text_font_size=\u00bb28px\u00bb text_orientation=\u00bbcenter\u00bb text_line_height_tablet=\u00bb1.2em\u00bb text_line_height_phone=\u00bb1.2em\u00bb text_line_height_last_edited=\u00bbon|desktop\u00bb global_colors_info=\u00bb{}\u00bb]<\/p>\n<p>En el Centro de Naturaleza te hablaremos de:<\/p>\n<p>[\/et_pb_text][\/et_pb_column][\/et_pb_row][et_pb_row column_structure=\u00bb1_4,1_4,1_4,1_4&#8243; use_custom_gutter=\u00bbon\u00bb gutter_width=\u00bb2&#8243; make_equal=\u00bbon\u00bb admin_label=\u00bbCUATRO BLOQUES\u00bb _builder_version=\u00bb4.16&#8243; _module_preset=\u00bbdefault\u00bb width=\u00bb88%\u00bb max_width=\u00bb1696px\u00bb module_alignment=\u00bbcenter\u00bb min_height=\u00bb452px\u00bb custom_margin=\u00bb|auto||auto|false|false\u00bb custom_margin_tablet=\u00bb13px|auto||auto|false|false\u00bb custom_margin_phone=\u00bb1px|auto||auto|false|false\u00bb custom_margin_last_edited=\u00bbon|desktop\u00bb custom_padding=\u00bb5px|37px|5px|37px|true|true\u00bb global_colors_info=\u00bb{}\u00bb][et_pb_column type=\u00bb1_4&#8243; _builder_version=\u00bb4.16&#8243; _module_preset=\u00bbdefault\u00bb global_colors_info=\u00bb{}\u00bb][et_pb_blurb title=\u00bbNUESTRA TIERRA\u00bb url=\u00bbhttp:\/\/ambite.es\/centrodenaturaleza\/entorno-geologico\/\u00bb url_new_window=\u00bbon\u00bb image=\u00bbhttps:\/\/www.ambite.es\/centrodenaturaleza\/wp-content\/uploads\/2021\/06\/Tierra.jpg\u00bb content_max_width=\u00bb623px\u00bb admin_label=\u00bbNUESTRA TIERRA\u00bb _builder_version=\u00bb4.16&#8243; _module_preset=\u00bbdefault\u00bb header_font=\u00bbMontserrat|600|||||||\u00bb header_text_align=\u00bbcenter\u00bb width=\u00bb100%\u00bb max_width=\u00bb100%\u00bb module_alignment=\u00bbcenter\u00bb min_height=\u00bb398px\u00bb custom_margin=\u00bb||||false|false\u00bb custom_padding=\u00bb||||false|false\u00bb animation=\u00bboff\u00bb hover_transition_duration=\u00bb0ms\u00bb global_colors_info=\u00bb{}\u00bb]<\/p>\n<p style=\"text-align: left;\">En esta secci\u00f3n encontrar\u00e1s todo lo relacionado a la tierra que pisamos. Como est\u00e1 estratificada y por qu\u00e9 la orografia de nuestro terreno es como es. Descubrir\u00e1s c\u00f3mo se ha formado la Vega y lo importante que es todo esto para entenderlo.<\/p>\n<p>[\/et_pb_blurb][\/et_pb_column][et_pb_column type=\u00bb1_4&#8243; _builder_version=\u00bb4.16&#8243; _module_preset=\u00bbdefault\u00bb global_colors_info=\u00bb{}\u00bb][et_pb_blurb title=\u00bbNUESTROS BOSQUES\u00bb url=\u00bbhttp:\/\/ambite.es\/centrodenaturaleza\/el-bosque-mediterraneo\/\u00bb url_new_window=\u00bbon\u00bb image=\u00bbhttps:\/\/www.ambite.es\/centrodenaturaleza\/wp-content\/uploads\/2021\/07\/bosque-mediterraneo-2.jpg\u00bb content_max_width=\u00bb623px\u00bb admin_label=\u00bbNUESTROS BOSQUES\u00bb _builder_version=\u00bb4.16&#8243; _module_preset=\u00bbdefault\u00bb header_font=\u00bbMontserrat|600|||||||\u00bb header_text_align=\u00bbcenter\u00bb width=\u00bb100%\u00bb max_width=\u00bb100%\u00bb module_alignment=\u00bbcenter\u00bb min_height=\u00bb392px\u00bb custom_margin=\u00bb||14px|||\u00bb custom_margin_tablet=\u00bb\u00bb custom_margin_phone=\u00bb\u00bb custom_margin_last_edited=\u00bbon|desktop\u00bb custom_padding=\u00bb||1px|||\u00bb animation=\u00bboff\u00bb hover_transition_duration=\u00bb0ms\u00bb global_colors_info=\u00bb{}\u00bb]<\/p>\n<p>El bosque mediterr\u00e1neo fue el ecosistema que dominaba gran parte de la Peninsula Ib\u00e9rica. La situaci\u00f3n actual nos abliga a preguntarnos c\u00f3mo hemos llegado hasta aqu\u00ed. Es importante tenerlo claro para no seguir con su deterioro.<\/p>\n<p>[\/et_pb_blurb][\/et_pb_column][et_pb_column type=\u00bb1_4&#8243; _builder_version=\u00bb4.16&#8243; _module_preset=\u00bbdefault\u00bb global_colors_info=\u00bb{}\u00bb][et_pb_blurb title=\u00bbNUESTRA FLORA Y FAUNA\u00bb url=\u00bbhttps:\/\/www.ambite.es\/centrodenaturaleza\/ecosistemas-del-agua\/\u00bb url_new_window=\u00bbon\u00bb image=\u00bbhttps:\/\/www.ambite.es\/centrodenaturaleza\/wp-content\/uploads\/2021\/06\/ardilla.jpg\u00bb content_max_width=\u00bb623px\u00bb admin_label=\u00bbNUESTRA FLORA Y FAUNA\u00bb _builder_version=\u00bb4.16&#8243; _module_preset=\u00bbdefault\u00bb header_font=\u00bbMontserrat|600|||||||\u00bb header_text_align=\u00bbcenter\u00bb width=\u00bb100%\u00bb max_width=\u00bb100%\u00bb module_alignment=\u00bbcenter\u00bb min_height=\u00bb391px\u00bb custom_margin=\u00bb||||false|false\u00bb custom_padding=\u00bb||||false|false\u00bb animation=\u00bboff\u00bb hover_transition_duration=\u00bb0ms\u00bb global_colors_info=\u00bb{}\u00bb]<\/p>\n<p>Nuestro r\u00edo y todo lo que le rodea es lo mejor que tenemos en Ambite. Un ecosistema vivo que se abre camino llenando nuestros campos con una gran variedad de plantas y animales que han encontrado en Ambite su espacio natural para desarrollarse.<\/p>\n<p>[\/et_pb_blurb][\/et_pb_column][et_pb_column type=\u00bb1_4&#8243; _builder_version=\u00bb4.16&#8243; _module_preset=\u00bbdefault\u00bb global_colors_info=\u00bb{}\u00bb][et_pb_blurb title=\u00bbNUESTRAS ACTIVIDADES\u00bb url=\u00bbhttp:\/\/ambite.es\/centrodenaturaleza\/actividades\/\u00bb url_new_window=\u00bbon\u00bb image=\u00bbhttps:\/\/www.ambite.es\/centrodenaturaleza\/wp-content\/uploads\/2021\/06\/bicicletas.jpg\u00bb content_max_width=\u00bb623px\u00bb admin_label=\u00bbNUESTRAS ACTIVIDADES\u00bb _builder_version=\u00bb4.20.4&#8243; _module_preset=\u00bbdefault\u00bb header_font=\u00bbMontserrat|600|||||||\u00bb header_text_align=\u00bbcenter\u00bb width=\u00bb100%\u00bb max_width=\u00bb100%\u00bb module_alignment=\u00bbcenter\u00bb custom_margin=\u00bb||||false|false\u00bb animation=\u00bboff\u00bb hover_transition_duration=\u00bb0ms\u00bb module_alignment_tablet=\u00bb\u00bb module_alignment_phone=\u00bbcenter\u00bb module_alignment_last_edited=\u00bbon|phone\u00bb global_colors_info=\u00bb{}\u00bb]<\/p>\n<p>Estamos desarrollando multitud de actividades para que nuestros vecinos y amigos disfruten de nuestro municipio. Tenemos rutas guiadas y autoguiadas, talleres ambientales y muchas cosas m\u00e1s, que seguro ser\u00e1n de tu agrado.<\/p>\n<p>[\/et_pb_blurb][\/et_pb_column][\/et_pb_row][et_pb_row admin_label=\u00bbMAPA Y HORARIOS\u00bb _builder_version=\u00bb4.16&#8243; _module_preset=\u00bbdefault\u00bb custom_margin=\u00bb-29px|auto|14px|auto||\u00bb global_colors_info=\u00bb{}\u00bb][et_pb_column type=\u00bb4_4&#8243; _builder_version=\u00bb4.16&#8243; _module_preset=\u00bbdefault\u00bb global_colors_info=\u00bb{}\u00bb][et_pb_text _builder_version=\u00bb4.16&#8243; _module_preset=\u00bbdefault\u00bb text_font=\u00bbMontserrat|500|||||||\u00bb text_text_color=\u00bb#00CED1&#8243; text_font_size=\u00bb27px\u00bb text_letter_spacing=\u00bb5px\u00bb text_orientation=\u00bbcenter\u00bb custom_margin=\u00bb||37px|||\u00bb custom_padding=\u00bb42px|||||\u00bb text_font_size_tablet=\u00bb\u00bb text_font_size_phone=\u00bb24px\u00bb text_font_size_last_edited=\u00bbon|phone\u00bb text_letter_spacing_tablet=\u00bb2px\u00bb text_letter_spacing_phone=\u00bb1px\u00bb text_letter_spacing_last_edited=\u00bbon|desktop\u00bb text_line_height_tablet=\u00bb\u00bb text_line_height_phone=\u00bb1.2em\u00bb text_line_height_last_edited=\u00bbon|tablet\u00bb global_colors_info=\u00bb{}\u00bb]<\/p>\n<p>ESTAMOS JUNTO A LA PISCINA MUNICIPAL<\/p>\n<p>[\/et_pb_text][et_pb_code _builder_version=\u00bb4.16&#8243; _module_preset=\u00bbdefault\u00bb min_height=\u00bb445px\u00bb box_shadow_style=\u00bbpreset3&#8243; global_colors_info=\u00bb{}\u00bb]<iframe src=\"https:\/\/www.google.com\/maps\/embed?pb=!1m18!1m12!1m3!1d3041.736495793592!2d-3.180134983619415!3d40.32600527937585!2m3!1f0!2f0!3f0!3m2!1i1024!2i768!4f13.1!3m3!1m2!1s0xd425e9ffd5c6f6d%3A0xd3a8dd47ab083db!2sCamino%20de%20Valdemera%2C%20441%2C%2028580%20Ambite%2C%20Madrid!5e0!3m2!1ses!2ses!4v1624519653712!5m2!1ses!2ses\" width=\"1080\" height=\"450\" style=\"border:0;\" allowfullscreen=\"\" loading=\"lazy\"><\/iframe>[\/et_pb_code][et_pb_text _builder_version=\u00bb4.16&#8243; _module_preset=\u00bbdefault\u00bb text_font=\u00bbMontserrat|600|||||||\u00bb text_font_size=\u00bb23px\u00bb text_orientation=\u00bbcenter\u00bb custom_padding=\u00bb4px||4px||false|false\u00bb text_font_size_tablet=\u00bb\u00bb text_font_size_phone=\u00bb22px\u00bb text_font_size_last_edited=\u00bbon|tablet\u00bb global_colors_info=\u00bb{}\u00bb]<\/p>\n<p>NUESTROS HORARIOS:<\/p>\n<p>[\/et_pb_text][et_pb_text _builder_version=\u00bb4.16&#8243; _module_preset=\u00bbdefault\u00bb text_font=\u00bbMontserrat|600|||||||\u00bb text_font_size=\u00bb18px\u00bb text_line_height=\u00bb0.6em\u00bb text_orientation=\u00bbcenter\u00bb custom_margin=\u00bb||14px|||\u00bb custom_padding=\u00bb2px||2px||true|false\u00bb text_font_size_tablet=\u00bb\u00bb text_font_size_phone=\u00bb17px\u00bb text_font_size_last_edited=\u00bbon|tablet\u00bb text_line_height_tablet=\u00bb0.6em\u00bb text_line_height_phone=\u00bb1.4em\u00bb text_line_height_last_edited=\u00bbon|phone\u00bb global_colors_info=\u00bb{}\u00bb]<\/p>\n<p class=\"p1\"><span class=\"s1\"><i>Visitas concertadas para colegios y grupos, de lunes a viernes.<\/i><\/span><\/p>\n<p class=\"p1\"><span class=\"s1\"><i>Talleres y actividades medio ambientales, s\u00e1bados y domingos.<\/i><\/span><\/p>\n<p class=\"p1\"><span class=\"s1\"><i>Solicitar informaci\u00f3n llamando al: <\/i><\/span><span class=\"s2\"><i>+34<\/i><\/span><span class=\"s1\"><i> <\/i><\/span><span class=\"s2\"><i>918 722 151 <\/i><\/span><span class=\"s1\"><i>o por correo al:<\/i><\/span><\/p>\n<p>[\/et_pb_text][et_pb_text _builder_version=\u00bb4.16&#8243; _module_preset=\u00bbdefault\u00bb text_font=\u00bb|600|||||||\u00bb text_text_color=\u00bb#33a5e8&#8243; text_font_size=\u00bb20px\u00bb text_orientation=\u00bbcenter\u00bb custom_padding=\u00bb2px||2px||true|false\u00bb text_font_size_tablet=\u00bb\u00bb text_font_size_phone=\u00bb17px\u00bb text_font_size_last_edited=\u00bbon|phone\u00bb global_colors_info=\u00bb{}\u00bb]<\/p>\n<p class=\"p1\"><a href=\"mailto:centrodenaturaleza@ambite.es\" target=\"_blank\" rel=\"noopener\"><span class=\"s1\"><i>centrodenaturaleza@ambite.es<\/i><\/span><\/a><\/p>\n<p>[\/et_pb_text][\/et_pb_column][\/et_pb_row][et_pb_row _builder_version=\u00bb4.16&#8243; _module_preset=\u00bbdefault\u00bb custom_padding=\u00bb23px|||||\u00bb global_colors_info=\u00bb{}\u00bb][et_pb_column type=\u00bb4_4&#8243; _builder_version=\u00bb4.16&#8243; _module_preset=\u00bbdefault\u00bb global_colors_info=\u00bb{}\u00bb][et_pb_text _builder_version=\u00bb4.16&#8243; _module_preset=\u00bbdefault\u00bb text_font=\u00bbMontserrat||on||||||\u00bb text_text_color=\u00bb#000000&#8243; text_font_size=\u00bb20px\u00bb text_orientation=\u00bbcenter\u00bb text_font_size_tablet=\u00bb18px\u00bb text_font_size_phone=\u00bb18px\u00bb text_font_size_last_edited=\u00bbon|desktop\u00bb global_colors_info=\u00bb{}\u00bb]<\/p>\n<p>Si quieres darnos tu opinion, hacernos alguna sugerencia, o simplemente, que te informemos de novedades, m\u00e1ndanos este sencillo formulario.<\/p>\n<p><strong>Muchas gracias por tu interes.<\/strong><\/p>\n<p>[\/et_pb_text][et_pb_contact_form captcha=\u00bboff\u00bb email=\u00bbcentrodenaturaleza@ambite.es\u00bb custom_message=\u00bbEste formulario ha sido enviado desde la HOME del Centro de Naturaleza||et_pb_line_break_holder||||et_pb_line_break_holder||Nombre:%%Name%%||et_pb_line_break_holder||Correo:%%Email%%||et_pb_line_break_holder||Mensaje:%%Message%%\u00bb _builder_version=\u00bb4.16&#8243; _module_preset=\u00bbdefault\u00bb _unique_id=\u00bba13f7f29-3d8d-4919-bf7d-439078e3304d\u00bb form_field_background_color=\u00bbrgba(10,0,0,0.06)\u00bb form_field_text_color=\u00bb#000000&#8243; form_field_focus_background_color=\u00bb#000000&#8243; form_field_custom_margin=\u00bb16px||||false|false\u00bb form_field_custom_margin_tablet=\u00bb32px||||false|false\u00bb form_field_custom_margin_phone=\u00bb27px||||false|false\u00bb form_field_custom_margin_last_edited=\u00bbon|desktop\u00bb form_field_custom_padding=\u00bb||||false|false\u00bb form_field_custom_padding_tablet=\u00bb||||false|false\u00bb form_field_custom_padding_phone=\u00bb\u00bb form_field_custom_padding_last_edited=\u00bbon|phone\u00bb title_text_color=\u00bb#000000&#8243; form_field_font=\u00bbMontserrat||||||||\u00bb form_field_font_size=\u00bb14px\u00bb custom_button=\u00bbon\u00bb button_text_color=\u00bbrgba(0,0,0,0.75)\u00bb button_border_width=\u00bb1px\u00bb button_border_color=\u00bbrgba(0,0,0,0.87)\u00bb button_icon_color=\u00bb#000000&#8243; button_custom_margin=\u00bb-52px||||false|false\u00bb button_custom_margin_tablet=\u00bb11px|62px|||false|false\u00bb button_custom_margin_phone=\u00bb15px|10px|||false|false\u00bb button_custom_margin_last_edited=\u00bbon|desktop\u00bb button_custom_padding=\u00bb||||false|false\u00bb custom_margin=\u00bb||||false|false\u00bb custom_padding=\u00bb0px||||false|false\u00bb border_width_bottom=\u00bb1px\u00bb border_color_bottom=\u00bb#1FE0BA\u00bb box_shadow_style=\u00bbpreset3&#8243; box_shadow_color=\u00bbrgba(0,0,0,0.26)\u00bb locked=\u00bboff\u00bb global_colors_info=\u00bb{}\u00bb button_bg_color__hover_enabled=\u00bbon|desktop\u00bb form_field_background_color__hover_enabled=\u00bbon|desktop\u00bb form_field_background_color__hover=\u00bb#FFFFFF\u00bb][et_pb_contact_field field_id=\u00bbName\u00bb field_title=\u00bbNombre\u00bb fullwidth_field=\u00bbon\u00bb _builder_version=\u00bb4.16&#8243; form_field_background_color=\u00bbrgba(10,0,0,0.06)\u00bb form_field_text_color=\u00bb#000000&#8243; form_field_focus_background_color=\u00bb#FFFFFF\u00bb form_field_focus_text_color=\u00bb#000000&#8243; form_field_background_color_tablet=\u00bb\u00bb form_field_background_color_phone=\u00bb\u00bb form_field_background_color_last_edited=\u00bbon|phone\u00bb form_field_focus_text_color_tablet=\u00bb\u00bb form_field_focus_text_color_phone=\u00bb\u00bb form_field_focus_text_color_last_edited=\u00bbon|desktop\u00bb global_colors_info=\u00bb{}\u00bb button_text_size__hover_enabled=\u00bboff\u00bb button_one_text_size__hover_enabled=\u00bboff\u00bb button_two_text_size__hover_enabled=\u00bboff\u00bb button_text_color__hover_enabled=\u00bboff\u00bb button_one_text_color__hover_enabled=\u00bboff\u00bb button_two_text_color__hover_enabled=\u00bboff\u00bb button_border_width__hover_enabled=\u00bboff\u00bb button_one_border_width__hover_enabled=\u00bboff\u00bb button_two_border_width__hover_enabled=\u00bboff\u00bb button_border_color__hover_enabled=\u00bboff\u00bb button_one_border_color__hover_enabled=\u00bboff\u00bb button_two_border_color__hover_enabled=\u00bboff\u00bb button_border_radius__hover_enabled=\u00bboff\u00bb button_one_border_radius__hover_enabled=\u00bboff\u00bb button_two_border_radius__hover_enabled=\u00bboff\u00bb button_letter_spacing__hover_enabled=\u00bboff\u00bb button_one_letter_spacing__hover_enabled=\u00bboff\u00bb button_two_letter_spacing__hover_enabled=\u00bboff\u00bb button_bg_color__hover_enabled=\u00bboff\u00bb button_one_bg_color__hover_enabled=\u00bboff\u00bb button_two_bg_color__hover_enabled=\u00bboff\u00bb form_field_background_color__hover_enabled=\u00bbon|desktop\u00bb form_field_background_color__hover=\u00bb#FFFFFF\u00bb form_field_focus_background_color__hover_enabled=\u00bbon|desktop\u00bb form_field_focus_text_color__hover_enabled=\u00bbon|desktop\u00bb form_field_focus_background_color__hover=\u00bb#FFFFFF\u00bb form_field_focus_text_color__hover=\u00bb#000000&#8243;][\/et_pb_contact_field][et_pb_contact_field field_id=\u00bbEmail\u00bb field_title=\u00bbDirecci\u00f3n de correo electr\u00f3nico\u00bb field_type=\u00bbemail\u00bb fullwidth_field=\u00bbon\u00bb _builder_version=\u00bb4.16&#8243; form_field_background_color=\u00bbrgba(10,0,0,0.06)\u00bb form_field_text_color=\u00bb#000000&#8243; form_field_focus_background_color=\u00bb#FFFFFF\u00bb form_field_focus_text_color=\u00bb#000000&#8243; global_colors_info=\u00bb{}\u00bb button_text_size__hover_enabled=\u00bboff\u00bb button_one_text_size__hover_enabled=\u00bboff\u00bb button_two_text_size__hover_enabled=\u00bboff\u00bb button_text_color__hover_enabled=\u00bboff\u00bb button_one_text_color__hover_enabled=\u00bboff\u00bb button_two_text_color__hover_enabled=\u00bboff\u00bb button_border_width__hover_enabled=\u00bboff\u00bb button_one_border_width__hover_enabled=\u00bboff\u00bb button_two_border_width__hover_enabled=\u00bboff\u00bb button_border_color__hover_enabled=\u00bboff\u00bb button_one_border_color__hover_enabled=\u00bboff\u00bb button_two_border_color__hover_enabled=\u00bboff\u00bb button_border_radius__hover_enabled=\u00bboff\u00bb button_one_border_radius__hover_enabled=\u00bboff\u00bb button_two_border_radius__hover_enabled=\u00bboff\u00bb button_letter_spacing__hover_enabled=\u00bboff\u00bb button_one_letter_spacing__hover_enabled=\u00bboff\u00bb button_two_letter_spacing__hover_enabled=\u00bboff\u00bb button_bg_color__hover_enabled=\u00bboff\u00bb button_one_bg_color__hover_enabled=\u00bboff\u00bb button_two_bg_color__hover_enabled=\u00bboff\u00bb form_field_background_color__hover_enabled=\u00bbon|desktop\u00bb form_field_background_color__hover=\u00bb#FFFFFF\u00bb][\/et_pb_contact_field][et_pb_contact_field field_id=\u00bbMessage\u00bb field_title=\u00bbMensaje\u00bb field_type=\u00bbtext\u00bb fullwidth_field=\u00bbon\u00bb _builder_version=\u00bb4.16&#8243; form_field_background_color=\u00bbrgba(10,0,0,0.06)\u00bb form_field_text_color=\u00bb#000000&#8243; form_field_focus_background_color=\u00bb#FFFFFF\u00bb form_field_focus_text_color=\u00bb#000000&#8243; global_colors_info=\u00bb{}\u00bb button_text_size__hover_enabled=\u00bboff\u00bb button_one_text_size__hover_enabled=\u00bboff\u00bb button_two_text_size__hover_enabled=\u00bboff\u00bb button_text_color__hover_enabled=\u00bboff\u00bb button_one_text_color__hover_enabled=\u00bboff\u00bb button_two_text_color__hover_enabled=\u00bboff\u00bb button_border_width__hover_enabled=\u00bboff\u00bb button_one_border_width__hover_enabled=\u00bboff\u00bb button_two_border_width__hover_enabled=\u00bboff\u00bb button_border_color__hover_enabled=\u00bboff\u00bb button_one_border_color__hover_enabled=\u00bboff\u00bb button_two_border_color__hover_enabled=\u00bboff\u00bb button_border_radius__hover_enabled=\u00bboff\u00bb button_one_border_radius__hover_enabled=\u00bboff\u00bb button_two_border_radius__hover_enabled=\u00bboff\u00bb button_letter_spacing__hover_enabled=\u00bboff\u00bb button_one_letter_spacing__hover_enabled=\u00bboff\u00bb button_two_letter_spacing__hover_enabled=\u00bboff\u00bb button_bg_color__hover_enabled=\u00bboff\u00bb button_one_bg_color__hover_enabled=\u00bboff\u00bb button_two_bg_color__hover_enabled=\u00bboff\u00bb form_field_background_color__hover_enabled=\u00bbon|hover\u00bb form_field_background_color__hover=\u00bb#FFFFFF\u00bb][\/et_pb_contact_field][et_pb_contact_field field_id=\u00bbPoliticas\u00bb field_title=\u00bbPol\u00edtica de privacidad\u00bb field_type=\u00bbcheckbox\u00bb checkbox_options=\u00bb%91{%22value%22:%22He le\u00eddo y estoy de acuerdo con la ley %22,%22checked%22:0,%22dragID%22:-1,%22link_url%22:%22https:\/\/www.ambite.es\/centrodenaturaleza\/politica-de-privacidad\/%22,%22link_text%22:%22 PROTECCI\u00d3N DE DATOS%22}%93&#8243; fullwidth_field=\u00bbon\u00bb _builder_version=\u00bb4.16&#8243; _module_preset=\u00bbdefault\u00bb form_field_background_color=\u00bbrgba(10,0,0,0.06)\u00bb form_field_text_color=\u00bb#000000&#8243; form_field_focus_background_color=\u00bb#FFFFFF\u00bb form_field_focus_text_color=\u00bb#FFFFFF\u00bb custom_padding=\u00bb2px||||false|false\u00bb custom_padding_tablet=\u00bb0px||||false|false\u00bb custom_padding_phone=\u00bb\u00bb custom_padding_last_edited=\u00bbon|phone\u00bb border_width_all=\u00bb1px\u00bb border_color_all=\u00bb#1FE0BA\u00bb global_colors_info=\u00bb{}\u00bb][\/et_pb_contact_field][\/et_pb_contact_form][\/et_pb_column][\/et_pb_row][et_pb_row _builder_version=\u00bb4.16&#8243; _module_preset=\u00bbdefault\u00bb custom_margin=\u00bb|auto|28px|auto||\u00bb custom_padding=\u00bb31px|||||\u00bb global_colors_info=\u00bb{}\u00bb][et_pb_column type=\u00bb4_4&#8243; _builder_version=\u00bb4.16&#8243; _module_preset=\u00bbdefault\u00bb global_colors_info=\u00bb{}\u00bb][et_pb_image src=\u00bbhttps:\/\/www.ambite.es\/centrodenaturaleza\/wp-content\/uploads\/2021\/12\/AMBITE-MARCA-HORIZONTAL-BICOLOR.png\u00bb title_text=\u00bbAMBITE &#8211; MARCA HORIZONTAL BICOLOR\u00bb align=\u00bbcenter\u00bb admin_label=\u00bblogo Ambite azul\u00bb _builder_version=\u00bb4.16&#8243; _module_preset=\u00bbdefault\u00bb width=\u00bb100%\u00bb max_width=\u00bb20%\u00bb max_width_tablet=\u00bb22%\u00bb max_width_phone=\u00bb60%\u00bb max_width_last_edited=\u00bbon|phone\u00bb module_alignment=\u00bbcenter\u00bb global_colors_info=\u00bb{}\u00bb][\/et_pb_image][et_pb_text _builder_version=\u00bb4.16&#8243; _module_preset=\u00bbdefault\u00bb text_font_size=\u00bb17px\u00bb text_line_height=\u00bb1.5em\u00bb text_orientation=\u00bbcenter\u00bb text_font_size_tablet=\u00bb15px\u00bb text_font_size_phone=\u00bb14px\u00bb text_font_size_last_edited=\u00bbon|tablet\u00bb global_colors_info=\u00bb{}\u00bb]<\/p>\n<p>Este proyecto ha sido posible gracias al Ayuntamiento de Ambite y a la colaboraci\u00f3n de:<\/p>\n<p>[\/et_pb_text][et_pb_image src=\u00bbhttps:\/\/www.ambite.es\/centrodenaturaleza\/wp-content\/uploads\/2021\/06\/Tira-Logos-oficiales-scaled-1.jpg\u00bb title_text=\u00bbTira-Logos-oficiales\u00bb align=\u00bbcenter\u00bb admin_label=\u00bblogotipos empresas\u00bb _builder_version=\u00bb4.16&#8243; _module_preset=\u00bbdefault\u00bb width=\u00bb100%\u00bb max_width=\u00bb53%\u00bb max_width_tablet=\u00bb73%\u00bb max_width_phone=\u00bb90%\u00bb max_width_last_edited=\u00bbon|desktop\u00bb module_alignment=\u00bbcenter\u00bb global_colors_info=\u00bb{}\u00bb][\/et_pb_image][\/et_pb_column][\/et_pb_row][\/et_pb_section]<\/p>\n","protected":false},"excerpt":{"rendered":"<p>Bajo la premisa del respeto y defensa del Medio Ambiente, nace este proyecto enfocado a la divulgaci\u00f3n y conocimiento\u00a0de la flora, fauna y geolog\u00eda de Ambite, la vida del r\u00edo Taju\u00f1a, y al desarrollo de la pr\u00e1ctica deportiva.En el Centro de Naturaleza te hablaremos de:En esta secci\u00f3n encontrar\u00e1s todo lo relacionado a la tierra que [&hellip;]<\/p>\n","protected":false},"author":3,"featured_media":0,"parent":0,"menu_order":0,"comment_status":"closed","ping_status":"closed","template":"","meta":{"_et_pb_use_builder":"on","_et_pb_old_content":"","_et_gb_content_width":"","footnotes":""},"class_list":["post-9","page","type-page","status-publish","hentry"],"_links":{"self":[{"href":"https:\/\/www.ambite.es\/centrodenaturaleza\/wp-json\/wp\/v2\/pages\/9","targetHints":{"allow":["GET"]}}],"collection":[{"href":"https:\/\/www.ambite.es\/centrodenaturaleza\/wp-json\/wp\/v2\/pages"}],"about":[{"href":"https:\/\/www.ambite.es\/centrodenaturaleza\/wp-json\/wp\/v2\/types\/page"}],"author":[{"embeddable":true,"href":"https:\/\/www.ambite.es\/centrodenaturaleza\/wp-json\/wp\/v2\/users\/3"}],"replies":[{"embeddable":true,"href":"https:\/\/www.ambite.es\/centrodenaturaleza\/wp-json\/wp\/v2\/comments?post=9"}],"version-history":[{"count":69,"href":"https:\/\/www.ambite.es\/centrodenaturaleza\/wp-json\/wp\/v2\/pages\/9\/revisions"}],"predecessor-version":[{"id":3144,"href":"https:\/\/www.ambite.es\/centrodenaturaleza\/wp-json\/wp\/v2\/pages\/9\/revisions\/3144"}],"wp:attachment":[{"href":"https:\/\/www.ambite.es\/centrodenaturaleza\/wp-json\/wp\/v2\/media?parent=9"}],"curies":[{"name":"wp","href":"https:\/\/api.w.org\/{rel}","templated":true}]}}