{"id":1454,"date":"2021-06-23T17:04:24","date_gmt":"2021-06-23T17:04:24","guid":{"rendered":"https:\/\/www.ambite.es\/centrodenaturaleza\/?page_id=1454"},"modified":"2023-12-26T10:24:59","modified_gmt":"2023-12-26T10:24:59","slug":"el-bosque-mediterraneo","status":"publish","type":"page","link":"https:\/\/www.ambite.es\/centrodenaturaleza\/el-bosque-mediterraneo\/","title":{"rendered":"EL BOSQUE MEDITERR\u00c1NEO"},"content":{"rendered":"<p>[et_pb_section fb_built=\u00bb1&#8243; admin_label=\u00bbfoto de fondo\u00bb module_id=\u00bbbosque-mediterraneo\u00bb _builder_version=\u00bb4.16&#8243; _module_preset=\u00bbdefault\u00bb background_enable_color=\u00bboff\u00bb background_image=\u00bbhttps:\/\/www.ambite.es\/centrodenaturaleza\/wp-content\/uploads\/2021\/09\/image001.jpg\u00bb background_position=\u00bbbottom_center\u00bb module_alignment=\u00bbcenter\u00bb min_height_tablet=\u00bb\u00bb min_height_phone=\u00bb\u00bb min_height_last_edited=\u00bbon|desktop\u00bb height=\u00bb100vh\u00bb height_tablet=\u00bb100vh\u00bb height_phone=\u00bb613px\u00bb height_last_edited=\u00bbon|phone\u00bb max_height_tablet=\u00bb\u00bb max_height_phone=\u00bb960px\u00bb max_height_last_edited=\u00bbon|phone\u00bb custom_padding=\u00bb34vh||34vh||true|false\u00bb custom_css_main_element=\u00bbheight: calc(100vh &#8211; 88px);\u00bb box_shadow_style=\u00bbpreset3&#8243; box_shadow_vertical=\u00bb25px\u00bb box_shadow_blur=\u00bb60px\u00bb box_shadow_color=\u00bbrgba(0,0,0,0.6)\u00bb global_colors_info=\u00bb{}\u00bb][et_pb_row custom_padding_last_edited=\u00bbon|desktop\u00bb _builder_version=\u00bb4.16&#8243; _module_preset=\u00bbdefault\u00bb positioning=\u00bbabsolute\u00bb position_origin_a=\u00bbcenter_center\u00bb position_origin_a_tablet=\u00bb\u00bb position_origin_a_phone=\u00bb\u00bb position_origin_a_last_edited=\u00bbon|tablet\u00bb position_origin_f_tablet=\u00bb\u00bb position_origin_f_phone=\u00bb\u00bb position_origin_f_last_edited=\u00bbon|desktop\u00bb position_origin_r_tablet=\u00bb\u00bb position_origin_r_phone=\u00bb\u00bb position_origin_r_last_edited=\u00bbon|desktop\u00bb custom_margin=\u00bb|auto||auto|false|false\u00bb custom_padding=\u00bb||||true|false\u00bb custom_padding_tablet=\u00bb34vh||34vh||true|false\u00bb custom_padding_phone=\u00bb34vh||34vh||true|false\u00bb positioning_tablet=\u00bb\u00bb positioning_phone=\u00bb\u00bb positioning_last_edited=\u00bbon|tablet\u00bb locked=\u00bboff\u00bb global_colors_info=\u00bb{}\u00bb][et_pb_column type=\u00bb4_4&#8243; _builder_version=\u00bb4.16&#8243; _module_preset=\u00bbdefault\u00bb custom_padding=\u00bb247px||||false|false\u00bb custom_padding_tablet=\u00bb313px||||false|false\u00bb custom_padding_phone=\u00bb\u00bb custom_padding_last_edited=\u00bbon|tablet\u00bb global_colors_info=\u00bb{}\u00bb][et_pb_text admin_label=\u00bbLos ecosistemas del agua\u00bb _builder_version=\u00bb4.16&#8243; _module_preset=\u00bbdefault\u00bb text_font=\u00bbMontserrat|700|on||||||\u00bb text_text_color=\u00bb#FFFFFF\u00bb text_font_size=\u00bb100px\u00bb text_line_height=\u00bb1.1em\u00bb positioning=\u00bbabsolute\u00bb position_origin_a=\u00bbcenter_center\u00bb text_orientation=\u00bbcenter\u00bb width=\u00bb100%\u00bb min_height=\u00bb76px\u00bb custom_margin=\u00bb-34px|||||\u00bb custom_padding=\u00bb0px||0px||false|false\u00bb animation_style=\u00bbfade\u00bb animation_direction=\u00bbleft\u00bb animation_duration=\u00bb1100ms\u00bb text_font_size_tablet=\u00bb85px\u00bb text_font_size_phone=\u00bb39px\u00bb text_font_size_last_edited=\u00bbon|phone\u00bb text_orientation_tablet=\u00bb\u00bb text_orientation_phone=\u00bb\u00bb text_orientation_last_edited=\u00bbon|phone\u00bb text_text_shadow_style=\u00bbpreset3&#8243; text_text_shadow_color=\u00bbrgba(0,0,0,0.54)\u00bb global_colors_info=\u00bb{}\u00bb]<\/p>\n<p>El bosque mediterr\u00e1neo<\/p>\n<p>[\/et_pb_text][\/et_pb_column][\/et_pb_row][\/et_pb_section][et_pb_section fb_built=\u00bb1&#8243; admin_label=\u00bbSection\u00bb _builder_version=\u00bb4.16&#8243; _module_preset=\u00bbdefault\u00bb background_color=\u00bb#3c4f00&#8243; custom_padding=\u00bb35px||35px||true|\u00bb global_colors_info=\u00bb{}\u00bb][et_pb_row column_structure=\u00bb3_4,1_4&#8243; _builder_version=\u00bb4.16&#8243; _module_preset=\u00bbdefault\u00bb custom_padding=\u00bb5px||4px|||\u00bb global_colors_info=\u00bb{}\u00bb][et_pb_column type=\u00bb3_4&#8243; _builder_version=\u00bb4.16&#8243; _module_preset=\u00bbdefault\u00bb global_colors_info=\u00bb{}\u00bb][et_pb_text admin_label=\u00bbAQU\u00cd LO PUEDES ESCUCHAR\u00bb _builder_version=\u00bb4.16&#8243; _module_preset=\u00bbdefault\u00bb text_font=\u00bb|600|on||||||\u00bb text_text_color=\u00bb#FFFFFF\u00bb text_font_size=\u00bb24px\u00bb text_line_height=\u00bb1.3em\u00bb custom_margin=\u00bb||19px|||\u00bb text_line_height_tablet=\u00bb\u00bb text_line_height_phone=\u00bb1.2em\u00bb text_line_height_last_edited=\u00bbon|phone\u00bb text_orientation_tablet=\u00bbcenter\u00bb text_orientation_phone=\u00bbcenter\u00bb text_orientation_last_edited=\u00bbon|phone\u00bb locked=\u00bboff\u00bb global_colors_info=\u00bb{}\u00bb]<\/p>\n<p>AQU\u00cd LO PUEDES ESCUCHAR<\/p>\n<p>[\/et_pb_text][et_pb_text _builder_version=\u00bb4.16&#8243; _module_preset=\u00bbdefault\u00bb text_font=\u00bb||on||||||\u00bb text_text_color=\u00bb#FFFFFF\u00bb text_font_size=\u00bb19px\u00bb text_orientation_tablet=\u00bbcenter\u00bb text_orientation_phone=\u00bbcenter\u00bb text_orientation_last_edited=\u00bbon|desktop\u00bb locked=\u00bboff\u00bb global_colors_info=\u00bb{}\u00bb]<\/p>\n<p>Para los que prefieran que se lo contemos, hemos preparado un extracto en audio, que facilitar\u00e1 la comprensi\u00f3n del tema que nos ocupa.<\/p>\n<p>[\/et_pb_text][\/et_pb_column][et_pb_column type=\u00bb1_4&#8243; _builder_version=\u00bb4.16&#8243; _module_preset=\u00bbdefault\u00bb global_colors_info=\u00bb{}\u00bb][et_pb_divimenus_flex hide_button=\u00bbon\u00bb menu_item_background_color=\u00bbRGBA(0,0,0,0)\u00bb menu_item_icon_font_size=\u00bb65px\u00bb _builder_version=\u00bb4.23.2&#8243; _module_preset=\u00bbdefault\u00bb background_color=\u00bbRGBA(0,0,0,0)\u00bb animation_style=\u00bbfade\u00bb hover_enabled=\u00bb0&#8243; saved_tabs=\u00bball\u00bb locked=\u00bboff\u00bb global_colors_info=\u00bb{}\u00bb sticky_enabled=\u00bb0&#8243;][et_pb_divimenus_flex_item menu_item_content=\u00bbicon\u00bb item_font_icon=\u00bb&#x7a;||divi||400&#8243; item_icon_color=\u00bb#FFFFFF\u00bb link_type=\u00bbshow\u00bb show_always=\u00bboff\u00bb show_visible=\u00bboff\u00bb _builder_version=\u00bb4.23.2&#8243; _module_preset=\u00bbdefault\u00bb module_alignment=\u00bbcenter\u00bb hover_enabled=\u00bb0&#8243; global_colors_info=\u00bb{}\u00bb item_icon_color__hover_enabled=\u00bbon|hover\u00bb item_icon_color__hover=\u00bb#ccb700&#8243; direction=\u00bbrow\u00bb force_fullwidth=\u00bboff\u00bb sticky_enabled=\u00bb0&#8243;][\/et_pb_divimenus_flex_item][\/et_pb_divimenus_flex][\/et_pb_column][\/et_pb_row][et_pb_row module_id=\u00bbaudio-bosque\u00bb _builder_version=\u00bb4.23.2&#8243; _module_preset=\u00bbdefault\u00bb custom_padding=\u00bb36px||63px||false|false\u00bb hover_enabled=\u00bb0&#8243; global_colors_info=\u00bb{}\u00bb custom_padding_last_edited=\u00bbon|desktop\u00bb sticky_enabled=\u00bb0&#8243; custom_padding_tablet=\u00bb36px||63px||false|false\u00bb custom_padding_phone=\u00bb36px||63px||false|false\u00bb][et_pb_column type=\u00bb4_4&#8243; _builder_version=\u00bb4.16&#8243; _module_preset=\u00bbdefault\u00bb global_colors_info=\u00bb{}\u00bb][et_pb_text _builder_version=\u00bb4.16&#8243; _module_preset=\u00bbdefault\u00bb text_font=\u00bbMontserrat|700|||||||\u00bb text_text_color=\u00bb#f2f2f2&#8243; text_font_size=\u00bb39px\u00bb text_line_height=\u00bb1.1em\u00bb background_color=\u00bbRGBA(0,0,0,0)\u00bb text_orientation=\u00bbcenter\u00bb custom_margin=\u00bb||18px|||\u00bb custom_padding=\u00bb14px|14px|14px|14px|true|true\u00bb text_font_size_tablet=\u00bb\u00bb text_font_size_phone=\u00bb30px\u00bb text_font_size_last_edited=\u00bbon|phone\u00bb global_colors_info=\u00bb{}\u00bb]<\/p>\n<p>EL BOSQUE MEDITERR\u00c1NEO<\/p>\n<p>[\/et_pb_text][et_pb_audio audio=\u00bbhttps:\/\/www.ambite.es\/centrodenaturaleza\/wp-content\/uploads\/2021\/08\/panel-1-bosque-3.mp3&#8243; title=\u00bbEl matorral Mediterr\u00e1neo\u00bb image_url=\u00bbhttps:\/\/www.ambite.es\/centrodenaturaleza\/wp-content\/uploads\/2021\/07\/Ri\u0301o-Imagen-A_0005_Capa-4-e1623833444138.jpg\u00bb admin_label=\u00bbEl matorral Mediterr\u00e1neo\u00bb _builder_version=\u00bb4.16&#8243; _module_preset=\u00bbdefault\u00bb background_color=\u00bb#487c00&#8243; use_background_color_gradient=\u00bbon\u00bb background_color_gradient_direction=\u00bb90deg\u00bb background_color_gradient_stops=\u00bb#000000 0%|#50a000 70%\u00bb background_color_gradient_start=\u00bb#000000&#8243; background_color_gradient_end=\u00bb#50a000&#8243; background_color_gradient_end_position=\u00bb70%\u00bb custom_padding=\u00bb16px||11px|||\u00bb global_colors_info=\u00bb{}\u00bb][\/et_pb_audio][et_pb_audio audio=\u00bbhttps:\/\/www.ambite.es\/centrodenaturaleza\/wp-content\/uploads\/2021\/08\/panel-2-bosque-3.mp3&#8243; title=\u00bbLos distintos H\u00e1bitat\u00bb image_url=\u00bbhttps:\/\/www.ambite.es\/centrodenaturaleza\/wp-content\/uploads\/2021\/07\/Ri\u0301o-magen-A_0009_Fondo-e1623833508584.jpg\u00bb admin_label=\u00bbLos distintos H\u00e1bitat\u00bb _builder_version=\u00bb4.16&#8243; _module_preset=\u00bbdefault\u00bb background_color=\u00bb#487c00&#8243; use_background_color_gradient=\u00bbon\u00bb background_color_gradient_direction=\u00bb90deg\u00bb background_color_gradient_stops=\u00bb#000000 0%|#50a000 70%\u00bb background_color_gradient_start=\u00bb#000000&#8243; background_color_gradient_end=\u00bb#50a000&#8243; background_color_gradient_end_position=\u00bb70%\u00bb custom_padding=\u00bb16px||11px|||\u00bb global_colors_info=\u00bb{}\u00bb][\/et_pb_audio][et_pb_audio audio=\u00bbhttps:\/\/www.ambite.es\/centrodenaturaleza\/wp-content\/uploads\/2021\/08\/panel-3-bosque-3.mp3&#8243; title=\u00bbLos h\u00e1bitat Humanizados\u00bb image_url=\u00bbhttps:\/\/www.ambite.es\/centrodenaturaleza\/wp-content\/uploads\/2021\/07\/panel-3-baja_0005_Fondo-e1623833645162.jpg\u00bb admin_label=\u00bbLos h\u00e1bitat Humanizados\u00bb _builder_version=\u00bb4.16&#8243; _module_preset=\u00bbdefault\u00bb background_color=\u00bb#487c00&#8243; use_background_color_gradient=\u00bbon\u00bb background_color_gradient_direction=\u00bb90deg\u00bb background_color_gradient_stops=\u00bb#000000 0%|#50a000 70%\u00bb background_color_gradient_start=\u00bb#000000&#8243; background_color_gradient_end=\u00bb#50a000&#8243; background_color_gradient_end_position=\u00bb70%\u00bb custom_padding=\u00bb16px||11px|||\u00bb global_colors_info=\u00bb{}\u00bb][\/et_pb_audio][\/et_pb_column][\/et_pb_row][\/et_pb_section][et_pb_section fb_built=\u00bb1&#8243; admin_label=\u00bbEl matorral Mediterraneo\u00bb module_id=\u00bbmatorral\u00bb _builder_version=\u00bb4.16&#8243; _module_preset=\u00bbdefault\u00bb min_height=\u00bb3547.4px\u00bb custom_margin=\u00bb||||false|false\u00bb custom_padding=\u00bb15px||0px||false|false\u00bb global_colors_info=\u00bb{}\u00bb][et_pb_row _builder_version=\u00bb4.16&#8243; _module_preset=\u00bbdefault\u00bb global_colors_info=\u00bb{}\u00bb][et_pb_column type=\u00bb4_4&#8243; _builder_version=\u00bb4.16&#8243; _module_preset=\u00bbdefault\u00bb global_colors_info=\u00bb{}\u00bb][et_pb_text admin_label=\u00bbEl matorral mediterraneo\u00bb _builder_version=\u00bb4.16&#8243; _module_preset=\u00bbdefault\u00bb text_font=\u00bbMontserrat||on||||||\u00bb text_text_color=\u00bb#00a3bc\u00bb text_font_size=\u00bb50px\u00bb text_line_height=\u00bb1.1em\u00bb custom_margin=\u00bb-1px||||false|false\u00bb custom_margin_tablet=\u00bb6px||46px||false|false\u00bb custom_margin_phone=\u00bb8px||||false|false\u00bb custom_margin_last_edited=\u00bbon|phone\u00bb text_font_size_tablet=\u00bb45px\u00bb text_font_size_phone=\u00bb37px\u00bb text_font_size_last_edited=\u00bbon|phone\u00bb global_colors_info=\u00bb{}\u00bb]<\/p>\n<p>El Matorral Mediterr\u00e1neo<\/p>\n<p>[\/et_pb_text][et_pb_text admin_label=\u00bbEste ecosistema se\u00bb _builder_version=\u00bb4.16&#8243; _module_preset=\u00bbdefault\u00bb text_font=\u00bbMontserrat|600|on||||||\u00bb text_text_color=\u00bb#1bc181&#8243; text_font_size=\u00bb20px\u00bb text_line_height=\u00bb1.3em\u00bb custom_margin=\u00bb||||false|false\u00bb custom_padding=\u00bb6px||||false|false\u00bb global_colors_info=\u00bb{}\u00bb]<\/p>\n<p>Es un ecosistema que se extiende por amplias zonas del t\u00e9rmino municipal de Ambite, lo que confiere un alto valor ecol\u00f3gico a esta zona del valle del Taju\u00f1a.<\/p>\n<p>[\/et_pb_text][\/et_pb_column][\/et_pb_row][et_pb_row _builder_version=\u00bb4.16&#8243; _module_preset=\u00bbdefault\u00bb global_colors_info=\u00bb{}\u00bb][et_pb_column type=\u00bb4_4&#8243; _builder_version=\u00bb4.16&#8243; _module_preset=\u00bbdefault\u00bb global_colors_info=\u00bb{}\u00bb][et_pb_text admin_label=\u00bbCiertamente el bosqu&#8230;\u00bb _builder_version=\u00bb4.16&#8243; _module_preset=\u00bbdefault\u00bb text_font=\u00bbMontserrat||on||||||\u00bb text_font_size=\u00bb17px\u00bb text_line_height=\u00bb1.5em\u00bb custom_margin=\u00bb5px||||false|false\u00bb global_colors_info=\u00bb{}\u00bb]<\/p>\n<p><span>Ciertamente el bosque mediterr\u00e1neo fue en el pasado el ecosistema caracter\u00edstico de la mayor parte del interior de la Pen\u00ednsula ib\u00e9rica, pero el ser humano ha provocado a lo largo del tiempo una gran transformaci\u00f3n de este ecosistema por su explotaci\u00f3n y hoy d\u00eda ha quedado convertido, en su mayor parte en grandes extensiones de matorral, m\u00e1s que de bosque. Actualmente, con el progresivo abandono de muchas zonas rurales se va recuperando en muchas \u00e1reas, pero tardar\u00e1 d\u00e9cadas en tomar porte arb\u00f3reo y adquirir su estructura original. <\/span><\/p>\n<p>Aunque aparentemente llamen m\u00e1s la atenci\u00f3n los bosques del norte, el bosque mediterr\u00e1neo alberga una enorme biodiversidad y es uno de los motivos por el cual la cuenca mediterr\u00e1nea es uno de los puntos calientes de biodiversidad del planeta.<\/p>\n<p>[\/et_pb_text][\/et_pb_column][\/et_pb_row][et_pb_row column_structure=\u00bb1_2,1_2&#8243; _builder_version=\u00bb4.16&#8243; _module_preset=\u00bbdefault\u00bb custom_margin=\u00bb-6px|auto|8px|auto||\u00bb custom_padding=\u00bb9px||8px|||\u00bb global_colors_info=\u00bb{}\u00bb][et_pb_column type=\u00bb1_2&#8243; _builder_version=\u00bb4.16&#8243; _module_preset=\u00bbdefault\u00bb global_colors_info=\u00bb{}\u00bb][et_pb_text admin_label=\u00bbCiertamente el bosqu&#8230;\u00bb _builder_version=\u00bb4.16&#8243; _module_preset=\u00bbdefault\u00bb text_font=\u00bbMontserrat||on||||||\u00bb text_font_size=\u00bb17px\u00bb text_line_height=\u00bb1.5em\u00bb custom_margin=\u00bb-6px||||false|false\u00bb global_colors_info=\u00bb{}\u00bb]<\/p>\n<p>En Ambite el matorral mediterr\u00e1neo lo encontramos en zonas de ladera del valle del Taju\u00f1a y en \u00e1reas del p\u00e1ramo o llano (como lo conocemos en\u00a0 Ambite). La especie dominante es la <strong>encina <\/strong><em>(Quercus ilex <\/em>subsp.<em> ballota)<\/em> es un \u00e1rbol de mediana altura, aunque podemos encontrarnos con excepciones cuando se trata de \u00e1rboles muy longevos; es el caso de la famosa Encina de Ambite (de m\u00e1s de 500 a\u00f1os de vida), junto al palacio de los Marqueses de Legarda y tambi\u00e9n de la Encina de la Huerta a orillas del r\u00edo. Ambos ejemplares est\u00e1n dentro del Cat\u00e1logo de \u00c1rboles Singulares de la Comunidad de Madrid, al igual que la famosa Encina de la Pica, que se encuentra en el t\u00e9rmino municipal de Olmeda de las Fuentes, casi limitando con el t\u00e9rmino municipal de Ambite.<\/p>\n<p>La encina es una especie capaz de sobrevivir al estr\u00e9s h\u00eddrico al que se ve sometida cada verano, cuando, durante al menos 3 meses, las lluvias son muy escasas o pr\u00e1cticamente inexistentes y las temperaturas m\u00e1ximas oscilan entre 30 y 40\u00ba. \u00bfC\u00f3mo puede la encina sobrevivir en estas condiciones?<\/p>\n<p>[\/et_pb_text][\/et_pb_column][et_pb_column type=\u00bb1_2&#8243; _builder_version=\u00bb4.16&#8243; _module_preset=\u00bbdefault\u00bb global_colors_info=\u00bb{}\u00bb][et_pb_text admin_label=\u00bbEl menor tama&#8230;\u00bb _builder_version=\u00bb4.16&#8243; _module_preset=\u00bbdefault\u00bb text_font=\u00bbMontserrat|500|||||||\u00bb text_text_color=\u00bb#000000&#8243; text_font_size=\u00bb17px\u00bb text_line_height=\u00bb1.4em\u00bb ul_font_size=\u00bb16px\u00bb background_color=\u00bb#FFFFFF\u00bb width=\u00bb100%\u00bb max_width=\u00bb100%\u00bb module_alignment=\u00bbcenter\u00bb min_height=\u00bb278px\u00bb min_height_tablet=\u00bb\u00bb min_height_phone=\u00bb\u00bb min_height_last_edited=\u00bbon|phone\u00bb height_tablet=\u00bb\u00bb height_phone=\u00bb\u00bb height_last_edited=\u00bbon|desktop\u00bb custom_margin=\u00bb||||false|false\u00bb custom_margin_tablet=\u00bb||||false|false\u00bb custom_margin_phone=\u00bb||||false|false\u00bb custom_margin_last_edited=\u00bbon|desktop\u00bb custom_padding=\u00bb10px|25px|10px|25px|true|true\u00bb custom_padding_tablet=\u00bb|25px||25px|false|true\u00bb custom_padding_phone=\u00bb||||false|false\u00bb custom_padding_last_edited=\u00bbon|desktop\u00bb border_width_all=\u00bb0px\u00bb border_color_all=\u00bb#24d8bd\u00bb global_colors_info=\u00bb{}\u00bb]<\/p>\n<p><em>Absorbiendo cualquier rastro de agua y sales minerales, gracias a unas ra\u00edces muy profundas.<\/em><\/p>\n<p><em>Reduciendo la transpiraci\u00f3n (p\u00e9rdida de vapor de agua por las hojas), gracias a diversas adaptaciones:<\/em><\/p>\n<p><em><\/em><\/p>\n<p><span style=\"color: #008080;\"><em>El menor tama\u00f1o de sus hojas (comparado con hayas y robles)<\/em><em><\/em><em><\/em><\/span><\/p>\n<p><span style=\"color: #008080;\"><em>La existencia de una capa impermeable de ceras en las mismas<\/em><em><\/em><\/span><\/p>\n<p><span style=\"color: #008080;\"><em>La presencia de un fieltro blanquecino en el env\u00e9s (cara inferior) de la hoja<\/em><em><\/em><\/span><\/p>\n<p><span style=\"color: #008080;\"><em>Las hojas gruesas y cori\u00e1ceas (correosas), todo lo contrario que hayas o robles, de hojas m\u00e1s finas y flexibles<\/em><\/span><\/p>\n<p>&nbsp;<\/p>\n<p>[\/et_pb_text][\/et_pb_column][\/et_pb_row][et_pb_row custom_padding_last_edited=\u00bbon|tablet\u00bb _builder_version=\u00bb4.16&#8243; _module_preset=\u00bbdefault\u00bb module_alignment=\u00bbcenter\u00bb custom_padding=\u00bb21px||2px||false|false\u00bb custom_padding_tablet=\u00bb\u00bb custom_padding_phone=\u00bb\u00bb global_colors_info=\u00bb{}\u00bb][et_pb_column type=\u00bb4_4&#8243; _builder_version=\u00bb4.16&#8243; _module_preset=\u00bbdefault\u00bb global_colors_info=\u00bb{}\u00bb][et_pb_image src=\u00bbhttps:\/\/www.ambite.es\/centrodenaturaleza\/wp-content\/uploads\/2021\/09\/image002.jpg\u00bb title_text=\u00bbimage002&#8243; show_in_lightbox=\u00bbon\u00bb _builder_version=\u00bb4.16&#8243; _module_preset=\u00bbdefault\u00bb module_alignment=\u00bbcenter\u00bb custom_margin=\u00bb-12px||15px||false|false\u00bb custom_padding=\u00bb10px||0px||false|false\u00bb global_colors_info=\u00bb{}\u00bb text_line_height_last_edited=\u00bbon|phone\u00bb][\/et_pb_image][et_pb_text _builder_version=\u00bb4.16&#8243; _module_preset=\u00bbdefault\u00bb text_font=\u00bbMontserrat|500|||||||\u00bb text_text_color=\u00bb#0DA0C5&#8243; text_line_height=\u00bb1.4em\u00bb custom_margin=\u00bb-12px||-15px||false|false\u00bb custom_padding=\u00bb10px||40px||false|false\u00bb text_font_size_tablet=\u00bb\u00bb text_font_size_phone=\u00bb13px\u00bb text_font_size_last_edited=\u00bbon|desktop\u00bb text_line_height_tablet=\u00bb\u00bb text_line_height_phone=\u00bb\u00bb text_line_height_last_edited=\u00bbon|phone\u00bb global_colors_info=\u00bb{}\u00bb]<\/p>\n<p class=\"p1\"><em>Encina en el camino de la Vega<\/em><\/p>\n<p>[\/et_pb_text][\/et_pb_column][\/et_pb_row][et_pb_row column_structure=\u00bb1_2,1_2&#8243; _builder_version=\u00bb4.16&#8243; _module_preset=\u00bbdefault\u00bb custom_margin=\u00bb|auto|-11px|auto||\u00bb custom_padding=\u00bb24px||15px|||\u00bb global_colors_info=\u00bb{}\u00bb][et_pb_column type=\u00bb1_2&#8243; _builder_version=\u00bb4.16&#8243; _module_preset=\u00bbdefault\u00bb global_colors_info=\u00bb{}\u00bb][et_pb_text _builder_version=\u00bb4.16&#8243; _module_preset=\u00bbdefault\u00bb text_font=\u00bbMontserrat||on||||||\u00bb text_font_size=\u00bb17px\u00bb text_line_height=\u00bb1.6em\u00bb global_colors_info=\u00bb{}\u00bb]<\/p>\n<p><span>Por otra parte la encina es un \u00e1rbol perennifolio, es decir que aunque s\u00ed pierde hojas su renovaci\u00f3n es permanente y las que brotan la sustituyen, por lo que el \u00e1rbol nunca se queda desnudo. <\/span>Esto contrasta con los bosques caducifolios del norte, que en suelos m\u00e1s profundos y con m\u00e1s nutrientes, pueden permitirse el \u201clujo\u201d de renovar todo su follaje anualmente.<\/p>\n<p>Otra adaptaci\u00f3n adquirida por la encina en su evoluci\u00f3n ha sido la presencia de numerosos dientes en el borde de sus hojas, lo que la protege, en parte, de grandes mam\u00edferos herb\u00edvoros como el <strong>corzo <\/strong><em>(<\/em><em>Capreolus capreolus), <\/em>cada vez m\u00e1s abundante, o no tan grandes como el <strong>conejo com\u00fan<\/strong> (<em>Oryctolagus cuniculus<\/em>). Es notable la diferencia entre las hojas de las ramas bajas o de las encinas peque\u00f1as, con muchos dientes y las hojas de las ramas altas (que no necesitan protecci\u00f3n), casi sin dientes.<em><\/em><\/p>\n<p>[\/et_pb_text][\/et_pb_column][et_pb_column type=\u00bb1_2&#8243; _builder_version=\u00bb4.16&#8243; _module_preset=\u00bbdefault\u00bb global_colors_info=\u00bb{}\u00bb][et_pb_image src=\u00bbhttps:\/\/www.ambite.es\/centrodenaturaleza\/wp-content\/uploads\/2021\/06\/Foto-3-1-1-scaled-1.jpg\u00bb title_text=\u00bbFoto 3 (1)\u00bb show_in_lightbox=\u00bbon\u00bb _builder_version=\u00bb4.16&#8243; _module_preset=\u00bbdefault\u00bb custom_margin=\u00bb10px||15px|||\u00bb global_colors_info=\u00bb{}\u00bb][\/et_pb_image][et_pb_text _builder_version=\u00bb4.16&#8243; _module_preset=\u00bbdefault\u00bb text_font=\u00bbMontserrat|500|||||||\u00bb text_text_color=\u00bb#0DA0C5&#8243; text_line_height=\u00bb1.4em\u00bb custom_margin=\u00bb-12px||-15px||false|false\u00bb custom_padding=\u00bb10px||40px||false|false\u00bb text_font_size_tablet=\u00bb\u00bb text_font_size_phone=\u00bb13px\u00bb text_font_size_last_edited=\u00bbon|desktop\u00bb text_line_height_tablet=\u00bb\u00bb text_line_height_phone=\u00bb\u00bb text_line_height_last_edited=\u00bbon|phone\u00bb global_colors_info=\u00bb{}\u00bb]<\/p>\n<p class=\"p1\"><em>Jabal\u00edes en un encinar<\/em><\/p>\n<p>[\/et_pb_text][\/et_pb_column][\/et_pb_row][et_pb_row column_structure=\u00bb1_2,1_2&#8243; _builder_version=\u00bb4.16&#8243; _module_preset=\u00bbdefault\u00bb min_height=\u00bb362px\u00bb custom_margin=\u00bb-3px|auto||auto||\u00bb custom_padding=\u00bb9px||1px|||\u00bb global_colors_info=\u00bb{}\u00bb][et_pb_column type=\u00bb1_2&#8243; _builder_version=\u00bb4.16&#8243; _module_preset=\u00bbdefault\u00bb global_colors_info=\u00bb{}\u00bb][et_pb_text _builder_version=\u00bb4.16&#8243; _module_preset=\u00bbdefault\u00bb text_font=\u00bbMontserrat||on||||||\u00bb text_font_size=\u00bb17px\u00bb text_line_height=\u00bb1.6em\u00bb custom_margin=\u00bb||24px|||\u00bb global_colors_info=\u00bb{}\u00bb]<\/p>\n<p>El fruto de la encina es la bellota y en nuestro monte da sustento a numerosas especies de vertebrados, entre ellos algunos de los m\u00e1s abundantes: el <strong>jabal\u00ed <\/strong><em>(Sus scrofa) <\/em>y la <strong>paloma torcaz <\/strong><em>(Columba palumbus); <\/em>de hecho, para \u00e9sta \u00faltima, la bellota es el principal alimento en oto\u00f1o, encontr\u00e1ndose en ocasiones ejemplares de paloma torcaz con m\u00e1s de 20 bellotas en el buche. Tambi\u00e9n debemos destacar a otra ave menos abundante, pero mucho m\u00e1s ruidosa, el <strong>arrendajo euroasi\u00e1tico<\/strong> <em>(Garrulus glandarius)<\/em>; esta especie tiene la costumbre de almacenar bellotas en \u201cdespensas\u201d bajo tierra, con el prop\u00f3sito de volver luego para alimentarse en el invierno. El resultado es que las despensas olvidadas acaban brotando en primavera, convirtiendo as\u00ed al arrendajo en un buen aliado del encinar.<\/p>\n<p>[\/et_pb_text][\/et_pb_column][et_pb_column type=\u00bb1_2&#8243; _builder_version=\u00bb4.16&#8243; _module_preset=\u00bbdefault\u00bb global_colors_info=\u00bb{}\u00bb][et_pb_text _builder_version=\u00bb4.16&#8243; _module_preset=\u00bbdefault\u00bb text_font=\u00bbMontserrat||on||||||\u00bb text_font_size=\u00bb17px\u00bb text_line_height=\u00bb1.6em\u00bb positioning=\u00bbrelative\u00bb vertical_offset=\u00bb-62px\u00bb horizontal_offset=\u00bb0px\u00bb custom_margin=\u00bb6px||11px|||\u00bb global_colors_info=\u00bb{}\u00bb]<\/p>\n<p>Pero en el monte del encinar siempre coexisten varias especies vegetales, a diferencia de los pinares de repoblaci\u00f3n, donde la biodiversidad vegetal es muy limitada. As\u00ed otra especie t\u00edpica de nuestros montes de encina es la <strong>coscoja <\/strong><em>(Quercus coccifera), <\/em>un arbusto tambi\u00e9n perennifolio que no suele llegar a los 3m de altura y es cong\u00e9nere de la encina (<em>Quercus<\/em>). Sus frutos tambi\u00e9n son las bellotas, aunque se diferencia de la bellota de la encina porque en su c\u00fapula tiene escamitas que se prolongan en peque\u00f1os dientes; en cambio, la bellota de la encina solo tiene peque\u00f1as escamitas planas. La coscoja tambi\u00e9n se diferencia por un color verde brillante m\u00e1s claro que la encina, que es verde oscuro y mate, aunque en el resto de aspectos las hojas son muy parecidas. La coscoja est\u00e1 muy bien adaptada a la sequ\u00eda, encontr\u00e1ndose incluso en las zonas m\u00e1s soleadas.<\/p>\n<p>[\/et_pb_text][\/et_pb_column][\/et_pb_row][et_pb_row column_structure=\u00bb1_3,1_3,1_3&#8243; _builder_version=\u00bb4.16&#8243; _module_preset=\u00bbdefault\u00bb custom_margin=\u00bb0px||0px||false|false\u00bb custom_padding=\u00bb0px||0px||true|false\u00bb global_colors_info=\u00bb{}\u00bb][et_pb_column type=\u00bb1_3&#8243; _builder_version=\u00bb4.16&#8243; _module_preset=\u00bbdefault\u00bb global_colors_info=\u00bb{}\u00bb][et_pb_image src=\u00bbhttps:\/\/www.ambite.es\/centrodenaturaleza\/wp-content\/uploads\/2021\/09\/image004.jpg\u00bb title_text=\u00bbimage004&#8243; show_in_lightbox=\u00bbon\u00bb admin_label=\u00bbfoto coscoja\u00bb _builder_version=\u00bb4.16&#8243; _module_preset=\u00bbdefault\u00bb custom_margin=\u00bb0px||0px||true|false\u00bb custom_margin_tablet=\u00bb\u00bb custom_margin_phone=\u00bb\u00bb custom_margin_last_edited=\u00bbon|desktop\u00bb custom_padding=\u00bb0px||0px||true|false\u00bb global_colors_info=\u00bb{}\u00bb][\/et_pb_image][et_pb_text admin_label=\u00bbcoscoja\u00bb _builder_version=\u00bb4.16&#8243; _module_preset=\u00bbdefault\u00bb text_font=\u00bbMontserrat|500|||||||\u00bb text_text_color=\u00bb#0DA0C5&#8243; text_line_height=\u00bb1.4em\u00bb custom_margin=\u00bb0px||0px||true|false\u00bb custom_padding=\u00bb10px||40px||false|false\u00bb text_font_size_tablet=\u00bb\u00bb text_font_size_phone=\u00bb13px\u00bb text_font_size_last_edited=\u00bbon|desktop\u00bb text_line_height_tablet=\u00bb\u00bb text_line_height_phone=\u00bb\u00bb text_line_height_last_edited=\u00bbon|phone\u00bb global_colors_info=\u00bb{}\u00bb]<\/p>\n<p class=\"p1\"><em>Coscoja formando el fruto<\/em><\/p>\n<p>[\/et_pb_text][\/et_pb_column][et_pb_column type=\u00bb1_3&#8243; _builder_version=\u00bb4.16&#8243; _module_preset=\u00bbdefault\u00bb global_colors_info=\u00bb{}\u00bb][et_pb_image src=\u00bbhttps:\/\/www.ambite.es\/centrodenaturaleza\/wp-content\/uploads\/2021\/11\/Foto-5-e1623834228104.jpg\u00bb title_text=\u00bbFoto-5&#8243; _builder_version=\u00bb4.16&#8243; _module_preset=\u00bbdefault\u00bb custom_margin=\u00bb0px||0px||false|false\u00bb custom_padding=\u00bb0px||0px||false|false\u00bb global_colors_info=\u00bb{}\u00bb][\/et_pb_image][et_pb_text admin_label=\u00bbpie Barranco\u00bb _builder_version=\u00bb4.16&#8243; _module_preset=\u00bbdefault\u00bb text_font=\u00bbMontserrat|500|||||||\u00bb text_text_color=\u00bb#0DA0C5&#8243; text_line_height=\u00bb1.4em\u00bb custom_margin=\u00bb0px||0px||true|false\u00bb custom_padding=\u00bb10px||40px||false|false\u00bb text_font_size_tablet=\u00bb\u00bb text_font_size_phone=\u00bb13px\u00bb text_font_size_last_edited=\u00bbon|desktop\u00bb text_line_height_tablet=\u00bb\u00bb text_line_height_phone=\u00bb\u00bb text_line_height_last_edited=\u00bbon|phone\u00bb global_colors_info=\u00bb{}\u00bb]<\/p>\n<p><em>Barranco del Valle del Taju\u00f1a en oto\u00f1o, con encinas y quejigos<\/em><\/p>\n<p>[\/et_pb_text][\/et_pb_column][et_pb_column type=\u00bb1_3&#8243; _builder_version=\u00bb4.16&#8243; _module_preset=\u00bbdefault\u00bb global_colors_info=\u00bb{}\u00bb][et_pb_image src=\u00bbhttps:\/\/www.ambite.es\/centrodenaturaleza\/wp-content\/uploads\/2021\/06\/Foto-6-scaled-1.jpg\u00bb title_text=\u00bbOLYMPUS DIGITAL CAMERA\u00bb show_in_lightbox=\u00bbon\u00bb admin_label=\u00bbfoto arce Montpellier\u00bb _builder_version=\u00bb4.16&#8243; _module_preset=\u00bbdefault\u00bb min_height=\u00bb249px\u00bb custom_margin=\u00bb0px||0px||false|false\u00bb custom_padding=\u00bb0px||0px||false|false\u00bb global_colors_info=\u00bb{}\u00bb][\/et_pb_image][et_pb_text admin_label=\u00bbpie de foto Arce de Montpellier (Acer\u00bb _builder_version=\u00bb4.16&#8243; _module_preset=\u00bbdefault\u00bb text_font=\u00bbMontserrat|500|||||||\u00bb text_text_color=\u00bb#0DA0C5&#8243; text_line_height=\u00bb1.4em\u00bb custom_margin=\u00bb0px||0px||true|false\u00bb custom_padding=\u00bb10px||40px||false|false\u00bb text_font_size_tablet=\u00bb\u00bb text_font_size_phone=\u00bb13px\u00bb text_font_size_last_edited=\u00bbon|desktop\u00bb text_line_height_tablet=\u00bb\u00bb text_line_height_phone=\u00bb\u00bb text_line_height_last_edited=\u00bbon|phone\u00bb global_colors_info=\u00bb{}\u00bb]<\/p>\n<p class=\"p1\"><em>Arce de Montpellier en oto\u00f1o<\/em><\/p>\n<p>[\/et_pb_text][\/et_pb_column][\/et_pb_row][et_pb_row column_structure=\u00bb1_2,1_2&#8243; make_equal=\u00bbon\u00bb custom_padding_last_edited=\u00bbon|phone\u00bb _builder_version=\u00bb4.16&#8243; _module_preset=\u00bbdefault\u00bb min_height=\u00bb1100.7px\u00bb custom_margin=\u00bb1px|auto||auto|false|false\u00bb custom_padding=\u00bb0px||27px||false|false\u00bb custom_padding_tablet=\u00bb\u00bb custom_padding_phone=\u00bb4px||3px||false|false\u00bb global_colors_info=\u00bb{}\u00bb][et_pb_column type=\u00bb1_2&#8243; _builder_version=\u00bb4.16&#8243; _module_preset=\u00bbdefault\u00bb global_colors_info=\u00bb{}\u00bb][et_pb_text content_tablet=\u00bb\u00bb content_phone=\u00bb\u00bb content_last_edited=\u00bbon|phone\u00bb admin_label=\u00bbTexto En el encinar, el a&#8230;.\u00bb _builder_version=\u00bb4.16&#8243; _module_preset=\u00bbdefault\u00bb text_font=\u00bbMontserrat||on||||||\u00bb text_font_size=\u00bb17px\u00bb text_line_height=\u00bb1.6em\u00bb custom_margin=\u00bb16px||-28px|||\u00bb custom_padding=\u00bb0px||0px|||\u00bb global_colors_info=\u00bb{}\u00bb]<\/p>\n<p>Pero la coscoja no es el \u00fanico cong\u00e9nere de la encina, porque en el monte tambi\u00e9n tenemos el <strong>quejigo (<\/strong><em>Quercus faginea<\/em><strong>), <\/strong>un \u00e1rbol de altura similar a la encina y que tambi\u00e9n produce bellotas. Pero en este caso la hoja es de mayor tama\u00f1o que la de la encina, no tiene dientes tan marcados y no es tan cori\u00e1cea; este \u00e1rbol es conocido por los ambite\u00f1os como roble. El mayor tama\u00f1o de la hoja lo relacionamos con el hecho de que el \u00e1rbol necesita m\u00e1s humedad, no est\u00e1 tan bien adaptado frente al verano de Ambite. Por ello lo veremos m\u00e1s abundante en zonas de ladera orientadas al norte (con m\u00e1s sombra y por tanto m\u00e1s humedad) o bien fondos de valle de los numerosos barrancos del valle del Taju\u00f1a, tambi\u00e9n con m\u00e1s humedad. El quejigo pierde totalmente la hoja, aunque lo hace ya avanzado el invierno, hasta entonces veremos la hoja amarilla y finalmente marr\u00f3n, que permanece seca mucho tiempo en el \u00e1rbol (hoja marcescente).<\/p>\n<p>En oto\u00f1o, cuando la variedad de colores nos permite diferenciar las distintas especies de \u00e1rboles, se ofrecen unas vistas muy agradables para todo naturalista y paseante.<\/p>\n<p>Tambi\u00e9n podemos encontrarnos en ciertos lugares con el <strong>arce de Montpellier<\/strong> (<em>Acer monspessulanum<\/em>), \u00fanica especie de arce que sobrevive en este ecosistema, en zonas con m\u00e1s sombra y humedad gracias a sus peque\u00f1as hojas de textura ligeramente cori\u00e1cea. <span>En estos rincones m\u00e1s h\u00famedos tambi\u00e9n se puede encontrar un escaso y atractivo arbusto: el <strong>rusco<\/strong> (<em>Ruscus aculeatus<\/em>).<\/span><\/p>\n<p>Adem\u00e1s existen otros arbustos que ser\u00e1n m\u00e1s abundantes en el siguiente h\u00e1bitat, el carrascal o chaparral.<\/p>\n<p>En el encinar, el aprovechamiento tradicional de la madera, en muchos casos para le\u00f1a, provoc\u00f3 hasta un pasado bastante reciente un impacto muy notable en nuestros montes de encina, a\u00f1adido esto a la necesidad ancestral de establecer cultivos de cereal, olivares, almendros o vi\u00f1edos. Pero entre mediados y finales del siglo pasado, con el \u00e9xodo de la gente del campo a la ciudad, muchos de estos cultivos se abandonaron y adem\u00e1s el consumo de le\u00f1a disminuy\u00f3 dr\u00e1sticamente, sustituida en gran medida por el gas\u00f3leo, lo que facilit\u00f3 una mayor conservaci\u00f3n del encinar y que sus especies caracter\u00edsticas hayan recuperado mucho espacio.<\/p>\n<p>[\/et_pb_text][\/et_pb_column][et_pb_column type=\u00bb1_2&#8243; _builder_version=\u00bb4.16&#8243; _module_preset=\u00bbdefault\u00bb global_colors_info=\u00bb{}\u00bb][et_pb_text _builder_version=\u00bb4.16&#8243; _module_preset=\u00bbdefault\u00bb text_font=\u00bbMontserrat||on||||||\u00bb text_font_size=\u00bb17px\u00bb text_line_height=\u00bb1.6em\u00bb custom_margin=\u00bb11px||18px|||\u00bb custom_padding=\u00bb||23px|||\u00bb global_colors_info=\u00bb{}\u00bb]<\/p>\n<p><span>Por tanto, los aprovechamientos tradicionales y la heterogeneidad de las variables ambientales en Ambite (orientaci\u00f3n, relieve, profundidad del suelo, tipo de roca, humedad, etc\u2026) han sido los causantes de una variedad muy interesante de h\u00e1bitats y especies.<\/span><\/p>\n<p>[\/et_pb_text][et_pb_image src=\u00bbhttps:\/\/www.ambite.es\/centrodenaturaleza\/wp-content\/uploads\/2021\/09\/image007-1.jpg\u00bb title_text=\u00bbimage007&#8243; show_in_lightbox=\u00bbon\u00bb force_fullwidth=\u00bbon\u00bb admin_label=\u00bbbolitas rojas\u00bb _builder_version=\u00bb4.16&#8243; _module_preset=\u00bbdefault\u00bb min_height_tablet=\u00bb\u00bb min_height_phone=\u00bb\u00bb min_height_last_edited=\u00bbon|phone\u00bb custom_margin=\u00bb0px||0px||true|false\u00bb custom_padding=\u00bb2px||0px||false|false\u00bb custom_padding_tablet=\u00bb\u00bb custom_padding_phone=\u00bb\u00bb custom_padding_last_edited=\u00bbon|tablet\u00bb global_colors_info=\u00bb{}\u00bb][\/et_pb_image][et_pb_text _builder_version=\u00bb4.16&#8243; _module_preset=\u00bbdefault\u00bb text_font=\u00bbMontserrat|500|||||||\u00bb text_text_color=\u00bb#0DA0C5&#8243; text_line_height=\u00bb1.4em\u00bb custom_margin=\u00bb0px||0px||true|false\u00bb custom_padding=\u00bb10px||40px||false|false\u00bb text_font_size_tablet=\u00bb\u00bb text_font_size_phone=\u00bb13px\u00bb text_font_size_last_edited=\u00bbon|phone\u00bb text_line_height_tablet=\u00bb\u00bb text_line_height_phone=\u00bb\u00bb text_line_height_last_edited=\u00bbon|phone\u00bb global_colors_info=\u00bb{}\u00bb]<\/p>\n<p><em>Rusco con sus llamativos frutos rojos<\/em><\/p>\n<p>[\/et_pb_text][\/et_pb_column][\/et_pb_row][\/et_pb_section][et_pb_section fb_built=\u00bb1&#8243; admin_label=\u00bbLos distintos H\u00e1bitats\u00bb module_id=\u00bbdistintos-habitat\u00bb _builder_version=\u00bb4.16&#8243; _module_preset=\u00bbdefault\u00bb min_height=\u00bb3144.7px\u00bb custom_margin=\u00bb21px||||false|false\u00bb custom_margin_tablet=\u00bb29px||||false|false\u00bb custom_margin_phone=\u00bb\u00bb custom_margin_last_edited=\u00bbon|phone\u00bb custom_padding=\u00bb1px||12px||false|false\u00bb global_colors_info=\u00bb{}\u00bb text_font_size_phone=\u00bb43px\u00bb text_font_size_last_edited=\u00bbon|desktop\u00bb][et_pb_row _builder_version=\u00bb4.16&#8243; _module_preset=\u00bbdefault\u00bb custom_margin=\u00bb-7px|auto|43px|auto||\u00bb custom_padding=\u00bb0px||0px|||\u00bb global_colors_info=\u00bb{}\u00bb][et_pb_column type=\u00bb4_4&#8243; _builder_version=\u00bb4.16&#8243; _module_preset=\u00bbdefault\u00bb global_colors_info=\u00bb{}\u00bb][et_pb_text _builder_version=\u00bb4.16&#8243; _module_preset=\u00bbdefault\u00bb text_font=\u00bbMontserrat||on||||||\u00bb text_text_color=\u00bb#00a3bc\u00bb text_font_size=\u00bb50px\u00bb text_line_height=\u00bb1.2em\u00bb custom_margin=\u00bb53px||14px||false|false\u00bb custom_margin_tablet=\u00bb38px||11px||false|false\u00bb custom_margin_phone=\u00bb8px||||false|false\u00bb custom_margin_last_edited=\u00bbon|desktop\u00bb text_font_size_tablet=\u00bb45px\u00bb text_font_size_phone=\u00bb37px\u00bb text_font_size_last_edited=\u00bbon|phone\u00bb global_colors_info=\u00bb{}\u00bb]<\/p>\n<p class=\"p1\"><span class=\"s1\">Los distintos H\u00e1bitats<\/span><\/p>\n<p>[\/et_pb_text][et_pb_text _builder_version=\u00bb4.16&#8243; _module_preset=\u00bbdefault\u00bb text_font=\u00bbMontserrat||on||||||\u00bb text_text_color=\u00bb#000000&#8243; text_font_size=\u00bb29px\u00bb custom_margin=\u00bb||||false|false\u00bb custom_padding=\u00bb30px||||false|false\u00bb global_colors_info=\u00bb{}\u00bb]<\/p>\n<p><strong>El chaparral<\/strong><\/p>\n<p>[\/et_pb_text][\/et_pb_column][\/et_pb_row][et_pb_row column_structure=\u00bb1_2,1_2&#8243; _builder_version=\u00bb4.16&#8243; _module_preset=\u00bbdefault\u00bb custom_margin=\u00bb5px|auto|5px|auto|false|false\u00bb custom_padding=\u00bb15px||5px|||\u00bb global_colors_info=\u00bb{}\u00bb][et_pb_column type=\u00bb1_2&#8243; _builder_version=\u00bb4.16&#8243; _module_preset=\u00bbdefault\u00bb global_colors_info=\u00bb{}\u00bb][et_pb_image src=\u00bbhttps:\/\/www.ambite.es\/centrodenaturaleza\/wp-content\/uploads\/2021\/09\/image001-1.jpg\u00bb title_text=\u00bbimage001&#8243; show_in_lightbox=\u00bbon\u00bb admin_label=\u00bbfoto el chaparral\u00bb _builder_version=\u00bb4.16&#8243; _module_preset=\u00bbdefault\u00bb custom_margin=\u00bb0px||0px||true|false\u00bb global_colors_info=\u00bb{}\u00bb][\/et_pb_image][et_pb_text admin_label=\u00bbPie de foto el chaparral\u00bb _builder_version=\u00bb4.16&#8243; _module_preset=\u00bbdefault\u00bb text_font=\u00bbMontserrat|500|||||||\u00bb text_text_color=\u00bb#0DA0C5&#8243; text_line_height=\u00bb1.4em\u00bb custom_margin=\u00bb0px||0px||true|false\u00bb custom_padding=\u00bb10px||40px||false|false\u00bb text_font_size_tablet=\u00bb\u00bb text_font_size_phone=\u00bb13px\u00bb text_font_size_last_edited=\u00bbon|desktop\u00bb text_line_height_tablet=\u00bb\u00bb text_line_height_phone=\u00bb\u00bb text_line_height_last_edited=\u00bbon|phone\u00bb global_colors_info=\u00bb{}\u00bb]<\/p>\n<p class=\"p1\"><i><span class=\"Apple-converted-space\">\u00a0<\/span>Chaparral y campo de cereal en primer t\u00e9rmino<\/i><\/p>\n<p>[\/et_pb_text][et_pb_image src=\u00bbhttps:\/\/www.ambite.es\/centrodenaturaleza\/wp-content\/uploads\/2021\/09\/image002-1.jpg\u00bb title_text=\u00bbimage002&#8243; show_in_lightbox=\u00bbon\u00bb admin_label=\u00bbfoto romero\u00bb _builder_version=\u00bb4.16&#8243; _module_preset=\u00bbdefault\u00bb custom_margin=\u00bb0px||0px||true|false\u00bb global_colors_info=\u00bb{}\u00bb][\/et_pb_image][et_pb_text admin_label=\u00bbpie de foto romero\u00bb _builder_version=\u00bb4.16&#8243; _module_preset=\u00bbdefault\u00bb text_font=\u00bbMontserrat|500|||||||\u00bb text_text_color=\u00bb#0DA0C5&#8243; text_line_height=\u00bb1.4em\u00bb custom_margin=\u00bb0px||0px||true|false\u00bb custom_padding=\u00bb10px||40px||false|false\u00bb text_font_size_tablet=\u00bb\u00bb text_font_size_phone=\u00bb13px\u00bb text_font_size_last_edited=\u00bbon|desktop\u00bb text_line_height_tablet=\u00bb\u00bb text_line_height_phone=\u00bb\u00bb text_line_height_last_edited=\u00bbon|phone\u00bb global_colors_info=\u00bb{}\u00bb]<\/p>\n<p class=\"p1\"><em>Detalle de flores y hojas de romero<\/em><\/p>\n<p>[\/et_pb_text][et_pb_image src=\u00bbhttps:\/\/www.ambite.es\/centrodenaturaleza\/wp-content\/uploads\/2021\/09\/image003.jpg\u00bb title_text=\u00bbimage003&#8243; show_in_lightbox=\u00bbon\u00bb admin_label=\u00bbfoto culebra\u00bb _builder_version=\u00bb4.16&#8243; _module_preset=\u00bbdefault\u00bb custom_margin=\u00bb0px||0px||false|false\u00bb global_colors_info=\u00bb{}\u00bb][\/et_pb_image][et_pb_text admin_label=\u00bbpie de foto  bastarda\u00bb _builder_version=\u00bb4.16&#8243; _module_preset=\u00bbdefault\u00bb text_font=\u00bbMontserrat|500|||||||\u00bb text_text_color=\u00bb#0DA0C5&#8243; text_line_height=\u00bb1.4em\u00bb custom_margin=\u00bb0px||0px||true|false\u00bb custom_padding=\u00bb10px||40px||false|false\u00bb text_font_size_tablet=\u00bb\u00bb text_font_size_phone=\u00bb13px\u00bb text_font_size_last_edited=\u00bbon|desktop\u00bb text_line_height_tablet=\u00bb\u00bb text_line_height_phone=\u00bb\u00bb text_line_height_last_edited=\u00bbon|phone\u00bb global_colors_info=\u00bb{}\u00bb]<\/p>\n<p class=\"p1\"><i>Curruca cabecinegra<\/i><\/p>\n<p>[\/et_pb_text][\/et_pb_column][et_pb_column type=\u00bb1_2&#8243; _builder_version=\u00bb4.16&#8243; _module_preset=\u00bbdefault\u00bb global_colors_info=\u00bb{}\u00bb][et_pb_text admin_label=\u00bbtexto 1&#8243; _builder_version=\u00bb4.16&#8243; _module_preset=\u00bbdefault\u00bb text_font=\u00bbMontserrat||on||||||\u00bb text_font_size=\u00bb17px\u00bb text_line_height=\u00bb1.6em\u00bb custom_margin=\u00bb-12px||3px|||\u00bb global_colors_info=\u00bb{}\u00bb]<\/p>\n<p class=\"p1\"><span>Es un h\u00e1bitat con predominancia de encinas de menor porte y con m\u00e1s presencia de arbustos, <\/span>que tambi\u00e9n existen en el encinar, entre otros la coscoja y numerosas especies de frutos rojos o negros en su madurez, como el <strong>aladierno<\/strong> (<em>Rhamnus alaternus<\/em>),\u00a0 la <strong>efedra<\/strong> (<em>Ephedra fragilis<\/em>), el <strong>jazm\u00edn silvestre<\/strong> (<em>Jasminum fruticans<\/em>), el <strong>espino negro<\/strong> (<em>Rhamnus lycioides<\/em>), la <strong>cornicabra<\/strong> (<em>Pistacia<\/em> <em>terebinthus<\/em>) y el <strong>torvisco<\/strong> (<em>Daphne<\/em> <em>gnidium<\/em>). Estos frutos sirven de alimento a numerosas aves como el <strong>mirlo com\u00fan<\/strong> (<em>Turdus merula<\/em>). \u00a0Tambi\u00e9n podemos encontrar al <strong>espantalobos o sonajas<\/strong> (<em>Colutea arborescens<\/em>), que debe su nombre a que el fruto es una legumbre inflada y cuando el viento lo hace chocar con las ramas produce un sonido caracter\u00edstico. Adem\u00e1s aparece una especie de jara con hojas de color blanco-gris\u00e1ceo, la <strong>jara blanca<\/strong> (<em>Cistus albidus<\/em>), de flores entre rosado y violeta es una de las pocas jaras que soporta suelos calc\u00e1reos (con caliza como roca madre), por ello es una de las pocas que se pueden ver en Ambite. Adem\u00e1s en suelos calc\u00e1reos encontramos un arbusto arom\u00e1tico conocido por todos como es el <strong>romero<\/strong> (<em>Rosmarinus officinalis<\/em>), pero tambi\u00e9n existen otros arbustos de menor talla o matas como el <strong>tomillo com\u00fan<\/strong><span> (<em>Thymus vulgaris<\/em>)<\/span><strong>, el tomillo salsero<\/strong><span> (<em>Thymus zygis<\/em>)<\/span> y el <strong>espliego (<\/strong><em>Lavandula latifolia<\/em><strong>). <\/strong>Estas plantas arom\u00e1ticas, todas ellas de la familia Lamiaceae, constituyen la base para la famosa miel de la Alcarria. En el chaparral podremos escuchar y ver volar bajo entre los arbustos a varias especies de curruca, una de las m\u00e1s frecuentes es la <strong>curruca<\/strong> <strong>cabecinegra<\/strong> (<em>Sylvia melanocephala<\/em>) y podemos ver asolarse entre los matorrales a la <strong>lagartija colilarga<\/strong> (Psammodromus algirus). Por otro lado, controlando las plagas de micromam\u00edferos, la <strong>culebra bastarda<\/strong> (Malpolon monspessulanus) es esencial en Ambite. No olvidemos, finalmente, el lac\u00e9rtido m\u00e1s grande de la Pen\u00ednsula Ib\u00e9rica: el <strong>lagarto ocelado<\/strong> (Timon lepidus), una joya que mantiene a raya a numerosos invertebrados.<\/p>\n<p class=\"p1\">Cuando el suelo es m\u00e1s pobre, a menudo por la presencia de yesos, el chaparral, se transforma en un nuevo h\u00e1bitat, aqu\u00ed se simplifica el n\u00famero de especies y podemos encontrar muy pocos arbustos, entre ellos la <strong>retama com\u00fan<\/strong> (<em>Retama sphaerocarpa<\/em>) y la <strong>aulaga o aliaga<\/strong> (<em>Genista scorpius<\/em>), ambas especies de la familia de las leguminosas son capaces de obtener los nitratos (sales minerales fundamentales para las plantas) a partir del nitr\u00f3geno del aire, gracias a la asociaci\u00f3n con unas bacterias (<em>Rhyzobium <\/em>spp.) presentes en su ra\u00edz, con la formaci\u00f3n de n\u00f3dulos caracter\u00edsticos.<\/p>\n<p>[\/et_pb_text][\/et_pb_column][\/et_pb_row][et_pb_row _builder_version=\u00bb4.16&#8243; _module_preset=\u00bbdefault\u00bb custom_padding=\u00bb0px||0px|||\u00bb global_colors_info=\u00bb{}\u00bb][et_pb_column type=\u00bb4_4&#8243; _builder_version=\u00bb4.16&#8243; _module_preset=\u00bbdefault\u00bb global_colors_info=\u00bb{}\u00bb][et_pb_image src=\u00bbhttps:\/\/www.ambite.es\/centrodenaturaleza\/wp-content\/uploads\/2021\/11\/culebra-bastarda-baja-e1623833751483.jpg\u00bb title_text=\u00bbculebra-bastarda-baja\u00bb show_in_lightbox=\u00bbon\u00bb force_fullwidth=\u00bbon\u00bb _builder_version=\u00bb4.16&#8243; _module_preset=\u00bbdefault\u00bb global_colors_info=\u00bb{}\u00bb][\/et_pb_image][et_pb_text _builder_version=\u00bb4.16&#8243; _module_preset=\u00bbdefault\u00bb text_font=\u00bbMontserrat|500|||||||\u00bb text_text_color=\u00bb#0DA0C5&#8243; text_line_height=\u00bb1.4em\u00bb min_height=\u00bb43px\u00bb custom_margin=\u00bb-25px||0px||false|false\u00bb custom_padding=\u00bb10px||40px||false|false\u00bb text_font_size_tablet=\u00bb\u00bb text_font_size_phone=\u00bb13px\u00bb text_font_size_last_edited=\u00bbon|phone\u00bb text_line_height_tablet=\u00bb\u00bb text_line_height_phone=\u00bb\u00bb text_line_height_last_edited=\u00bbon|phone\u00bb global_colors_info=\u00bb{}\u00bb]<\/p>\n<p><em>Culebra bastarda<\/em><\/p>\n<p>[\/et_pb_text][\/et_pb_column][\/et_pb_row][et_pb_row _builder_version=\u00bb4.16&#8243; _module_preset=\u00bbdefault\u00bb custom_padding=\u00bb8px|||||\u00bb global_colors_info=\u00bb{}\u00bb][et_pb_column type=\u00bb4_4&#8243; _builder_version=\u00bb4.16&#8243; _module_preset=\u00bbdefault\u00bb global_colors_info=\u00bb{}\u00bb][et_pb_text _builder_version=\u00bb4.16&#8243; _module_preset=\u00bbdefault\u00bb text_font=\u00bbMontserrat||||||||\u00bb text_font_size=\u00bb17px\u00bb text_line_height=\u00bb1.6em\u00bb min_height=\u00bb184px\u00bb custom_margin=\u00bb0px||3px|||\u00bb global_colors_info=\u00bb{}\u00bb]<\/p>\n<p>Tambi\u00e9n podemos encontrar <strong>esparto o atocha <\/strong>(<em>Macrochloa tenacissima<\/em>), una herb\u00e1cea bastante abundante que pertenece a la familia de las gram\u00edneas, como los cereales y por ello forma espigas, donde se encuentran las semillas, sus hojas alargadas han sido utilizadas tradicionalmente en Ambite para cester\u00eda, entre otros usos.<\/p>\n<p>Tambi\u00e9n, en estos h\u00e1bitats, existen algunos mam\u00edferos carn\u00edvoros notables, como la <strong>gineta<\/strong> (<em>Genetta genetta<\/em>) y la <strong>gardu\u00f1a (<\/strong><em>Martes foina<\/em><strong>), <\/strong>ambas incluyen en su dieta diversos roedores, como el <strong>rat\u00f3n de campo<\/strong> (<em>Apodemus sylvaticus<\/em>). Mientras, de car\u00e1cter omn\u00edvoro tenemos al <strong>tej\u00f3n<\/strong> (<em>Meles meles<\/em>) y al <strong>zorro com\u00fan (<\/strong><em>Vulpes vulpes<\/em>). Todos ellos dif\u00edciles de ver por sus h\u00e1bitos nocturnos.<\/p>\n<p>[\/et_pb_text][\/et_pb_column][\/et_pb_row][et_pb_row column_structure=\u00bb1_2,1_2&#8243; _builder_version=\u00bb4.16&#8243; _module_preset=\u00bbdefault\u00bb min_height=\u00bb479.6px\u00bb custom_padding=\u00bb16px||0px|||\u00bb global_colors_info=\u00bb{}\u00bb][et_pb_column type=\u00bb1_2&#8243; _builder_version=\u00bb4.16&#8243; _module_preset=\u00bbdefault\u00bb global_colors_info=\u00bb{}\u00bb][et_pb_image src=\u00bbhttps:\/\/www.ambite.es\/centrodenaturaleza\/wp-content\/uploads\/2021\/09\/image004-1.jpg\u00bb title_text=\u00bbimage004&#8243; show_in_lightbox=\u00bbon\u00bb _builder_version=\u00bb4.16&#8243; _module_preset=\u00bbdefault\u00bb global_colors_info=\u00bb{}\u00bb][\/et_pb_image][et_pb_text _builder_version=\u00bb4.16&#8243; _module_preset=\u00bbdefault\u00bb text_font=\u00bbMontserrat|500|||||||\u00bb text_text_color=\u00bb#0DA0C5&#8243; text_line_height=\u00bb1.4em\u00bb min_height=\u00bb43px\u00bb custom_margin=\u00bb-25px||19px||false|false\u00bb custom_padding=\u00bb10px||40px||false|false\u00bb text_font_size_tablet=\u00bb13px\u00bb text_font_size_phone=\u00bb13px\u00bb text_font_size_last_edited=\u00bbon|desktop\u00bb text_line_height_tablet=\u00bb\u00bb text_line_height_phone=\u00bb\u00bb text_line_height_last_edited=\u00bbon|phone\u00bb global_colors_info=\u00bb{}\u00bb]<\/p>\n<p><em>Aulaga floreciendo en febrero<\/em><\/p>\n<p>[\/et_pb_text][\/et_pb_column][et_pb_column type=\u00bb1_2&#8243; _builder_version=\u00bb4.16&#8243; _module_preset=\u00bbdefault\u00bb global_colors_info=\u00bb{}\u00bb][et_pb_image src=\u00bbhttps:\/\/www.ambite.es\/centrodenaturaleza\/wp-content\/uploads\/2021\/09\/image005.jpg\u00bb title_text=\u00bbimage005&#8243; show_in_lightbox=\u00bbon\u00bb _builder_version=\u00bb4.16&#8243; _module_preset=\u00bbdefault\u00bb custom_margin=\u00bb||24px||false|false\u00bb global_colors_info=\u00bb{}\u00bb][\/et_pb_image][et_pb_text _builder_version=\u00bb4.16&#8243; _module_preset=\u00bbdefault\u00bb text_font=\u00bbMontserrat|500|||||||\u00bb text_text_color=\u00bb#0DA0C5&#8243; text_line_height=\u00bb1.4em\u00bb min_height=\u00bb43px\u00bb custom_margin=\u00bb-25px||19px||false|false\u00bb custom_padding=\u00bb10px||40px||false|false\u00bb text_font_size_tablet=\u00bb13px\u00bb text_font_size_phone=\u00bb13px\u00bb text_font_size_last_edited=\u00bbon|desktop\u00bb text_line_height_tablet=\u00bb\u00bb text_line_height_phone=\u00bb\u00bb text_line_height_last_edited=\u00bbon|phone\u00bb global_colors_info=\u00bb{}\u00bb]<\/p>\n<p><em>N\u00f3dulos caracter\u00edsticos en ra\u00edces de leguminosas<\/em><\/p>\n<p>[\/et_pb_text][\/et_pb_column][\/et_pb_row][et_pb_row _builder_version=\u00bb4.16&#8243; _module_preset=\u00bbdefault\u00bb custom_padding=\u00bb1px||14px|||\u00bb global_colors_info=\u00bb{}\u00bb][et_pb_column type=\u00bb4_4&#8243; _builder_version=\u00bb4.16&#8243; _module_preset=\u00bbdefault\u00bb global_colors_info=\u00bb{}\u00bb][et_pb_text _builder_version=\u00bb4.16&#8243; _module_preset=\u00bbdefault\u00bb text_font=\u00bbMontserrat||on||||||\u00bb text_text_color=\u00bb#000000&#8243; text_font_size=\u00bb29px\u00bb min_height=\u00bb75px\u00bb custom_margin=\u00bb||||false|false\u00bb custom_padding=\u00bb30px||||false|false\u00bb text_line_height_tablet=\u00bb\u00bb text_line_height_phone=\u00bb1.2em\u00bb text_line_height_last_edited=\u00bbon|phone\u00bb locked=\u00bboff\u00bb global_colors_info=\u00bb{}\u00bb]<\/p>\n<p><strong>Los roquedos y canchales de ladera<\/strong><\/p>\n<p>[\/et_pb_text][et_pb_image src=\u00bbhttps:\/\/www.ambite.es\/centrodenaturaleza\/wp-content\/uploads\/2021\/11\/PA079689-scaled-1.jpg\u00bb title_text=\u00bbOLYMPUS DIGITAL CAMERA\u00bb show_in_lightbox=\u00bbon\u00bb _builder_version=\u00bb4.16&#8243; _module_preset=\u00bbdefault\u00bb custom_margin=\u00bb0px||0px||false|false\u00bb custom_padding=\u00bb0px||0px||false|false\u00bb global_colors_info=\u00bb{}\u00bb][\/et_pb_image][et_pb_text _builder_version=\u00bb4.16&#8243; _module_preset=\u00bbdefault\u00bb text_font=\u00bbMontserrat|500|||||||\u00bb text_text_color=\u00bb#0DA0C5&#8243; text_line_height=\u00bb1.4em\u00bb min_height=\u00bb43px\u00bb custom_margin=\u00bb0px||0px||false|false\u00bb custom_padding=\u00bb10px||40px||false|false\u00bb text_font_size_tablet=\u00bb13px\u00bb text_font_size_phone=\u00bb13px\u00bb text_font_size_last_edited=\u00bbon|desktop\u00bb text_line_height_tablet=\u00bb\u00bb text_line_height_phone=\u00bb\u00bb text_line_height_last_edited=\u00bbon|phone\u00bb global_colors_info=\u00bb{}\u00bb]<\/p>\n<p><em>Roquedo en el Valle del Taju\u00f1a<\/em><\/p>\n<p>[\/et_pb_text][et_pb_text _builder_version=\u00bb4.16&#8243; _module_preset=\u00bbdefault\u00bb text_font=\u00bbMontserrat||on||||||\u00bb text_font_size=\u00bb17px\u00bb text_line_height=\u00bb1.6em\u00bb custom_margin=\u00bb-2px||3px|||\u00bb global_colors_info=\u00bb{}\u00bb]<\/p>\n<p>En Ambite existen algunos roquedos notables y puntualmente alg\u00fan peque\u00f1o canchal de ladera (zonas de transporte de fragmentos de las calizas del p\u00e1ramo). En estos lugares el n\u00famero de especies se reduce, aunque tenemos grandes depredadores como el <strong>b\u00faho<\/strong> <strong>real<\/strong> (<em>Bubo bubo<\/em>) e incluso el <strong>\u00e1guila real<\/strong> (<em>Aquila chrysaetos<\/em>), que encuentran aqu\u00ed lugar para nidificar.\u00a0 Otra especie importante que anidaba aqu\u00ed hasta principios de este siglo era el <strong>halc\u00f3n peregrino <\/strong>(<em>Falco peregrinus<\/em>). Tambi\u00e9n es frecuente la presencia de los necr\u00f3fagos o carro\u00f1eros como el <strong>buitre leonado<\/strong> (<em>Gyps fulvus<\/em>) y menos la del <strong>buitre negro<\/strong> (<em>Aegypius monachus<\/em>), especialmente en el entorno de la Pe\u00f1a Hueca, aunque hasta el presente no anidan en la zona. Hay que matizar, en todo caso que el buitre negro, a diferencia del leonado, no anidar\u00eda en roquedos sino en copas de encinas o pinos, habitualmente. Por fin existen otras aves de menor porte como el <strong>roquero solitario (<\/strong><em>Monticola solitarius<\/em><strong>) <\/strong>y algunas especies de reptiles, como la recientemente descrita <strong>lagartija verdosa<\/strong> (<em>Podarcis virescens<\/em>) o la <strong>culebra lisa meridional<\/strong> (<em>Coronella girondica<\/em>), que basa su alimentaci\u00f3n en las lagartijas citadas.<\/p>\n<p>[\/et_pb_text][\/et_pb_column][\/et_pb_row][et_pb_row column_structure=\u00bb1_2,1_2&#8243; _builder_version=\u00bb4.16&#8243; _module_preset=\u00bbdefault\u00bb min_height=\u00bb489.3px\u00bb custom_padding=\u00bb27px||0px|||\u00bb global_colors_info=\u00bb{}\u00bb][et_pb_column type=\u00bb1_2&#8243; _builder_version=\u00bb4.16&#8243; _module_preset=\u00bbdefault\u00bb global_colors_info=\u00bb{}\u00bb][et_pb_image src=\u00bbhttps:\/\/www.ambite.es\/centrodenaturaleza\/wp-content\/uploads\/2021\/09\/image006-1.jpg\u00bb title_text=\u00bbimage006&#8243; show_in_lightbox=\u00bbon\u00bb _builder_version=\u00bb4.16&#8243; _module_preset=\u00bbdefault\u00bb min_height=\u00bb28px\u00bb custom_margin=\u00bb||||false|false\u00bb custom_padding=\u00bb10px||2px||false|false\u00bb global_colors_info=\u00bb{}\u00bb text_line_height_last_edited=\u00bbon|phone\u00bb text_line_height_tablet=\u00bb1.4em\u00bb text_line_height_phone=\u00bb1.4em\u00bb][\/et_pb_image][et_pb_text _builder_version=\u00bb4.16&#8243; _module_preset=\u00bbdefault\u00bb text_font=\u00bbMontserrat|500|||||||\u00bb text_text_color=\u00bb#0DA0C5&#8243; text_line_height=\u00bb1.4em\u00bb min_height=\u00bb43px\u00bb custom_margin=\u00bb-25px||19px||false|false\u00bb custom_padding=\u00bb10px||40px||false|false\u00bb text_font_size_tablet=\u00bb13px\u00bb text_font_size_phone=\u00bb13px\u00bb text_font_size_last_edited=\u00bbon|desktop\u00bb text_line_height_tablet=\u00bb\u00bb text_line_height_phone=\u00bb\u00bb text_line_height_last_edited=\u00bbon|phone\u00bb global_colors_info=\u00bb{}\u00bb]<\/p>\n<p><em>\u00c1guila real sobrevolando Ambite<\/em><\/p>\n<p>[\/et_pb_text][\/et_pb_column][et_pb_column type=\u00bb1_2&#8243; _builder_version=\u00bb4.16&#8243; _module_preset=\u00bbdefault\u00bb global_colors_info=\u00bb{}\u00bb][et_pb_image src=\u00bbhttps:\/\/www.ambite.es\/centrodenaturaleza\/wp-content\/uploads\/2021\/09\/image007-2.jpg\u00bb title_text=\u00bbimage007&#8243; show_in_lightbox=\u00bbon\u00bb _builder_version=\u00bb4.16&#8243; _module_preset=\u00bbdefault\u00bb min_height=\u00bb28px\u00bb custom_margin=\u00bb||||false|false\u00bb custom_padding=\u00bb10px||2px||false|false\u00bb global_colors_info=\u00bb{}\u00bb text_line_height_last_edited=\u00bbon|phone\u00bb][\/et_pb_image][et_pb_text _builder_version=\u00bb4.16&#8243; _module_preset=\u00bbdefault\u00bb text_font=\u00bbMontserrat|500|||||||\u00bb text_text_color=\u00bb#0DA0C5&#8243; text_line_height=\u00bb1.4em\u00bb min_height=\u00bb43px\u00bb custom_margin=\u00bb-25px||19px||false|false\u00bb custom_padding=\u00bb10px||40px||false|false\u00bb text_font_size_tablet=\u00bb13px\u00bb text_font_size_phone=\u00bb13px\u00bb text_font_size_last_edited=\u00bbon|desktop\u00bb text_line_height_tablet=\u00bb\u00bb text_line_height_phone=\u00bb\u00bb text_line_height_last_edited=\u00bbon|phone\u00bb global_colors_info=\u00bb{}\u00bb]<\/p>\n<p><em>Roquero solitario macho, inconfundible por su librea azulada<\/em><\/p>\n<p>[\/et_pb_text][\/et_pb_column][\/et_pb_row][\/et_pb_section][et_pb_section fb_built=\u00bb1&#8243; admin_label=\u00bbLos H\u00e1bitat Humanizados\u00bb module_id=\u00bbhumanizados\u00bb _builder_version=\u00bb4.16&#8243; _module_preset=\u00bbdefault\u00bb custom_margin=\u00bb-12px||19px||false|false\u00bb custom_padding=\u00bb10px||40px||false|false\u00bb global_colors_info=\u00bb{}\u00bb text_line_height_last_edited=\u00bbon|phone\u00bb][et_pb_row _builder_version=\u00bb4.16&#8243; _module_preset=\u00bbdefault\u00bb custom_margin=\u00bb4px|auto||auto||\u00bb custom_padding=\u00bb0px||36px|||\u00bb global_colors_info=\u00bb{}\u00bb][et_pb_column type=\u00bb4_4&#8243; _builder_version=\u00bb4.16&#8243; _module_preset=\u00bbdefault\u00bb global_colors_info=\u00bb{}\u00bb][et_pb_text _builder_version=\u00bb4.16&#8243; _module_preset=\u00bbdefault\u00bb text_font=\u00bbMontserrat||on||||||\u00bb text_text_color=\u00bb#000000&#8243; text_font_size=\u00bb29px\u00bb custom_margin=\u00bb||||false|false\u00bb custom_padding=\u00bb30px||||false|false\u00bb locked=\u00bboff\u00bb global_colors_info=\u00bb{}\u00bb]<\/p>\n<p><strong>La estepa cerealista<\/strong><\/p>\n<p>[\/et_pb_text][et_pb_text _builder_version=\u00bb4.16&#8243; _module_preset=\u00bbdefault\u00bb text_font=\u00bbMontserrat||||||||\u00bb text_font_size=\u00bb17px\u00bb text_line_height=\u00bb1.6em\u00bb min_height=\u00bb50px\u00bb custom_margin=\u00bb||||false|false\u00bb global_colors_info=\u00bb{}\u00bb]<\/p>\n<p class=\"p1\"><i>En algunas zonas de ladera del valle y sobre todo en el p\u00e1ramo el bosque mediterr\u00e1neo ha dado paso a lo largo del tiempo a cultivos diversos, sobre todo cereales:<span class=\"Apple-converted-space\">\u00a0<\/span><\/i><span class=\"s1\" style=\"color: #000000;\"><b><i>trigo<\/i><\/b><\/span><i> (Triticum spp.), <\/i><span class=\"s1\" style=\"color: #000000;\"><b><i>cebada<\/i><\/b><\/span><i> (Hordeum vulgare)\u2026 <span class=\"Apple-converted-space\">\u00a0<\/span><\/i><\/p>\n<p>[\/et_pb_text][\/et_pb_column][\/et_pb_row][et_pb_row _builder_version=\u00bb4.16&#8243; _module_preset=\u00bbdefault\u00bb custom_padding=\u00bb4px||2px|||\u00bb global_colors_info=\u00bb{}\u00bb][et_pb_column type=\u00bb4_4&#8243; _builder_version=\u00bb4.16&#8243; _module_preset=\u00bbdefault\u00bb global_colors_info=\u00bb{}\u00bb][et_pb_image src=\u00bbhttps:\/\/www.ambite.es\/centrodenaturaleza\/wp-content\/uploads\/2021\/11\/16-PB147363-scaled-1.jpg\u00bb title_text=\u00bbOLYMPUS DIGITAL CAMERA\u00bb show_in_lightbox=\u00bbon\u00bb _builder_version=\u00bb4.16&#8243; _module_preset=\u00bbdefault\u00bb min_height=\u00bb28px\u00bb custom_margin=\u00bb||||false|false\u00bb custom_padding=\u00bb10px||2px||false|false\u00bb global_colors_info=\u00bb{}\u00bb][\/et_pb_image][et_pb_text _builder_version=\u00bb4.16&#8243; _module_preset=\u00bbdefault\u00bb text_font=\u00bbMontserrat|500|||||||\u00bb text_text_color=\u00bb#0DA0C5&#8243; text_line_height=\u00bb1.4em\u00bb min_height=\u00bb43px\u00bb custom_margin=\u00bb-25px||19px||false|false\u00bb custom_padding=\u00bb10px||40px||false|false\u00bb text_font_size_tablet=\u00bb13px\u00bb text_font_size_phone=\u00bb13px\u00bb text_font_size_last_edited=\u00bbon|desktop\u00bb text_line_height_tablet=\u00bb\u00bb text_line_height_phone=\u00bb\u00bb text_line_height_last_edited=\u00bbon|phone\u00bb global_colors_info=\u00bb{}\u00bb]<\/p>\n<p><em>Estepa de cereal en el p\u00e1ramo, en oto\u00f1o<\/em><\/p>\n<p>[\/et_pb_text][et_pb_text _builder_version=\u00bb4.16&#8243; _module_preset=\u00bbdefault\u00bb text_font=\u00bbMontserrat||on||||||\u00bb text_font_size=\u00bb17px\u00bb text_line_height=\u00bb1.6em\u00bb custom_margin=\u00bb-2px||3px|||\u00bb global_colors_info=\u00bb{}\u00bb]<\/p>\n<p>De esta forma en gran parte del p\u00e1ramo existe una estepa cerealista donde viven numerosas aves esteparias que se alimentan sobre todo de semillas, entre otras, la <strong>alondra com\u00fan<\/strong> (<em>Alauda arvensis<\/em>), s\u00f3lo presente en invierno, la <strong>cogujada com\u00fan (<\/strong><em>Galerida cristata<\/em><strong>)<\/strong>, la <strong>perdiz roja<\/strong> (<em>Alectoris rufa<\/em>), la <strong>codorniz com\u00fan (<\/strong><em>Coturnix coturnix<\/em><strong>), <\/strong>que casi ha desaparecido, y una de las aves m\u00e1s grandes de Europa, la <strong>avutarda<\/strong> (<em>Otis tarda<\/em>), tambi\u00e9n en peligro. Pero no olvidemos a las rapaces como el <strong>cern\u00edcalo vulgar<\/strong> (<em>Falco tinnunculus<\/em>), el <strong>\u00e1guila calzada (<\/strong><em>Hieraetus pennatus<\/em><strong>)<\/strong>, el <strong>aguilucho cenizo (<\/strong><em>Circus pygargus<\/em><strong>)<\/strong> y el <strong>aguilucho p\u00e1lido (<\/strong><em>Circus cyaneus<\/em><strong>)<\/strong>. Los \u00faltimos censos realizados nos confirman que las aves esteparias son m\u00e1s vulnerables si las comparamos con las forestales y el factor fundamental que provoca este hecho es la gesti\u00f3n agr\u00edcola, muy volcada al uso de insecticidas, herbicidas y abonos qu\u00edmicos, adem\u00e1s de la eliminaci\u00f3n de los setos, entre tierras de labor. Todo ello provoca la disminuci\u00f3n dr\u00e1stica de los insectos, que muchas de estas aves utilizan en \u00e9poca de cr\u00eda para alimentar a los pollos, pues son una excelente fuente de prote\u00ednas, nutriente esencial para su crecimiento.<\/p>\n<p>[\/et_pb_text][\/et_pb_column][\/et_pb_row][et_pb_row column_structure=\u00bb1_2,1_2&#8243; _builder_version=\u00bb4.16&#8243; _module_preset=\u00bbdefault\u00bb global_colors_info=\u00bb{}\u00bb][et_pb_column type=\u00bb1_2&#8243; _builder_version=\u00bb4.16&#8243; _module_preset=\u00bbdefault\u00bb global_colors_info=\u00bb{}\u00bb][et_pb_text _builder_version=\u00bb4.16&#8243; _module_preset=\u00bbdefault\u00bb text_font=\u00bbMontserrat||on||||||\u00bb text_font_size=\u00bb17px\u00bb text_line_height=\u00bb1.6em\u00bb custom_margin=\u00bb-2px||3px|||\u00bb global_colors_info=\u00bb{}\u00bb]<\/p>\n<p>Adem\u00e1s en estas \u00e1reas esteparias es posible ver saltar a la <strong>liebre<\/strong> <strong>ib\u00e9rica<\/strong> (<em>Lepus granatensis<\/em>), que confiada en su inmovilidad y su color de camuflaje no huir\u00e1 de su \u201ccama\u201d, donde descansa durante el d\u00eda, hasta que casi la pisemos. Tampoco es dif\u00edcil descubrir los t\u00edpicos montones de tierra producidos por el topillo mediterr\u00e1neo (<em>Microtus duodecimcostatus<\/em>) al excavar sus galer\u00edas. Tambi\u00e9n podr\u00edamos ver a la <strong>culebra de escalera<\/strong> (Zamenis scalaris), un oficio muy caracter\u00edstico por las dos l\u00edneas longitudinales, y en el caso de los individuos j\u00f3venes, con l\u00edneas transversales simulando el dibujo de una escalera. Es una serpiente abundante y totalmente inofensiva, necesaria en los campos de cultivo y cerca de los pueblos ya que se alimenta de ratas, ratones y topillos.<\/p>\n<p>[\/et_pb_text][\/et_pb_column][et_pb_column type=\u00bb1_2&#8243; _builder_version=\u00bb4.16&#8243; _module_preset=\u00bbdefault\u00bb global_colors_info=\u00bb{}\u00bb][et_pb_image src=\u00bbhttps:\/\/www.ambite.es\/centrodenaturaleza\/wp-content\/uploads\/2021\/11\/panel-3-baja_0003_Capa-2-e1623833634229.jpg\u00bb title_text=\u00bbpanel 3 baja_0003_Capa 2&#8243; show_in_lightbox=\u00bbon\u00bb _builder_version=\u00bb4.16&#8243; _module_preset=\u00bbdefault\u00bb min_height=\u00bb28px\u00bb custom_margin=\u00bb||||false|false\u00bb custom_padding=\u00bb10px||2px||false|false\u00bb global_colors_info=\u00bb{}\u00bb][\/et_pb_image][et_pb_text _builder_version=\u00bb4.16&#8243; _module_preset=\u00bbdefault\u00bb text_font=\u00bbMontserrat|500|||||||\u00bb text_text_color=\u00bb#0DA0C5&#8243; text_line_height=\u00bb1.4em\u00bb min_height=\u00bb43px\u00bb custom_margin=\u00bb-25px||19px||false|false\u00bb custom_padding=\u00bb10px||40px||false|false\u00bb text_font_size_tablet=\u00bb13px\u00bb text_font_size_phone=\u00bb13px\u00bb text_font_size_last_edited=\u00bbon|desktop\u00bb text_line_height_tablet=\u00bb\u00bb text_line_height_phone=\u00bb\u00bb text_line_height_last_edited=\u00bbon|phone\u00bb global_colors_info=\u00bb{}\u00bb]<\/p>\n<p><em>Culebra de escalera<\/em><\/p>\n<p>[\/et_pb_text][\/et_pb_column][\/et_pb_row][et_pb_row _builder_version=\u00bb4.16&#8243; _module_preset=\u00bbdefault\u00bb custom_margin=\u00bb-46px|auto||auto||\u00bb custom_padding=\u00bb0px|||||\u00bb global_colors_info=\u00bb{}\u00bb][et_pb_column type=\u00bb4_4&#8243; _builder_version=\u00bb4.16&#8243; _module_preset=\u00bbdefault\u00bb global_colors_info=\u00bb{}\u00bb][et_pb_text admin_label=\u00bbTitular Los olivares\u00bb _builder_version=\u00bb4.16&#8243; _module_preset=\u00bbdefault\u00bb text_font=\u00bbMontserrat||on||||||\u00bb text_text_color=\u00bb#000000&#8243; text_font_size=\u00bb29px\u00bb min_height=\u00bb28px\u00bb custom_margin=\u00bb||||false|false\u00bb custom_padding=\u00bb57px||||false|false\u00bb custom_padding_tablet=\u00bb\u00bb custom_padding_phone=\u00bb\u00bb custom_padding_last_edited=\u00bbon|tablet\u00bb global_colors_info=\u00bb{}\u00bb]<\/p>\n<p><strong>Los olivares<\/strong><\/p>\n<p>[\/et_pb_text][\/et_pb_column][\/et_pb_row][et_pb_row column_structure=\u00bb1_2,1_2&#8243; admin_label=\u00bbLos olivares\u00bb _builder_version=\u00bb4.16&#8243; _module_preset=\u00bbdefault\u00bb min_height=\u00bb451.5px\u00bb custom_margin=\u00bb6px|auto|5px|auto||\u00bb custom_padding=\u00bb15px||5px|||\u00bb locked=\u00bboff\u00bb global_colors_info=\u00bb{}\u00bb][et_pb_column type=\u00bb1_2&#8243; _builder_version=\u00bb4.16&#8243; _module_preset=\u00bbdefault\u00bb global_colors_info=\u00bb{}\u00bb][et_pb_image src=\u00bbhttps:\/\/www.ambite.es\/centrodenaturaleza\/wp-content\/uploads\/2021\/09\/image002-2.jpg\u00bb title_text=\u00bbimage002&#8243; show_in_lightbox=\u00bbon\u00bb admin_label=\u00bbPeque\u00f1o olivar\u00bb _builder_version=\u00bb4.16&#8243; _module_preset=\u00bbdefault\u00bb min_height=\u00bb28px\u00bb custom_margin=\u00bb0px||0px||false|false\u00bb custom_padding=\u00bb0px||0px||false|false\u00bb global_colors_info=\u00bb{}\u00bb][\/et_pb_image][et_pb_text admin_label=\u00bbPie de foto el chaparral\u00bb _builder_version=\u00bb4.16&#8243; _module_preset=\u00bbdefault\u00bb text_font=\u00bbMontserrat|500|||||||\u00bb text_text_color=\u00bb#0DA0C5&#8243; text_line_height=\u00bb1.4em\u00bb min_height=\u00bb43px\u00bb custom_margin=\u00bb0px||0px||false|false\u00bb custom_padding=\u00bb10px||40px||false|false\u00bb text_font_size_tablet=\u00bb13px\u00bb text_font_size_phone=\u00bb13px\u00bb text_font_size_last_edited=\u00bbon|desktop\u00bb text_line_height_tablet=\u00bb\u00bb text_line_height_phone=\u00bb\u00bb text_line_height_last_edited=\u00bbon|phone\u00bb global_colors_info=\u00bb{}\u00bb]<\/p>\n<p class=\"p1\"><em>Peque\u00f1o olivar en un pedregal<\/em><\/p>\n<p>[\/et_pb_text][\/et_pb_column][et_pb_column type=\u00bb1_2&#8243; _builder_version=\u00bb4.16&#8243; _module_preset=\u00bbdefault\u00bb global_colors_info=\u00bb{}\u00bb][et_pb_image src=\u00bbhttps:\/\/www.ambite.es\/centrodenaturaleza\/wp-content\/uploads\/2021\/09\/image003-1.jpg\u00bb title_text=\u00bbimage003&#8243; show_in_lightbox=\u00bbon\u00bb admin_label=\u00bbculebra de escalera\u00bb _builder_version=\u00bb4.16&#8243; _module_preset=\u00bbdefault\u00bb min_height=\u00bb28px\u00bb custom_margin=\u00bb0px||0px||false|false\u00bb custom_padding=\u00bb0px||0px||false|false\u00bb global_colors_info=\u00bb{}\u00bb][\/et_pb_image][et_pb_text admin_label=\u00bbpie de foto romero\u00bb _builder_version=\u00bb4.16&#8243; _module_preset=\u00bbdefault\u00bb text_font=\u00bbMontserrat|500|||||||\u00bb text_text_color=\u00bb#0DA0C5&#8243; text_line_height=\u00bb1.4em\u00bb min_height=\u00bb43px\u00bb custom_margin=\u00bb0px||0px||false|false\u00bb custom_padding=\u00bb10px||40px||false|false\u00bb text_font_size_tablet=\u00bb13px\u00bb text_font_size_phone=\u00bb13px\u00bb text_font_size_last_edited=\u00bbon|desktop\u00bb text_line_height_tablet=\u00bb\u00bb text_line_height_phone=\u00bb\u00bb text_line_height_last_edited=\u00bbon|phone\u00bb global_colors_info=\u00bb{}\u00bb]<\/p>\n<p class=\"p1\"><em>Estornino negro con su librea negra y su pico amarillo caracter\u00edstico<\/em><\/p>\n<p>[\/et_pb_text][\/et_pb_column][\/et_pb_row][et_pb_row _builder_version=\u00bb4.16&#8243; _module_preset=\u00bbdefault\u00bb custom_padding=\u00bb0px|||||\u00bb global_colors_info=\u00bb{}\u00bb][et_pb_column type=\u00bb4_4&#8243; _builder_version=\u00bb4.16&#8243; _module_preset=\u00bbdefault\u00bb global_colors_info=\u00bb{}\u00bb][et_pb_text _builder_version=\u00bb4.16&#8243; _module_preset=\u00bbdefault\u00bb text_font=\u00bbMontserrat||on||||||\u00bb text_font_size=\u00bb17px\u00bb text_line_height=\u00bb1.6em\u00bb custom_margin=\u00bb||3px|||\u00bb global_colors_info=\u00bb{}\u00bb]<\/p>\n<p>Por otra parte, sobre todo en las laderas del valle (m\u00e1s resguardados del viento fr\u00edo del p\u00e1ramo) encontramos muchos <strong>olivares<\/strong> (<em>Olea europaea<\/em>), refugio para aves tan interesantes y en peligro como el <strong>mochuelo europeo <\/strong><em>(Athene noctua<\/em>) y sus aceitunas son fuente de alimento para el <strong>zorzal charlo (<\/strong><em>Turdus viscivorus<\/em><strong>),<\/strong> el <strong>estornino negro (<\/strong><em>Sturnus unicolor<\/em><strong>) <\/strong>y el <strong>estornino pinto (<\/strong><em>Sturnus vulgaris<\/em><strong>), <\/strong>este solo en invierno. En oto\u00f1o e invierno puede haber tambi\u00e9n <strong>zorzal com\u00fan<\/strong> <em>(Turdus philomelos<\/em>) y <strong>zorzal alirrojo<\/strong> (<em>Turdus iliacus<\/em>). Debido al abandono de muchos de los olivares de Ambite hoy podemos ver que han aparecido en ellos todas las especies caracter\u00edsticas del encinar conviviendo con los propios olivos. Existe, en Ambite, un olivo catalogado como \u00e1rbol singular por la Comunidad de Madrid, el Olivo Santo, situado en la ladera orientada al sur del valle del Taju\u00f1a, no muy lejos del l\u00edmite del t\u00e9rmino municipal con Orusco.<\/p>\n<p>[\/et_pb_text][\/et_pb_column][\/et_pb_row][et_pb_row _builder_version=\u00bb4.16&#8243; _module_preset=\u00bbdefault\u00bb custom_margin=\u00bb||3px|||\u00bb custom_padding=\u00bb34px||11px|||\u00bb global_colors_info=\u00bb{}\u00bb][et_pb_column type=\u00bb4_4&#8243; _builder_version=\u00bb4.16&#8243; _module_preset=\u00bbdefault\u00bb global_colors_info=\u00bb{}\u00bb][et_pb_image src=\u00bbhttps:\/\/www.ambite.es\/centrodenaturaleza\/wp-content\/uploads\/2021\/09\/E.3-Foto-3-e1623833622542.png\u00bb title_text=\u00bbE.3 Foto 3&#8243; show_in_lightbox=\u00bbon\u00bb force_fullwidth=\u00bbon\u00bb _builder_version=\u00bb4.16&#8243; _module_preset=\u00bbdefault\u00bb min_height=\u00bb28px\u00bb custom_margin=\u00bb0px||0px||false|false\u00bb custom_padding=\u00bb0px||0px||false|false\u00bb global_colors_info=\u00bb{}\u00bb][\/et_pb_image][et_pb_text admin_label=\u00bbpie de foto romero\u00bb _builder_version=\u00bb4.16&#8243; _module_preset=\u00bbdefault\u00bb text_font=\u00bbMontserrat|500|||||||\u00bb text_text_color=\u00bb#0DA0C5&#8243; text_line_height=\u00bb1.4em\u00bb min_height=\u00bb43px\u00bb custom_margin=\u00bb0px||0px||false|false\u00bb custom_padding=\u00bb10px||40px||false|false\u00bb text_font_size_tablet=\u00bb13px\u00bb text_font_size_phone=\u00bb13px\u00bb text_font_size_last_edited=\u00bbon|desktop\u00bb text_line_height_tablet=\u00bb\u00bb text_line_height_phone=\u00bb\u00bb text_line_height_last_edited=\u00bbon|phone\u00bb locked=\u00bboff\u00bb global_colors_info=\u00bb{}\u00bb]<\/p>\n<p class=\"p1\"><i>Olivo Santo<\/i><\/p>\n<p>[\/et_pb_text][\/et_pb_column][\/et_pb_row][et_pb_row admin_label=\u00bbFila Los pinares\u00bb _builder_version=\u00bb4.16&#8243; _module_preset=\u00bbdefault\u00bb custom_padding=\u00bb4px||14px|||\u00bb global_colors_info=\u00bb{}\u00bb][et_pb_column type=\u00bb4_4&#8243; _builder_version=\u00bb4.16&#8243; _module_preset=\u00bbdefault\u00bb global_colors_info=\u00bb{}\u00bb][et_pb_text _builder_version=\u00bb4.16&#8243; _module_preset=\u00bbdefault\u00bb text_font=\u00bbMontserrat|700|on||||||\u00bb text_text_color=\u00bb#000000&#8243; text_font_size=\u00bb29px\u00bb custom_margin=\u00bb||||false|false\u00bb custom_padding=\u00bb30px||||false|false\u00bb global_colors_info=\u00bb{}\u00bb]<\/p>\n<p>Los pinares<\/p>\n<p>[\/et_pb_text][et_pb_text _builder_version=\u00bb4.16&#8243; _module_preset=\u00bbdefault\u00bb text_font=\u00bbMontserrat||on||||||\u00bb text_font_size=\u00bb17px\u00bb text_line_height=\u00bb1.6em\u00bb min_height=\u00bb28px\u00bb custom_margin=\u00bb||||false|false\u00bb custom_padding=\u00bb10px||2px||false|false\u00bb global_colors_info=\u00bb{}\u00bb]<\/p>\n<p>En este caso hablamos de repoblaciones realizadas con <strong>pino carrasco<\/strong> (<em>Pinus halepensis<\/em>), generalmente en zonas de matorral mediterr\u00e1neo con poca densidad de encinas, una de ellas se realiz\u00f3 en los a\u00f1os 60 del siglo XX, en el entorno de la V\u00eda verde del Taju\u00f1a y otra, mucho m\u00e1s extensa, en los a\u00f1os 90, en las cercan\u00edas de la Pe\u00f1a Ambite, en la ladera del valle del Taju\u00f1a orientada al norte.<\/p>\n<p>[\/et_pb_text][\/et_pb_column][\/et_pb_row][et_pb_row _builder_version=\u00bb4.16&#8243; _module_preset=\u00bbdefault\u00bb custom_margin=\u00bb21px|auto||auto||\u00bb custom_padding=\u00bb3px||15px|||\u00bb global_colors_info=\u00bb{}\u00bb][et_pb_column type=\u00bb4_4&#8243; _builder_version=\u00bb4.16&#8243; _module_preset=\u00bbdefault\u00bb global_colors_info=\u00bb{}\u00bb][et_pb_image src=\u00bbhttps:\/\/www.ambite.es\/centrodenaturaleza\/wp-content\/uploads\/2021\/09\/image005-1.jpg\u00bb title_text=\u00bbimage005&#8243; show_in_lightbox=\u00bbon\u00bb _builder_version=\u00bb4.16&#8243; _module_preset=\u00bbdefault\u00bb custom_margin=\u00bb0px||0px||false|false\u00bb custom_padding=\u00bb0px||0px||false|false\u00bb global_colors_info=\u00bb{}\u00bb][\/et_pb_image][\/et_pb_column][\/et_pb_row][et_pb_row _builder_version=\u00bb4.16&#8243; _module_preset=\u00bbdefault\u00bb custom_margin=\u00bb-9px|auto||auto||\u00bb custom_padding=\u00bb0px||18px|||\u00bb global_colors_info=\u00bb{}\u00bb][et_pb_column type=\u00bb4_4&#8243; _builder_version=\u00bb4.16&#8243; _module_preset=\u00bbdefault\u00bb global_colors_info=\u00bb{}\u00bb][et_pb_text _builder_version=\u00bb4.16&#8243; _module_preset=\u00bbdefault\u00bb text_font=\u00bbMontserrat|500|||||||\u00bb text_text_color=\u00bb#0DA0C5&#8243; text_line_height=\u00bb1.4em\u00bb min_height=\u00bb43px\u00bb custom_margin=\u00bb0px||0px||false|false\u00bb custom_padding=\u00bb10px||40px||false|false\u00bb text_font_size_tablet=\u00bb13px\u00bb text_font_size_phone=\u00bb13px\u00bb text_font_size_last_edited=\u00bbon|desktop\u00bb text_line_height_tablet=\u00bb\u00bb text_line_height_phone=\u00bb\u00bb text_line_height_last_edited=\u00bbon|phone\u00bb global_colors_info=\u00bb{}\u00bb]<\/p>\n<p class=\"p1\"><em>Pinar de pino carrasco en la ladera del Valle del Taju\u00f1a<\/em><\/p>\n<p>[\/et_pb_text][\/et_pb_column][\/et_pb_row][et_pb_row _builder_version=\u00bb4.16&#8243; _module_preset=\u00bbdefault\u00bb custom_margin=\u00bb0px|auto|0px|auto|false|false\u00bb custom_padding=\u00bb0px||18px||false|false\u00bb global_colors_info=\u00bb{}\u00bb][et_pb_column type=\u00bb4_4&#8243; _builder_version=\u00bb4.16&#8243; _module_preset=\u00bbdefault\u00bb global_colors_info=\u00bb{}\u00bb][et_pb_text admin_label=\u00bbTexto 2 los pinares\u00bb _builder_version=\u00bb4.16&#8243; _module_preset=\u00bbdefault\u00bb text_font=\u00bbMontserrat||on||||||\u00bb text_font_size=\u00bb17px\u00bb text_line_height=\u00bb1.6em\u00bb custom_margin=\u00bb0px||0px||false|false\u00bb custom_padding=\u00bb50px||0px||false|false\u00bb global_colors_info=\u00bb{}\u00bb]<\/p>\n<p>Existe alg\u00fan otro pinar, pero de mucho menor entidad.<\/p>\n<p>Aunque la especie dominante es el pino carrasco, existen numerosas encinas mucho m\u00e1s longevas que los propios pinos, as\u00ed como otros ejemplares que han ido apareciendo desde entonces. Tambi\u00e9n se puede observar alg\u00fan quejigo e incluso hay alg\u00fan <strong>nogal <\/strong>(<em>Juglans regia<\/em>). Contamos adem\u00e1s con varios de los arbustos caracter\u00edsticos del matorral mediterr\u00e1neo como la aulaga, el jazm\u00edn silvestre, el espino negro, la coscoja y el aladierno.<\/p>\n<p>Tambi\u00e9n es f\u00e1cil observar mirlos y palomas torcaces, que siendo abundantes en el matorral mediterr\u00e1neo, pueden construir sus nidos en los pinos con ramaje denso. Pero tambi\u00e9n veremos aves t\u00edpicamente forestales como el <strong>carbonero com\u00fan <\/strong>(<em>Parus major<\/em>) y el <strong>mito <\/strong>(<em>Aegithalos caudatus<\/em>). Entre las rapaces destacar al <strong>azor com\u00fan<\/strong> (<em>Accipiter gentilis<\/em>), por su car\u00e1cter netamente forestal.<\/p>\n<p>Mam\u00edferos t\u00edpicos del matorral mediterr\u00e1neo como el corzo y el jabal\u00ed, tambi\u00e9n est\u00e1n aqu\u00ed presentes y no es dif\u00edcil ver alguna madriguera de conejo. Tambi\u00e9n existe la <strong>ardilla<\/strong> <strong>roja<\/strong> (<em>Sciurus vulgaris<\/em>), incluso en el pinar de la V\u00eda verde, al menos hasta la entresaca realizada en 2020 y la posterior nevada en enero de 2021 que lo diezmaron, era frecuente verlas.<\/p>\n<p>[\/et_pb_text][\/et_pb_column][\/et_pb_row][et_pb_row column_structure=\u00bb1_2,1_2&#8243; admin_label=\u00bbFila Carbonero y ardilla\u00bb _builder_version=\u00bb4.16&#8243; _module_preset=\u00bbdefault\u00bb min_height=\u00bb490.6px\u00bb custom_margin=\u00bb||||false|false\u00bb custom_padding=\u00bb7px||5px||false|false\u00bb global_colors_info=\u00bb{}\u00bb][et_pb_column type=\u00bb1_2&#8243; _builder_version=\u00bb4.16&#8243; _module_preset=\u00bbdefault\u00bb global_colors_info=\u00bb{}\u00bb][et_pb_image src=\u00bbhttps:\/\/www.ambite.es\/centrodenaturaleza\/wp-content\/uploads\/2021\/09\/image006-1-1.jpg\u00bb title_text=\u00bbimage006&#8243; show_in_lightbox=\u00bbon\u00bb force_fullwidth=\u00bbon\u00bb admin_label=\u00bbFoto Carbonero com\u00fan\u00bb _builder_version=\u00bb4.16&#8243; _module_preset=\u00bbdefault\u00bb min_height=\u00bb28px\u00bb custom_margin=\u00bb||||false|false\u00bb custom_padding=\u00bb10px||2px||false|false\u00bb global_colors_info=\u00bb{}\u00bb][\/et_pb_image][et_pb_text _builder_version=\u00bb4.16&#8243; _module_preset=\u00bbdefault\u00bb text_font=\u00bbMontserrat|500|||||||\u00bb text_text_color=\u00bb#0DA0C5&#8243; text_line_height=\u00bb1.4em\u00bb min_height=\u00bb43px\u00bb custom_margin=\u00bb-25px||19px||false|false\u00bb custom_padding=\u00bb10px||40px||false|false\u00bb text_font_size_tablet=\u00bb13px\u00bb text_font_size_phone=\u00bb13px\u00bb text_font_size_last_edited=\u00bbon|desktop\u00bb text_line_height_tablet=\u00bb\u00bb text_line_height_phone=\u00bb\u00bb text_line_height_last_edited=\u00bbon|phone\u00bb global_colors_info=\u00bb{}\u00bb]<\/p>\n<p class=\"p1\"><em>Carbonero com\u00fan<\/em><\/p>\n<p>[\/et_pb_text][\/et_pb_column][et_pb_column type=\u00bb1_2&#8243; _builder_version=\u00bb4.16&#8243; _module_preset=\u00bbdefault\u00bb global_colors_info=\u00bb{}\u00bb][et_pb_image src=\u00bbhttps:\/\/www.ambite.es\/centrodenaturaleza\/wp-content\/uploads\/2021\/09\/image007-1-1.jpg\u00bb title_text=\u00bbimage007&#8243; show_in_lightbox=\u00bbon\u00bb force_fullwidth=\u00bbon\u00bb admin_label=\u00bbfoto ardilla roja\u00bb _builder_version=\u00bb4.16&#8243; _module_preset=\u00bbdefault\u00bb min_height=\u00bb28px\u00bb custom_margin=\u00bb||||false|false\u00bb custom_padding=\u00bb10px||2px||false|false\u00bb global_colors_info=\u00bb{}\u00bb text_line_height_last_edited=\u00bbon|phone\u00bb][\/et_pb_image][et_pb_text _builder_version=\u00bb4.16&#8243; _module_preset=\u00bbdefault\u00bb text_font=\u00bbMontserrat|500|||||||\u00bb text_text_color=\u00bb#0DA0C5&#8243; text_line_height=\u00bb1.4em\u00bb min_height=\u00bb43px\u00bb custom_margin=\u00bb-25px||19px||false|false\u00bb custom_padding=\u00bb10px||40px||false|false\u00bb text_font_size_tablet=\u00bb13px\u00bb text_font_size_phone=\u00bb13px\u00bb text_font_size_last_edited=\u00bbon|desktop\u00bb text_line_height_tablet=\u00bb\u00bb text_line_height_phone=\u00bb\u00bb text_line_height_last_edited=\u00bbon|phone\u00bb global_colors_info=\u00bb{}\u00bb]<\/p>\n<p class=\"p1\"><em>Ardilla roja trepando a un pino carrasco<\/em><\/p>\n<p>[\/et_pb_text][\/et_pb_column][\/et_pb_row][et_pb_row admin_label=\u00bbApartado El suelo\u00bb _builder_version=\u00bb4.16&#8243; _module_preset=\u00bbdefault\u00bb custom_padding=\u00bb||61px||false|false\u00bb global_colors_info=\u00bb{}\u00bb][et_pb_column type=\u00bb4_4&#8243; _builder_version=\u00bb4.16&#8243; _module_preset=\u00bbdefault\u00bb global_colors_info=\u00bb{}\u00bb][et_pb_text admin_label=\u00bbTitular el suelo\u00bb _builder_version=\u00bb4.16&#8243; _module_preset=\u00bbdefault\u00bb text_font=\u00bbMontserrat|700|on||||||\u00bb text_text_color=\u00bb#000000&#8243; text_font_size=\u00bb29px\u00bb custom_margin=\u00bb||||false|false\u00bb custom_padding=\u00bb2px||||false|false\u00bb global_colors_info=\u00bb{}\u00bb]<\/p>\n<p>El suelo<\/p>\n<p>[\/et_pb_text][et_pb_text admin_label=\u00bbTexto el suelo\u00bb _builder_version=\u00bb4.16&#8243; _module_preset=\u00bbdefault\u00bb text_font=\u00bbMontserrat||on||||||\u00bb text_font_size=\u00bb17px\u00bb text_line_height=\u00bb1.6em\u00bb min_height=\u00bb28px\u00bb custom_margin=\u00bb||||false|false\u00bb custom_padding=\u00bb10px||2px||false|false\u00bb global_colors_info=\u00bb{}\u00bb]<\/p>\n<p>Pero existe otro h\u00e1bitat fundamental: el suelo, imprescindible l\u00f3gicamente para las plantas y como sost\u00e9n de todo el ecosistema, en \u00e9l se reproducen, se alimentan, excavan galer\u00edas o hibernan numerosas especies. Entre otros insectos, algunas especies de escarabajos son importantes en el procesado de la materia org\u00e1nica del suelo, como el <strong>escarabajo blaps<\/strong> (<em>Blaps <\/em>sp), papel que comparte con otro animal que no es un insecto: la <strong>lombriz de tierra<\/strong> (<em>Lumbricus terrestris<\/em>). Esta labor de descomposici\u00f3n la finalizar\u00e1n numerosas especies de hongos y bacterias, haciendo posible as\u00ed el reciclado de la materia en el ecosistema. Una especie que muchas veces se confunde con la lombriz es la <strong>culebrilla ciega<\/strong> (<em>Blanus<\/em> <em>fuscus<\/em>), un reptil (pero no culebra), sin patas y ciego que se basa su alimentaci\u00f3n en hormigas que captura en los orificios por los que se mueve.<\/p>\n<p>Tambi\u00e9n, de h\u00e1bitos subterr\u00e1neos y lapid\u00edcolas podemos encontrar a la <strong>culebra de<\/strong> <strong>cogulla occidental<\/strong> (<em>Macroprotodon brevis<\/em>), incluida en el cat\u00e1logo regional de la Comunidad de Madrid como especie \u201cVulnerable\u201d.<\/p>\n<p>[\/et_pb_text][\/et_pb_column][\/et_pb_row][et_pb_row column_structure=\u00bb1_2,1_2&#8243; admin_label=\u00bbEl suelo\u00bb _builder_version=\u00bb4.16&#8243; _module_preset=\u00bbdefault\u00bb min_height=\u00bb154px\u00bb custom_margin=\u00bb0px|auto|0px|auto|true|false\u00bb custom_padding=\u00bb0px||0px||false|false\u00bb global_colors_info=\u00bb{}\u00bb][et_pb_column type=\u00bb1_2&#8243; _builder_version=\u00bb4.16&#8243; _module_preset=\u00bbdefault\u00bb global_colors_info=\u00bb{}\u00bb][et_pb_image src=\u00bbhttps:\/\/www.ambite.es\/centrodenaturaleza\/wp-content\/uploads\/2021\/11\/panel-3-baja_0002_Capa-3-e1623833577510.jpg\u00bb title_text=\u00bbpanel 3 baja_0002_Capa 3&#8243; show_in_lightbox=\u00bbon\u00bb _builder_version=\u00bb4.16&#8243; _module_preset=\u00bbdefault\u00bb custom_margin=\u00bb0px||0px||true|false\u00bb custom_padding=\u00bb10px||||false|false\u00bb global_colors_info=\u00bb{}\u00bb][\/et_pb_image][et_pb_text _builder_version=\u00bb4.16&#8243; _module_preset=\u00bbdefault\u00bb text_font=\u00bbMontserrat|500|||||||\u00bb text_text_color=\u00bb#0DA0C5&#8243; text_line_height=\u00bb1.4em\u00bb min_height=\u00bb43px\u00bb custom_margin=\u00bb0px||0px||true|false\u00bb custom_padding=\u00bb10px||40px||false|false\u00bb text_font_size_tablet=\u00bb13px\u00bb text_font_size_phone=\u00bb13px\u00bb text_font_size_last_edited=\u00bbon|desktop\u00bb text_line_height_tablet=\u00bb\u00bb text_line_height_phone=\u00bb\u00bb text_line_height_last_edited=\u00bbon|phone\u00bb global_colors_info=\u00bb{}\u00bb]<\/p>\n<p><em>Culebrilla ciega<\/em><\/p>\n<p>[\/et_pb_text][\/et_pb_column][et_pb_column type=\u00bb1_2&#8243; _builder_version=\u00bb4.16&#8243; _module_preset=\u00bbdefault\u00bb global_colors_info=\u00bb{}\u00bb][et_pb_image src=\u00bbhttps:\/\/www.ambite.es\/centrodenaturaleza\/wp-content\/uploads\/2021\/11\/amanita-blanca.jpg\u00bb title_text=\u00bbamanita blanca\u00bb show_in_lightbox=\u00bbon\u00bb force_fullwidth=\u00bbon\u00bb _builder_version=\u00bb4.16&#8243; _module_preset=\u00bbdefault\u00bb min_height=\u00bb28px\u00bb custom_margin=\u00bb||||false|false\u00bb custom_padding=\u00bb10px||2px||false|false\u00bb global_colors_info=\u00bb{}\u00bb][\/et_pb_image][et_pb_text _builder_version=\u00bb4.16&#8243; _module_preset=\u00bbdefault\u00bb text_font=\u00bbMontserrat|500|||||||\u00bb text_text_color=\u00bb#0DA0C5&#8243; text_line_height=\u00bb1.4em\u00bb min_height=\u00bb43px\u00bb custom_margin=\u00bb-25px||19px||false|false\u00bb custom_padding=\u00bb10px||40px||false|false\u00bb text_font_size_tablet=\u00bb13px\u00bb text_font_size_phone=\u00bb13px\u00bb text_font_size_last_edited=\u00bbon|desktop\u00bb text_line_height_tablet=\u00bb\u00bb text_line_height_phone=\u00bb\u00bb text_line_height_last_edited=\u00bbon|phone\u00bb locked=\u00bboff\u00bb global_colors_info=\u00bb{}\u00bb]<\/p>\n<p><em>El suelo es fuente de vida en el encinar<\/em><\/p>\n<p>[\/et_pb_text][\/et_pb_column][\/et_pb_row][et_pb_row _builder_version=\u00bb4.16&#8243; _module_preset=\u00bbdefault\u00bb custom_margin=\u00bb||3px|||\u00bb custom_padding=\u00bb2px|||||\u00bb global_colors_info=\u00bb{}\u00bb][et_pb_column type=\u00bb4_4&#8243; _builder_version=\u00bb4.16&#8243; _module_preset=\u00bbdefault\u00bb global_colors_info=\u00bb{}\u00bb][et_pb_text _builder_version=\u00bb4.16&#8243; _module_preset=\u00bbdefault\u00bb text_font=\u00bbMontserrat|700|on||||||\u00bb text_text_color=\u00bb#000000&#8243; text_font_size=\u00bb29px\u00bb custom_margin=\u00bb||||false|false\u00bb custom_padding=\u00bb30px||||false|false\u00bb text_line_height_tablet=\u00bb\u00bb text_line_height_phone=\u00bb1.2em\u00bb text_line_height_last_edited=\u00bbon|phone\u00bb global_colors_info=\u00bb{}\u00bb]<\/p>\n<p><strong>Los insectos del matorral mediterr\u00e1neo<\/strong><\/p>\n<p>[\/et_pb_text][et_pb_text _builder_version=\u00bb4.16&#8243; _module_preset=\u00bbdefault\u00bb text_font=\u00bbMontserrat||on||||||\u00bb text_font_size=\u00bb17px\u00bb text_line_height=\u00bb1.6em\u00bb custom_margin=\u00bb||3px|||\u00bb global_colors_info=\u00bb{}\u00bb]<\/p>\n<p>En el matorral mediterr\u00e1neo, en sus diversas versiones, tenemos numerosas especies de insectos. Entre ellos algunos saltamontes, como el <strong>saltamontes de alas rojas<\/strong> (<em>Oedipoda germanica<\/em>) y el <strong>saltamontes de alas azules<\/strong> (<em>Oedipoda caurulescens<\/em>), sin olvidar a la <strong>langosta egipcia<\/strong> (<em>Anacridium aegyptium<\/em>), esta puede ser visto en huertos y jardines, llama la atenci\u00f3n por su gran tama\u00f1o, siendo la hembra mucho mayor que el macho, unos 7cm y 4cm respectivamente y tambi\u00e9n porque es bastante resistente a los cambios de temperatura, as\u00ed que puede ser visto pr\u00e1cticamente todo el a\u00f1o, excepto los d\u00edas m\u00e1s fr\u00edos. Todos ellos son herb\u00edvoros.<\/p>\n<p>Entre las mariposas, la m\u00e1s com\u00fan es la <strong>mariposa de la col (<\/strong><em>Pieris sp<\/em><strong>)<\/strong>, que se puede ver salvo en los d\u00edas m\u00e1s fr\u00edos del a\u00f1o, aunque tambi\u00e9n es frecuente observar, entre otras: la <strong>mariposa de los muros (<\/strong><em>Pararge aegeria<\/em><strong>)<\/strong>, la <strong>cleopatra <\/strong>(<em>Gonepteryx cleopatra<\/em>), el <strong>\u00edcaro<\/strong> (<em>Polyommatus icarus<\/em>), la <strong>vanesa atalanta<\/strong> (<em>Vanessa atalanta<\/em>) y la <strong>esfinge colibr\u00ed<\/strong> (<em>Macroglossum stellatarum<\/em>) estas dos \u00faltimas son migradoras. Destacaremos por su gran tama\u00f1o a la <strong>cola de golondrina<\/strong> (<em>Papilio machaon<\/em>), que suele preferir el <strong>hinojo<\/strong> (<em>Foeniculum vulgare<\/em>) para depositar sus huevos y que sirva de alimento para sus grandes y vistosas larvas.<\/p>\n<p>[\/et_pb_text][\/et_pb_column][\/et_pb_row][et_pb_row column_structure=\u00bb1_3,1_3,1_3&#8243; admin_label=\u00bbTres fotos\u00bb _builder_version=\u00bb4.16&#8243; _module_preset=\u00bbdefault\u00bb custom_padding=\u00bb0px||0px|||\u00bb global_colors_info=\u00bb{}\u00bb][et_pb_column type=\u00bb1_3&#8243; _builder_version=\u00bb4.16&#8243; _module_preset=\u00bbdefault\u00bb global_colors_info=\u00bb{}\u00bb][et_pb_image src=\u00bbhttps:\/\/www.ambite.es\/centrodenaturaleza\/wp-content\/uploads\/2021\/09\/cigarras-baja-e1623833717671.jpg\u00bb title_text=\u00bbcigarras-baja\u00bb show_in_lightbox=\u00bbon\u00bb _builder_version=\u00bb4.16&#8243; _module_preset=\u00bbdefault\u00bb custom_margin=\u00bb0px||0px||true|false\u00bb global_colors_info=\u00bb{}\u00bb][\/et_pb_image][et_pb_text _builder_version=\u00bb4.16&#8243; _module_preset=\u00bbdefault\u00bb text_font=\u00bbMontserrat|500|||||||\u00bb text_text_color=\u00bb#0DA0C5&#8243; text_line_height=\u00bb1.4em\u00bb min_height=\u00bb43px\u00bb custom_margin=\u00bb0px||0px||true|false\u00bb custom_padding=\u00bb10px||40px||false|false\u00bb text_font_size_tablet=\u00bb13px\u00bb text_font_size_phone=\u00bb13px\u00bb text_font_size_last_edited=\u00bbon|desktop\u00bb text_line_height_tablet=\u00bb\u00bb text_line_height_phone=\u00bb\u00bb text_line_height_last_edited=\u00bbon|phone\u00bb global_colors_info=\u00bb{}\u00bb]<\/p>\n<p><em>Langosta egipcia en apareamiento<\/em><\/p>\n<p>[\/et_pb_text][\/et_pb_column][et_pb_column type=\u00bb1_3&#8243; _builder_version=\u00bb4.16&#8243; _module_preset=\u00bbdefault\u00bb global_colors_info=\u00bb{}\u00bb][et_pb_image src=\u00bbhttps:\/\/www.ambite.es\/centrodenaturaleza\/wp-content\/uploads\/2021\/09\/gusano-baja-e1623833707196.jpg\u00bb title_text=\u00bbgusano-baja\u00bb show_in_lightbox=\u00bbon\u00bb align=\u00bbcenter\u00bb _builder_version=\u00bb4.16&#8243; _module_preset=\u00bbdefault\u00bb custom_margin=\u00bb0px||0px||true|false\u00bb custom_margin_tablet=\u00bb\u00bb custom_margin_phone=\u00bb-37px||||false|false\u00bb custom_margin_last_edited=\u00bbon|phone\u00bb global_colors_info=\u00bb{}\u00bb][\/et_pb_image][et_pb_text _builder_version=\u00bb4.16&#8243; _module_preset=\u00bbdefault\u00bb text_font=\u00bbMontserrat|500|||||||\u00bb text_text_color=\u00bb#0DA0C5&#8243; text_line_height=\u00bb1.4em\u00bb min_height=\u00bb43px\u00bb custom_margin=\u00bb0px||0px||true|false\u00bb custom_padding=\u00bb10px||40px||false|false\u00bb text_font_size_tablet=\u00bb13px\u00bb text_font_size_phone=\u00bb13px\u00bb text_font_size_last_edited=\u00bbon|desktop\u00bb text_line_height_tablet=\u00bb\u00bb text_line_height_phone=\u00bb\u00bb text_line_height_last_edited=\u00bbon|phone\u00bb global_colors_info=\u00bb{}\u00bb]<\/p>\n<p><em>Larva de la mariposa Cola de Golondrina sobre hinojo<\/em><\/p>\n<p>[\/et_pb_text][\/et_pb_column][et_pb_column type=\u00bb1_3&#8243; _builder_version=\u00bb4.16&#8243; _module_preset=\u00bbdefault\u00bb global_colors_info=\u00bb{}\u00bb][et_pb_image src=\u00bbhttps:\/\/www.ambite.es\/centrodenaturaleza\/wp-content\/uploads\/2021\/09\/PA237169-2-baja-e1623833729814.jpg\u00bb title_text=\u00bbPA237169-(2)-baja\u00bb show_in_lightbox=\u00bbon\u00bb _builder_version=\u00bb4.16&#8243; _module_preset=\u00bbdefault\u00bb custom_margin=\u00bb0px||0px||true|false\u00bb custom_margin_tablet=\u00bb\u00bb custom_margin_phone=\u00bb-39px||||false|false\u00bb custom_margin_last_edited=\u00bbon|phone\u00bb global_colors_info=\u00bb{}\u00bb][\/et_pb_image][et_pb_text _builder_version=\u00bb4.16&#8243; _module_preset=\u00bbdefault\u00bb text_font=\u00bbMontserrat|500|||||||\u00bb text_text_color=\u00bb#0DA0C5&#8243; text_line_height=\u00bb1.4em\u00bb min_height=\u00bb43px\u00bb custom_margin=\u00bb0px||0px||true|false\u00bb custom_padding=\u00bb10px||40px||false|false\u00bb text_font_size_tablet=\u00bb13px\u00bb text_font_size_phone=\u00bb13px\u00bb text_font_size_last_edited=\u00bbon|desktop\u00bb text_line_height_tablet=\u00bb\u00bb text_line_height_phone=\u00bb\u00bb text_line_height_last_edited=\u00bbon|phone\u00bb global_colors_info=\u00bb{}\u00bb]<\/p>\n<p><em>Mantis religiosa devorando una avispa que acaba de capturar<\/em><\/p>\n<p>[\/et_pb_text][\/et_pb_column][\/et_pb_row][et_pb_row _builder_version=\u00bb4.16&#8243; _module_preset=\u00bbdefault\u00bb custom_padding=\u00bb0px|||||\u00bb global_colors_info=\u00bb{}\u00bb][et_pb_column type=\u00bb4_4&#8243; _builder_version=\u00bb4.16&#8243; _module_preset=\u00bbdefault\u00bb global_colors_info=\u00bb{}\u00bb][et_pb_text _builder_version=\u00bb4.16&#8243; _module_preset=\u00bbdefault\u00bb text_font=\u00bbMontserrat||on||||||\u00bb text_font_size=\u00bb17px\u00bb text_line_height=\u00bb1.6em\u00bb custom_margin=\u00bb||3px|||\u00bb global_colors_info=\u00bb{}\u00bb]<\/p>\n<p>Por otra parte, no podemos olvidar a la <strong>abeja de la miel<\/strong> (<em>Apis mellifera<\/em>) por su contribuci\u00f3n a la producci\u00f3n de miel y a la polinizaci\u00f3n de muchas plantas del matorral mediterr\u00e1neo. Tambi\u00e9n son buenos polinizadores el <strong>abejorro com\u00fan<\/strong> (<em>Bombus<\/em> <em>terrestris<\/em>) y el <strong>abejorro carpintero<\/strong> (<em>Xylocopa violacea<\/em>), bastante conocido por su gran tama\u00f1o y por ser muy com\u00fan, es de color negro con reflejos violetas y excava galer\u00edas en la madera, donde depositar\u00e1 los huevos. Existen tambi\u00e9n varias especies de <strong>avispas<\/strong> (<em>Vespula<\/em> spp., <em>Polistes<\/em> spp\u2026) y destacamos al <strong>avisp\u00f3n<\/strong> (<em>Vespa crabro<\/em>) por su gran tama\u00f1o, la mayor\u00eda de ellas de r\u00e9gimen omn\u00edvoro.<\/p>\n<p>Destacamos tambi\u00e9n la <strong>mosca de la carne (<\/strong><em>Sarcophaga carnaria<\/em><strong>),<\/strong> el <strong>moscard\u00f3n<\/strong> (<em>Calliphora vomitoria<\/em>) y la <strong>mosca verde (<\/strong><em>Lucilia ca<\/em>esar<strong>)<\/strong>, que aprovechan cad\u00e1veres y desechos org\u00e1nicos para realizar la puesta o para alimentarse.<\/p>\n<p>No olvidemos a un insecto depredador, la <strong>mantis religiosa (<\/strong><em>Mantis religiosa<\/em><strong>)<\/strong>, que captura garrapatas e insectos de casi cualquier grupo: moscas, mariposas, saltamontes\u2026, a los que da caza disparando su primer par de patas, que cuando acecha las tiene recogidas. Es un consumado experto en el camuflaje, lo que facilita sus ataques, muestra un color verde en primavera, pero pasa a un color entre amarillento y marr\u00f3n a medida que la vegetaci\u00f3n se seca en verano. La mantis comparte con algunas ara\u00f1as una fama bien conocida y es que la hembra se come al macho, en numerosas ocasiones, despu\u00e9s de la c\u00f3pula.<\/p>\n<p>[\/et_pb_text][et_pb_text _builder_version=\u00bb4.16&#8243; _module_preset=\u00bbdefault\u00bb text_font=\u00bbMontserrat|700|on||||||\u00bb text_text_color=\u00bb#000000&#8243; text_font_size=\u00bb29px\u00bb text_line_height=\u00bb1.2em\u00bb custom_margin=\u00bb||||false|false\u00bb custom_padding=\u00bb30px||||false|false\u00bb locked=\u00bboff\u00bb global_colors_info=\u00bb{}\u00bb]<\/p>\n<p><strong>A modo de conclusi\u00f3n<\/strong><\/p>\n<p>[\/et_pb_text][et_pb_text _builder_version=\u00bb4.16&#8243; _module_preset=\u00bbdefault\u00bb text_font=\u00bbMontserrat||on||||||\u00bb text_font_size=\u00bb17px\u00bb text_line_height=\u00bb1.6em\u00bb custom_margin=\u00bb||3px|||\u00bb global_colors_info=\u00bb{}\u00bb]<\/p>\n<p>Al estudiar el encinar aprendemos que su \u00fanica fuente de energ\u00eda es la luz del sol y que sus \u00fanicas fuentes de materia son el suelo (con las sales minerales y el agua) y el aire (con el ox\u00edgeno y el di\u00f3xido de carbono). A partir de aqu\u00ed las plantas, que as\u00ed obtienen su alimento, servir\u00e1n a su vez de alimento para herb\u00edvoros, luego vendr\u00e1n omn\u00edvoros y carn\u00edvoros, despu\u00e9s los necr\u00f3fagos y finalmente los detrit\u00edvoros o descomponedores que se alimentan de cualquier resto de animal o planta que haya en el suelo, transform\u00e1ndolo finalmente en sales minerales que servir\u00e1n de nuevo de materia para las plantas. Podemos aprender algo importante del matorral mediterr\u00e1neo: en \u00e9l no hay ning\u00fan residuo in\u00fatil, todo se recicla.<\/p>\n<p>[\/et_pb_text][\/et_pb_column][\/et_pb_row][et_pb_row _builder_version=\u00bb4.16&#8243; _module_preset=\u00bbdefault\u00bb custom_margin=\u00bb||0px||false|false\u00bb global_colors_info=\u00bb{}\u00bb][et_pb_column type=\u00bb4_4&#8243; _builder_version=\u00bb4.16&#8243; _module_preset=\u00bbdefault\u00bb global_colors_info=\u00bb{}\u00bb][et_pb_image src=\u00bbhttps:\/\/www.ambite.es\/centrodenaturaleza\/wp-content\/uploads\/2021\/12\/Piramide-trofica-2.jpg\u00bb title_text=\u00bbPiramide trofica 2&#8243; show_in_lightbox=\u00bbon\u00bb admin_label=\u00bbPiramide\u00bb _builder_version=\u00bb4.16&#8243; _module_preset=\u00bbdefault\u00bb custom_margin=\u00bb||3px|||\u00bb global_colors_info=\u00bb{}\u00bb][\/et_pb_image][\/et_pb_column][\/et_pb_row][et_pb_row _builder_version=\u00bb4.16&#8243; _module_preset=\u00bbdefault\u00bb custom_padding=\u00bb||87px||false|false\u00bb global_colors_info=\u00bb{}\u00bb][et_pb_column type=\u00bb4_4&#8243; _builder_version=\u00bb4.16&#8243; _module_preset=\u00bbdefault\u00bb global_colors_info=\u00bb{}\u00bb][et_pb_text _builder_version=\u00bb4.16&#8243; _module_preset=\u00bbdefault\u00bb text_font=\u00bbMontserrat||on||||||\u00bb text_font_size=\u00bb17px\u00bb text_line_height=\u00bb1.6em\u00bb custom_margin=\u00bb||3px|||\u00bb global_colors_info=\u00bb{}\u00bb]<\/p>\n<p>Hoy se impone salvaguardar nuestros encinares para futuras generaciones evitando las amenazas que provocan su total destrucci\u00f3n como las canteras y las talas indiscriminadas.<\/p>\n<p>[\/et_pb_text][\/et_pb_column][\/et_pb_row][et_pb_row _builder_version=\u00bb4.16&#8243; _module_preset=\u00bbdefault\u00bb custom_margin=\u00bb|auto|28px|auto||\u00bb custom_padding=\u00bb31px|||||\u00bb global_colors_info=\u00bb{}\u00bb][et_pb_column type=\u00bb4_4&#8243; _builder_version=\u00bb4.16&#8243; _module_preset=\u00bbdefault\u00bb global_colors_info=\u00bb{}\u00bb][et_pb_image src=\u00bbhttps:\/\/www.ambite.es\/centrodenaturaleza\/wp-content\/uploads\/2021\/12\/AMBITE-MARCA-HORIZONTAL-BICOLOR.png\u00bb title_text=\u00bbAMBITE &#8211; MARCA HORIZONTAL BICOLOR\u00bb align=\u00bbcenter\u00bb admin_label=\u00bblogo Ambite azul\u00bb _builder_version=\u00bb4.16&#8243; _module_preset=\u00bbdefault\u00bb width=\u00bb100%\u00bb max_width=\u00bb20%\u00bb max_width_tablet=\u00bb22%\u00bb max_width_phone=\u00bb60%\u00bb max_width_last_edited=\u00bbon|phone\u00bb module_alignment=\u00bbcenter\u00bb global_colors_info=\u00bb{}\u00bb][\/et_pb_image][et_pb_text _builder_version=\u00bb4.16&#8243; _module_preset=\u00bbdefault\u00bb text_font_size=\u00bb17px\u00bb text_line_height=\u00bb1.5em\u00bb text_orientation=\u00bbcenter\u00bb text_font_size_tablet=\u00bb15px\u00bb text_font_size_phone=\u00bb14px\u00bb text_font_size_last_edited=\u00bbon|tablet\u00bb global_colors_info=\u00bb{}\u00bb]<\/p>\n<p>Este proyecto ha sido posible gracias al Ayuntamiento de Ambite y a la colaboraci\u00f3n de:<\/p>\n<p>[\/et_pb_text][et_pb_image src=\u00bbhttps:\/\/www.ambite.es\/centrodenaturaleza\/wp-content\/uploads\/2021\/06\/Tira-Logos-oficiales-scaled-1.jpg\u00bb title_text=\u00bbTira-Logos-oficiales\u00bb align=\u00bbcenter\u00bb admin_label=\u00bblogotipos empresas\u00bb _builder_version=\u00bb4.16&#8243; _module_preset=\u00bbdefault\u00bb width=\u00bb100%\u00bb max_width=\u00bb53%\u00bb max_width_tablet=\u00bb73%\u00bb max_width_phone=\u00bb90%\u00bb max_width_last_edited=\u00bbon|desktop\u00bb module_alignment=\u00bbcenter\u00bb global_colors_info=\u00bb{}\u00bb][\/et_pb_image][\/et_pb_column][\/et_pb_row][\/et_pb_section]<\/p>\n","protected":false},"excerpt":{"rendered":"<p>El bosque mediterr\u00e1neoAQU\u00cd LO PUEDES ESCUCHARPara los que prefieran que se lo contemos, hemos preparado un extracto en audio, que facilitar\u00e1 la comprensi\u00f3n del tema que nos ocupa.EL BOSQUE MEDITERR\u00c1NEOEl Matorral Mediterr\u00e1neoEs un ecosistema que se extiende por amplias zonas del t\u00e9rmino municipal de Ambite, lo que confiere un alto valor ecol\u00f3gico a esta zona [&hellip;]<\/p>\n","protected":false},"author":3,"featured_media":0,"parent":0,"menu_order":0,"comment_status":"closed","ping_status":"closed","template":"","meta":{"_et_pb_use_builder":"on","_et_pb_old_content":"","_et_gb_content_width":"","footnotes":""},"class_list":["post-1454","page","type-page","status-publish","hentry"],"_links":{"self":[{"href":"https:\/\/www.ambite.es\/centrodenaturaleza\/wp-json\/wp\/v2\/pages\/1454","targetHints":{"allow":["GET"]}}],"collection":[{"href":"https:\/\/www.ambite.es\/centrodenaturaleza\/wp-json\/wp\/v2\/pages"}],"about":[{"href":"https:\/\/www.ambite.es\/centrodenaturaleza\/wp-json\/wp\/v2\/types\/page"}],"author":[{"embeddable":true,"href":"https:\/\/www.ambite.es\/centrodenaturaleza\/wp-json\/wp\/v2\/users\/3"}],"replies":[{"embeddable":true,"href":"https:\/\/www.ambite.es\/centrodenaturaleza\/wp-json\/wp\/v2\/comments?post=1454"}],"version-history":[{"count":48,"href":"https:\/\/www.ambite.es\/centrodenaturaleza\/wp-json\/wp\/v2\/pages\/1454\/revisions"}],"predecessor-version":[{"id":3083,"href":"https:\/\/www.ambite.es\/centrodenaturaleza\/wp-json\/wp\/v2\/pages\/1454\/revisions\/3083"}],"wp:attachment":[{"href":"https:\/\/www.ambite.es\/centrodenaturaleza\/wp-json\/wp\/v2\/media?parent=1454"}],"curies":[{"name":"wp","href":"https:\/\/api.w.org\/{rel}","templated":true}]}}