{"id":1408,"date":"2021-06-23T06:33:03","date_gmt":"2021-06-23T06:33:03","guid":{"rendered":"https:\/\/www.ambite.es\/centrodenaturaleza\/?page_id=1408"},"modified":"2023-12-26T10:22:59","modified_gmt":"2023-12-26T10:22:59","slug":"entorno-geologico","status":"publish","type":"page","link":"https:\/\/www.ambite.es\/centrodenaturaleza\/entorno-geologico\/","title":{"rendered":"ENTORNO GEOL\u00d3GICO"},"content":{"rendered":"<p>[et_pb_section fb_built=\u00bb1&#8243; admin_label=\u00bbCabecera foto\u00bb module_id=\u00bbgeolog\u00eda\u00bb _builder_version=\u00bb4.16&#8243; _module_preset=\u00bbdefault\u00bb background_image=\u00bbhttps:\/\/www.ambite.es\/centrodenaturaleza\/wp-content\/uploads\/2021\/06\/Tierra-home.jpg\u00bb width=\u00bb100%\u00bb max_width=\u00bb100%\u00bb module_alignment=\u00bbcenter\u00bb min_height=\u00bb800px\u00bb min_height_tablet=\u00bb\u00bb min_height_phone=\u00bb\u00bb min_height_last_edited=\u00bbon|phone\u00bb custom_margin=\u00bb0px|0px|-1px|0px|false|false\u00bb custom_padding=\u00bb34px|0px|34px|0px|true|false\u00bb custom_css_main_element=\u00bbheight: calc(100vh &#8211; 88px);\u00bb box_shadow_style=\u00bbpreset3&#8243; box_shadow_vertical=\u00bb25px\u00bb box_shadow_blur=\u00bb60px\u00bb box_shadow_color=\u00bbrgba(0,0,0,0.55)\u00bb global_colors_info=\u00bb{}\u00bb][et_pb_row make_equal=\u00bbon\u00bb custom_padding_last_edited=\u00bbon|desktop\u00bb _builder_version=\u00bb4.16&#8243; _module_preset=\u00bbdefault\u00bb positioning=\u00bbabsolute\u00bb position_origin_a=\u00bbcenter_center\u00bb width=\u00bb90%\u00bb width_tablet=\u00bb\u00bb width_phone=\u00bb\u00bb width_last_edited=\u00bbon|phone\u00bb min_height_tablet=\u00bb\u00bb min_height_phone=\u00bb\u00bb min_height_last_edited=\u00bbon|desktop\u00bb height=\u00bb886px\u00bb height_tablet=\u00bb950px\u00bb height_phone=\u00bb951px\u00bb height_last_edited=\u00bbon|phone\u00bb custom_margin=\u00bb||||false|false\u00bb custom_padding=\u00bb||||true|false\u00bb custom_padding_tablet=\u00bb34px||34px||true|false\u00bb custom_padding_phone=\u00bb34px||34px||true|false\u00bb custom_css_main_element=\u00bbheight: calc (100vh);||\u00bb locked=\u00bboff\u00bb global_colors_info=\u00bb{}\u00bb][et_pb_column type=\u00bb4_4&#8243; _builder_version=\u00bb4.16&#8243; _module_preset=\u00bbdefault\u00bb custom_padding=\u00bb247px||||false|false\u00bb custom_padding_tablet=\u00bb313px||||false|false\u00bb custom_padding_phone=\u00bb\u00bb custom_padding_last_edited=\u00bbon|tablet\u00bb global_colors_info=\u00bb{}\u00bb][et_pb_text admin_label=\u00bbLos ecosistemas del agua\u00bb _builder_version=\u00bb4.16&#8243; _module_preset=\u00bbdefault\u00bb text_font=\u00bbMontserrat|700|on||||||\u00bb text_text_color=\u00bb#FFFFFF\u00bb text_font_size=\u00bb100px\u00bb text_line_height=\u00bb1.1em\u00bb text_orientation=\u00bbcenter\u00bb min_height=\u00bb92px\u00bb custom_margin=\u00bb||||false|false\u00bb custom_margin_tablet=\u00bb\u00bb custom_margin_phone=\u00bb\u00bb custom_margin_last_edited=\u00bbon|desktop\u00bb custom_padding=\u00bb||||false|false\u00bb text_font_size_tablet=\u00bb100px\u00bb text_font_size_phone=\u00bb52px\u00bb text_font_size_last_edited=\u00bbon|phone\u00bb text_text_shadow_style=\u00bbpreset3&#8243; global_colors_info=\u00bb{}\u00bb]<\/p>\n<p>Entorno geol\u00f3gico<\/p>\n<p>[\/et_pb_text][\/et_pb_column][\/et_pb_row][\/et_pb_section][et_pb_section fb_built=\u00bb1&#8243; admin_label=\u00bbSection\u00bb _builder_version=\u00bb4.16&#8243; _module_preset=\u00bbdefault\u00bb background_color=\u00bb#004223&#8243; custom_padding=\u00bb16px||16px|||\u00bb hover_enabled=\u00bb0&#8243; global_colors_info=\u00bb{}\u00bb sticky_enabled=\u00bb0&#8243;][et_pb_row column_structure=\u00bb3_4,1_4&#8243; _builder_version=\u00bb4.23.2&#8243; _module_preset=\u00bbdefault\u00bb custom_padding=\u00bb23px||4px||false|false\u00bb hover_enabled=\u00bb0&#8243; global_colors_info=\u00bb{}\u00bb sticky_enabled=\u00bb0&#8243;][et_pb_column type=\u00bb3_4&#8243; _builder_version=\u00bb4.16&#8243; _module_preset=\u00bbdefault\u00bb global_colors_info=\u00bb{}\u00bb][et_pb_text admin_label=\u00bbAQU\u00cd LO PUEDES ESCUCHAR\u00bb _builder_version=\u00bb4.16&#8243; _module_preset=\u00bbdefault\u00bb text_font=\u00bb|600|on||||||\u00bb text_text_color=\u00bb#FFFFFF\u00bb text_font_size=\u00bb24px\u00bb text_line_height=\u00bb1.3em\u00bb custom_margin=\u00bb||19px|||\u00bb text_line_height_tablet=\u00bb\u00bb text_line_height_phone=\u00bb1.2em\u00bb text_line_height_last_edited=\u00bbon|phone\u00bb text_orientation_tablet=\u00bbcenter\u00bb text_orientation_phone=\u00bbcenter\u00bb text_orientation_last_edited=\u00bbon|phone\u00bb locked=\u00bboff\u00bb global_colors_info=\u00bb{}\u00bb]<\/p>\n<p>AQU\u00cd LO PUEDES ESCUCHAR<\/p>\n<p>[\/et_pb_text][et_pb_text _builder_version=\u00bb4.16&#8243; _module_preset=\u00bbdefault\u00bb text_font=\u00bb||on||||||\u00bb text_text_color=\u00bb#FFFFFF\u00bb text_font_size=\u00bb19px\u00bb text_orientation_tablet=\u00bbcenter\u00bb text_orientation_phone=\u00bbcenter\u00bb text_orientation_last_edited=\u00bbon|desktop\u00bb locked=\u00bboff\u00bb global_colors_info=\u00bb{}\u00bb]<\/p>\n<p>Para los que prefieran que se lo contemos, hemos preparado un extracto en audio, que facilitar\u00e1 la comprensi\u00f3n del tema que nos ocupa.<\/p>\n<p>[\/et_pb_text][\/et_pb_column][et_pb_column type=\u00bb1_4&#8243; _builder_version=\u00bb4.16&#8243; _module_preset=\u00bbdefault\u00bb global_colors_info=\u00bb{}\u00bb][et_pb_divimenus_flex hide_button=\u00bbon\u00bb menu_item_background_color=\u00bbRGBA(0,0,0,0)\u00bb menu_item_icon_font_size=\u00bb65px\u00bb _builder_version=\u00bb4.23.2&#8243; _module_preset=\u00bbdefault\u00bb background_color=\u00bbRGBA(0,0,0,0)\u00bb animation_style=\u00bbfade\u00bb hover_enabled=\u00bb0&#8243; saved_tabs=\u00bball\u00bb locked=\u00bboff\u00bb global_colors_info=\u00bb{}\u00bb sticky_enabled=\u00bb0&#8243;][et_pb_divimenus_flex_item menu_item_content=\u00bbicon\u00bb item_font_icon=\u00bb&#x7a;||divi||400&#8243; item_icon_color=\u00bb#FFFFFF\u00bb link_type=\u00bbshow\u00bb show_always=\u00bboff\u00bb show_visible=\u00bboff\u00bb _builder_version=\u00bb4.23.2&#8243; _module_preset=\u00bbdefault\u00bb module_alignment=\u00bbcenter\u00bb hover_enabled=\u00bb0&#8243; global_colors_info=\u00bb{}\u00bb item_icon_color__hover_enabled=\u00bbon|hover\u00bb item_icon_color__hover=\u00bb#ccb700&#8243; direction=\u00bbrow\u00bb force_fullwidth=\u00bboff\u00bb sticky_enabled=\u00bb0&#8243;][\/et_pb_divimenus_flex_item][\/et_pb_divimenus_flex][\/et_pb_column][\/et_pb_row][et_pb_row module_id=\u00bbaudio-geologia\u00bb _builder_version=\u00bb4.23.2&#8243; _module_preset=\u00bbdefault\u00bb custom_padding=\u00bb36px||63px||false|false\u00bb hover_enabled=\u00bb0&#8243; global_colors_info=\u00bb{}\u00bb sticky_enabled=\u00bb0&#8243; custom_padding_last_edited=\u00bbon|phone\u00bb custom_padding_tablet=\u00bb36px||63px||false|false\u00bb custom_padding_phone=\u00bb36px||63px||false|false\u00bb][et_pb_column type=\u00bb4_4&#8243; _builder_version=\u00bb4.16&#8243; _module_preset=\u00bbdefault\u00bb global_colors_info=\u00bb{}\u00bb][et_pb_text _builder_version=\u00bb4.16&#8243; _module_preset=\u00bbdefault\u00bb text_font=\u00bbMontserrat|700|||||||\u00bb text_text_color=\u00bbrgba(237,237,237,0.59)\u00bb text_font_size=\u00bb39px\u00bb text_line_height=\u00bb1.1em\u00bb background_color=\u00bbRGBA(0,0,0,0)\u00bb text_orientation=\u00bbcenter\u00bb custom_margin=\u00bb||21px|||\u00bb custom_padding=\u00bb6px|14px|6px|14px|true|true\u00bb text_font_size_tablet=\u00bb\u00bb text_font_size_phone=\u00bb30px\u00bb text_font_size_last_edited=\u00bbon|phone\u00bb global_colors_info=\u00bb{}\u00bb]<\/p>\n<p>ENTORNO GEOL\u00d3GICO<\/p>\n<p>[\/et_pb_text][et_pb_audio audio=\u00bbhttps:\/\/www.ambite.es\/centrodenaturaleza\/wp-content\/uploads\/2021\/08\/panel-1-geologia.mp3&#8243; title=\u00bbLa Geolog\u00eda que NO VEMOS\u00bb image_url=\u00bbhttps:\/\/www.ambite.es\/centrodenaturaleza\/wp-content\/uploads\/2021\/06\/F3-2.jpg\u00bb _builder_version=\u00bb4.16&#8243; _module_preset=\u00bbdefault\u00bb background_color=\u00bb#825d00&#8243; use_background_color_gradient=\u00bbon\u00bb background_color_gradient_direction=\u00bb90deg\u00bb background_color_gradient_stops=\u00bb#000000 0%|#825d00 70%\u00bb background_color_gradient_start=\u00bb#000000&#8243; background_color_gradient_end=\u00bb#825d00&#8243; background_color_gradient_end_position=\u00bb70%\u00bb custom_padding=\u00bb16px||11px|||\u00bb global_colors_info=\u00bb{}\u00bb][\/et_pb_audio][et_pb_audio audio=\u00bbhttps:\/\/www.ambite.es\/centrodenaturaleza\/wp-content\/uploads\/2021\/08\/panel-2-geologia.mp3&#8243; title=\u00bbLa Geolog\u00eda que VEMOS\u00bb image_url=\u00bbhttps:\/\/www.ambite.es\/centrodenaturaleza\/wp-content\/uploads\/2021\/07\/F13-baja-1-e1623833800293.jpg\u00bb _builder_version=\u00bb4.16&#8243; _module_preset=\u00bbdefault\u00bb background_color=\u00bb#825d00&#8243; use_background_color_gradient=\u00bbon\u00bb background_color_gradient_direction=\u00bb90deg\u00bb background_color_gradient_stops=\u00bb#000000 0%|#825d00 70%\u00bb background_color_gradient_start=\u00bb#000000&#8243; background_color_gradient_end=\u00bb#825d00&#8243; background_color_gradient_end_position=\u00bb70%\u00bb custom_padding=\u00bb16px||11px|||\u00bb link_option_url=\u00bbhttps:\/\/www.ambite.es\/centrodenaturaleza\/wp-content\/uploads\/2021\/08\/panel-2-geologia.mp3&#8243; global_colors_info=\u00bb{}\u00bb][\/et_pb_audio][et_pb_audio audio=\u00bbhttps:\/\/www.ambite.es\/centrodenaturaleza\/wp-content\/uploads\/2021\/08\/panel-3-geologia.mp3&#8243; title=\u00bbLa Geolog\u00eda que VEMOS (segunda parte)\u00bb image_url=\u00bbhttps:\/\/www.ambite.es\/centrodenaturaleza\/wp-content\/uploads\/2021\/07\/image012.jpg\u00bb _builder_version=\u00bb4.16&#8243; _module_preset=\u00bbdefault\u00bb background_color=\u00bb#825d00&#8243; use_background_color_gradient=\u00bbon\u00bb background_color_gradient_direction=\u00bb90deg\u00bb background_color_gradient_stops=\u00bb#000000 0%|#825d00 70%\u00bb background_color_gradient_start=\u00bb#000000&#8243; background_color_gradient_end=\u00bb#825d00&#8243; background_color_gradient_end_position=\u00bb70%\u00bb custom_padding=\u00bb16px||11px|||\u00bb global_colors_info=\u00bb{}\u00bb][\/et_pb_audio][\/et_pb_column][\/et_pb_row][\/et_pb_section][et_pb_section fb_built=\u00bb1&#8243; admin_label=\u00bbNO VEMOS\u00bb module_id=\u00bbnovemos\u00bb _builder_version=\u00bb4.16&#8243; _module_preset=\u00bbdefault\u00bb custom_margin=\u00bb-1px||-8px|||\u00bb custom_padding=\u00bb60px||15px|||\u00bb link_option_url=\u00bbhttp:\/\/ambite.es\/entorno-geologico\/#novemos\u00bb global_colors_info=\u00bb{}\u00bb][et_pb_row admin_label=\u00bbLa geolog\u00eda que no vemos\u00bb _builder_version=\u00bb4.16&#8243; _module_preset=\u00bbdefault\u00bb custom_margin=\u00bb7px|auto||auto||\u00bb custom_padding=\u00bb15px||11px|||\u00bb global_colors_info=\u00bb{}\u00bb][et_pb_column type=\u00bb4_4&#8243; _builder_version=\u00bb4.16&#8243; _module_preset=\u00bbdefault\u00bb global_colors_info=\u00bb{}\u00bb][et_pb_text admin_label=\u00bbAmbite que no vemos\u00bb _builder_version=\u00bb4.16&#8243; _module_preset=\u00bbdefault\u00bb text_font=\u00bbMontserrat|500|on||||||\u00bb text_text_color=\u00bb#1eb5a1&#8243; text_font_size=\u00bb50px\u00bb text_line_height=\u00bb1em\u00bb custom_margin=\u00bb||7px|||\u00bb text_font_size_tablet=\u00bb45px\u00bb text_font_size_phone=\u00bb37px\u00bb text_font_size_last_edited=\u00bbon|tablet\u00bb global_colors_info=\u00bb{}\u00bb]<\/p>\n<p class=\"p1\"><span class=\"s1\">La geolog\u00eda de Ambite que <strong>NO VEMOS<\/strong><\/span><\/p>\n<p>[\/et_pb_text][\/et_pb_column][\/et_pb_row][et_pb_row admin_label=\u00bbLa geolog\u00eda que no vemos\u00bb module_id=\u00bbnovemos\u00bb _builder_version=\u00bb4.16&#8243; _module_preset=\u00bbdefault\u00bb custom_margin=\u00bb7px|auto||auto||\u00bb custom_padding=\u00bb23px||18px|||\u00bb global_colors_info=\u00bb{}\u00bb][et_pb_column type=\u00bb4_4&#8243; _builder_version=\u00bb4.16&#8243; _module_preset=\u00bbdefault\u00bb global_colors_info=\u00bb{}\u00bb][et_pb_text _builder_version=\u00bb4.16&#8243; _module_preset=\u00bbdefault\u00bb text_font=\u00bbMontserrat||on||||||\u00bb text_font_size=\u00bb18px\u00bb text_line_height=\u00bb1.6em\u00bb custom_margin=\u00bb||22px|||\u00bb text_font_size_tablet=\u00bb17px\u00bb text_font_size_phone=\u00bb16px\u00bb text_font_size_last_edited=\u00bbon|phone\u00bb global_colors_info=\u00bb{}\u00bb]<\/p>\n<p>Los esfuerzos tect\u00f3nicos resultantes de la aproximaci\u00f3n entre \u00c1frica y Eurasia en los \u00faltimos 60 millones de a\u00f1os dieron lugar al levantamiento del Sistema Central al Norte, de la Cordillera Ib\u00e9rica y la Sierra de Altomira al Este, y de los Montes de Toledo al Sur, gener\u00e1ndose una zona interior deprimida, la actual Cuenca del Tajo, que se fue rellenando de sedimentos arrastrados por r\u00edos y abanicos aluviales provenientes de los terrenos elevados de las monta\u00f1as circundantes, al tiempo que \u00e9stas mismas segu\u00edan levant\u00e1ndose.<\/p>\n<p>De esta forma, es el equilibrio inestable entre la elevaci\u00f3n de los bordes monta\u00f1osos y la sedimentaci\u00f3n en el interior de la cuenca, lo que da lugar a los terrenos que hoy en d\u00eda ocupan la Cuenca del Tajo, en cuya zona este se encuentra el t\u00e9rmino de Ambite.<\/p>\n<p>En la zona de Ambite, la influencia de los Montes de Toledo es irrelevante, de forma que la disposici\u00f3n y los tipos de los materiales que se observan en superficie vienen condicionados principalmente por el movimiento de los m\u00e1rgenes norte y este, y por el clima imperante a lo largo de los tiempos en que se formaron los terrenos que vemos hoy en d\u00eda.<\/p>\n<p>El mapa geol\u00f3gico adjunto muestra las distintas unidades geol\u00f3gicas identificadas en superficie en esta zona este de la Cuenca del Tajo, y el perfil geol\u00f3gico que lo acompa\u00f1a muestra un corte del terreno (como el corte de una tarta) que visualiza la disposici\u00f3n de esas unidades geol\u00f3gicas. La leyenda sirve como referencia del mapa y el corte geol\u00f3gicos, y permite visualizar las edades geol\u00f3gicas en que se formaron las rocas. La consulta de los tres gr\u00e1ficos servir\u00e1 para entender mejor la exposici\u00f3n geol\u00f3gica que sigue.<\/p>\n<p>[\/et_pb_text][\/et_pb_column][\/et_pb_row][et_pb_row _builder_version=\u00bb4.16&#8243; _module_preset=\u00bbdefault\u00bb custom_margin=\u00bb0px||0px||true|false\u00bb custom_padding=\u00bb0px||0px||false|false\u00bb global_colors_info=\u00bb{}\u00bb][et_pb_column type=\u00bb4_4&#8243; _builder_version=\u00bb4.16&#8243; _module_preset=\u00bbdefault\u00bb global_colors_info=\u00bb{}\u00bb][et_pb_image src=\u00bbhttps:\/\/www.ambite.es\/centrodenaturaleza\/wp-content\/uploads\/2021\/06\/Mapa-1-espacio-1.jpg\u00bb title_text=\u00bbFoto-mas-grafico3&#8243; show_in_lightbox=\u00bbon\u00bb force_fullwidth=\u00bbon\u00bb admin_label=\u00bbmapa\u00bb _builder_version=\u00bb4.16&#8243; _module_preset=\u00bbdefault\u00bb custom_margin=\u00bb0px||0px||false|false\u00bb custom_padding=\u00bb0px||0px||false|false\u00bb global_colors_info=\u00bb{}\u00bb][\/et_pb_image][et_pb_text admin_label=\u00bbpie de foto\u00bb _builder_version=\u00bb4.16&#8243; _module_preset=\u00bbdefault\u00bb text_font=\u00bbMontserrat|500|on||||||\u00bb text_text_color=\u00bb#00CED1&#8243; text_line_height=\u00bb1.4em\u00bb custom_margin=\u00bb0px||0px||true|false\u00bb custom_padding=\u00bb15px||40px||false|false\u00bb text_font_size_tablet=\u00bb13px\u00bb text_font_size_phone=\u00bb\u00bb text_font_size_last_edited=\u00bbon|desktop\u00bb global_colors_info=\u00bb{}\u00bb]<\/p>\n<p>Planta geol\u00f3gica general del Este de la Cuenca del Tajo<\/p>\n<p>[\/et_pb_text][\/et_pb_column][\/et_pb_row][et_pb_row _builder_version=\u00bb4.16&#8243; _module_preset=\u00bbdefault\u00bb custom_margin=\u00bb22px|auto||auto||\u00bb custom_padding=\u00bb5px||2px|||\u00bb locked=\u00bboff\u00bb global_colors_info=\u00bb{}\u00bb][et_pb_column type=\u00bb4_4&#8243; _builder_version=\u00bb4.16&#8243; _module_preset=\u00bbdefault\u00bb global_colors_info=\u00bb{}\u00bb][et_pb_image src=\u00bbhttps:\/\/www.ambite.es\/centrodenaturaleza\/wp-content\/uploads\/2021\/06\/Grafico-cuenca-de-Madrid.png\u00bb title_text=\u00bbFoto-mas-grafico3&#8243; show_in_lightbox=\u00bbon\u00bb force_fullwidth=\u00bbon\u00bb admin_label=\u00bbgrafico pueblos\u00bb _builder_version=\u00bb4.16&#8243; _module_preset=\u00bbdefault\u00bb custom_margin=\u00bb0px||0px||false|false\u00bb custom_padding=\u00bb0px||0px||false|false\u00bb global_colors_info=\u00bb{}\u00bb text_font_size_tablet=\u00bb14px\u00bb text_font_size_last_edited=\u00bbon|phone\u00bb text_font_size_phone=\u00bb14px\u00bb][\/et_pb_image][et_pb_text admin_label=\u00bbpie de gr\u00e1fico pueblo\u00bb _builder_version=\u00bb4.16&#8243; _module_preset=\u00bbdefault\u00bb text_font=\u00bbMontserrat|500|on||||||\u00bb text_text_color=\u00bb#00CED1&#8243; text_line_height=\u00bb1.4em\u00bb custom_margin=\u00bb0px||0px||true|false\u00bb custom_padding=\u00bb15px||40px||false|false\u00bb text_font_size_tablet=\u00bb13px\u00bb text_font_size_phone=\u00bb\u00bb text_font_size_last_edited=\u00bbon|desktop\u00bb global_colors_info=\u00bb{}\u00bb]<\/p>\n<p>Perfil geol\u00f3gico transversal del Este de la Cuenca del Tajo<\/p>\n<p>[\/et_pb_text][\/et_pb_column][\/et_pb_row][et_pb_row _builder_version=\u00bb4.16&#8243; _module_preset=\u00bbdefault\u00bb custom_padding=\u00bb2px||3px||false|false\u00bb global_colors_info=\u00bb{}\u00bb][et_pb_column type=\u00bb4_4&#8243; _builder_version=\u00bb4.16&#8243; _module_preset=\u00bbdefault\u00bb global_colors_info=\u00bb{}\u00bb][et_pb_text _builder_version=\u00bb4.16&#8243; _module_preset=\u00bbdefault\u00bb text_font=\u00bbMontserrat||on||||||\u00bb text_font_size=\u00bb18px\u00bb text_line_height=\u00bb1.6em\u00bb custom_margin=\u00bb||22px|||\u00bb text_font_size_tablet=\u00bb17px\u00bb text_font_size_phone=\u00bb16px\u00bb text_font_size_last_edited=\u00bbon|phone\u00bb global_colors_info=\u00bb{}\u00bb]<\/p>\n<p>Si nos remontamos a \u00e9pocas antiguas, al final del periodo Jur\u00e1sico, hace 145 millones de a\u00f1os, la zona donde se ubica Ambite probablemente form\u00f3 parte de la zona costera, habiendo estado con anterioridad seguramente emergida. Posteriormente en el Cret\u00e1cico, se produjo la invasi\u00f3n del mar que dio lugar, entre otros materiales, a la sedimentaci\u00f3n de un barro calc\u00e1reo que con el tiempo se transform\u00f3 en una capa de rocas calizas de decenas de metros de espesor, que recubre parcialmente el fondo de la Cuenca del Tajo. Esta capa, que alcanza las estribaciones del Sistema Central, genera aqu\u00ed en la actualidad escarpes rocosos que sirvieron de cerrada y apoyo para la construcci\u00f3n de la presa conocida como Pont\u00f3n de la Oliva para el abastecimiento de agua del Canal de Isabel II a mediados del siglo XIX.<\/p>\n<p>Es en esta situaci\u00f3n, al final del periodo periodo Cret\u00e1cico, cuando poderosas fuerzas tel\u00faricas producen la ruptura de la superficie de la tierra generando importantes fallas de orientaci\u00f3n Noreste-Suroeste, que comienzan el levantamiento de lo que hoy conocemos como Sistema Central, el cual se prolong\u00f3 de forma relevante hasta hace unos 15 millones de a\u00f1os, generando en total una elevaci\u00f3n de m\u00e1s de 2.000 metros.<\/p>\n<p>Mientras el Sistema Central contin\u00faa su ascenso, hace en torno a 30 millones de a\u00f1os empieza a levantarse la Cordillera Ib\u00e9rica a favor de fallas de orientaci\u00f3n Noroeste-Sureste, aproximadamente perpendiculares a las del Sistema Central, mientras que la Sierra de Altomira se levanta a favor de fallas Norte-Sur. Si bien la Cordillera Ib\u00e9rica supone el borde oriental de la Cuenca del Tajo, la Sierra de Altomira, de mucha menor entidad, emerge dentro de la propia Cuenca del Tajo dividiendo la misma en una zona oriental (la Subcuenca de Loranca) y una zona occidental, la Subcuenca de Madrid. Son estos relieves de la Sierra de Altomira los que han permitido construir con ventaja las presas de Entrepe\u00f1as y Buend\u00eda, cuya zona embalsada se extiende por la Subcuenca de Loranca.<\/p>\n<p>El borde norte de la cuenca est\u00e1 formado por rocas antiguas (&gt;300ma) de origen \u00edgneo (solidificaci\u00f3n de magmas fundidos) y metam\u00f3rfico (rocas transformadas por elevadas presiones y\/o temperaturas), que se prolongan en profundidad por debajo de toda la Cuenca del Tajo, y que por tanto se encuentran tambi\u00e9n en profundidad debajo de Ambite. Sin embargo, las rocas que forman las sierras del borde este de la cuenca son de tipo sedimentario (calizas, margas, arenas, arcillas, yesos\u2026) depositadas m\u00e1s recientemente en lo que fueran mares o continentes antiguos, jur\u00e1sicos, cret\u00e1cicos o tri\u00e1sicos, y algunas de las cuales se prolongan tambi\u00e9n bajo la Cuenca del Tajo en la zona (y por tanto tambi\u00e9n bajo el pueblo de Ambite) formando una relativamente delgada capa que recubre las antiguas rocas \u00edgneas.<\/p>\n<p>Como consecuencia del levantamiento mayor o menor de todos los bordes, la Cuenca del Tajo se convierte en una cuenca cerrada, sin salida al mar.<\/p>\n<p>Al tiempo que se levantan los bordes de la cuenca, los r\u00edos erosionan las monta\u00f1as en formaci\u00f3n y arrastran las tierras hacia la Cuenca del Tajo, donde se van depositando a lo largo de los r\u00edos principales o bien mediante abanicos aluviales en la salida de las monta\u00f1as, o m\u00e1s adentro en lagos o lagunas.<\/p>\n<p>En los primeros tiempos de la cuenca, a lo largo del periodo Pale\u00f3geno (hace entre 60 y 20 millones de a\u00f1os aproximadamente) el levantamiento de los bordes, la fracturaci\u00f3n de las rocas y su plegamiento es intenso, lo que genera una configuraci\u00f3n paleogeogr\u00e1fica (relieve, hidrograf\u00eda\u2026) variada y muy distinta de la que luego gobern\u00f3 la sedimentaci\u00f3n en el periodo Ne\u00f3geno, y por supuesto de la que tiene actualmente la Cuenca del Tajo, lo que da lugar a que los arrastres que se van acumulando en la cuenca presenten una gran variedad litol\u00f3gica (tanto gravas, arenas y arcillas provenientes de ambientes fluviales como calizas y otras sales, depositadas en lagos m\u00e1s o menos salinos) y geogr\u00e1fica. Estos dep\u00f3sitos pale\u00f3genos alcanzan a menudo varios cientos de metros de espesor, e incluso m\u00e1s de 1 kil\u00f3metro en algunas zonas.<\/p>\n<p>Hasta aqu\u00ed la historia geol\u00f3gica oculta de Ambite, no observable en superficie hoy en d\u00eda, cuyos testigos descansan por debajo del r\u00edo Taju\u00f1a a centenares o incluso a m\u00e1s de 1.000 metros de profundidad, en forma de rocas de distintas caracter\u00edsticas y \u00e9pocas, testigos de lo que ocurri\u00f3 hace millones de a\u00f1os, cuyo devenir posterior dio lugar a la formaci\u00f3n del mundo geol\u00f3gico que observamos hoy en d\u00eda en superficie, andando por los campos de Ambite.<\/p>\n<p>[\/et_pb_text][\/et_pb_column][\/et_pb_row][\/et_pb_section][et_pb_section fb_built=\u00bb1&#8243; admin_label=\u00bbGeolog\u00eda que VEMOS\u00bb module_id=\u00bbvemos\u00bb _builder_version=\u00bb4.16&#8243; _module_preset=\u00bbdefault\u00bb min_height=\u00bb10468.3px\u00bb custom_margin=\u00bb-16px||19px|||\u00bb custom_padding=\u00bb0px|0px|0px|||\u00bb global_colors_info=\u00bb{}\u00bb][et_pb_row admin_label=\u00bbLa geolog\u00eda que si vemos\u00bb module_id=\u00bbvemos\u00bb _builder_version=\u00bb4.16&#8243; _module_preset=\u00bbdefault\u00bb custom_margin=\u00bb16px|auto||auto||\u00bb custom_padding=\u00bb76px||12px|||\u00bb global_colors_info=\u00bb{}\u00bb][et_pb_column type=\u00bb4_4&#8243; _builder_version=\u00bb4.16&#8243; _module_preset=\u00bbdefault\u00bb global_colors_info=\u00bb{}\u00bb][et_pb_text admin_label=\u00bbAmbite que vemos\u00bb _builder_version=\u00bb4.16&#8243; _module_preset=\u00bbdefault\u00bb text_font=\u00bbMontserrat|500|on||||||\u00bb text_text_color=\u00bb#1eb5a1&#8243; text_font_size=\u00bb50px\u00bb text_line_height=\u00bb1em\u00bb custom_margin=\u00bb||36px|||\u00bb text_font_size_tablet=\u00bb45px\u00bb text_font_size_phone=\u00bb37px\u00bb text_font_size_last_edited=\u00bbon|phone\u00bb global_colors_info=\u00bb{}\u00bb]<\/p>\n<p class=\"p1\"><span class=\"s1\">La geolog\u00eda de Ambite que<strong>\u00a0VEMOS<\/strong><\/span><\/p>\n<p>[\/et_pb_text][et_pb_text _builder_version=\u00bb4.16&#8243; _module_preset=\u00bbdefault\u00bb text_font=\u00bbMontserrat||on||||||\u00bb text_font_size=\u00bb18px\u00bb text_line_height=\u00bb1.6em\u00bb custom_margin=\u00bb||22px|||\u00bb text_font_size_tablet=\u00bb17px\u00bb text_font_size_phone=\u00bb16px\u00bb text_font_size_last_edited=\u00bbon|phone\u00bb global_colors_info=\u00bb{}\u00bb]<\/p>\n<p>La historia geol\u00f3gica \u201creciente\u201d de Ambite, aquella que podemos pisar con nuestras botas en un paseo por el t\u00e9rmino municipal, se inicia en un gran lago salino.<\/p>\n<p>En los primeros tiempos del periodo Ne\u00f3geno, hace unos 20 millones de a\u00f1os, cuando los principales esfuerzos tect\u00f3nicos que dieron lugar al levantamiento de los bordes han disminuido, se genera una cierta estabilidad paleogeogr\u00e1fica, siendo el esquema sedimentario el de una cuenca endorreica bajo clima \u00e1rido, sin drenaje hacia el exterior.<\/p>\n<p>Se instalan as\u00ed en la salida de las monta\u00f1as r\u00edos ef\u00edmeros y torrentes que depositan los materiales m\u00e1s groseros (gravas y arenas fundamentalmente) en los abanicos aluviales de borde, y al avanzar hacia el interior de la cuenca y perder energ\u00eda de arrastre, se comienzan a depositar en estos abanicos materiales m\u00e1s finos, arenas, limos y arcillas, e incluso calizas y sales en zonas m\u00e1s tranquilas en las playas de acceso a los lagos. Finalmente, en los lagos que ocupan las zonas centrales de la cuenca se depositan arcillas y sobre todo gran cantidad de sales, aproximadamente entre 20 y 15 millones de a\u00f1os atr\u00e1s, constituyendo la unidad estratigr\u00e1fica conocida como \u201cUnidad Inferior del Mioceno\u201d, que alcanza un espesor de hasta 500 metros en las zonas centrales de la Cuenca del Tajo.<\/p>\n<p>Una representaci\u00f3n idealizada de la geograf\u00eda de aquella \u00e9poca se muestra en el gr\u00e1fico adjunto:<\/p>\n<p>[\/et_pb_text][\/et_pb_column][\/et_pb_row][et_pb_row column_structure=\u00bb1_2,1_2&#8243; _builder_version=\u00bb4.16&#8243; _module_preset=\u00bbdefault\u00bb custom_padding=\u00bb19px||0px|||\u00bb global_colors_info=\u00bb{}\u00bb][et_pb_column type=\u00bb1_2&#8243; _builder_version=\u00bb4.16&#8243; _module_preset=\u00bbdefault\u00bb global_colors_info=\u00bb{}\u00bb][et_pb_image src=\u00bbhttps:\/\/www.ambite.es\/centrodenaturaleza\/wp-content\/uploads\/2021\/06\/gra\u0301fico-2.jpg\u00bb title_text=\u00bbFoto-mas-grafico3&#8243; show_in_lightbox=\u00bbon\u00bb force_fullwidth=\u00bbon\u00bb admin_label=\u00bbgr\u00e1fico BN\u00bb _builder_version=\u00bb4.16&#8243; _module_preset=\u00bbdefault\u00bb custom_margin=\u00bb0px||0px||false|false\u00bb custom_padding=\u00bb0px||0px||false|false\u00bb global_colors_info=\u00bb{}\u00bb text_font_size_tablet=\u00bb14px\u00bb text_font_size_last_edited=\u00bbon|phone\u00bb text_font_size_phone=\u00bb14px\u00bb][\/et_pb_image][et_pb_text _builder_version=\u00bb4.16&#8243; _module_preset=\u00bbdefault\u00bb text_font=\u00bbMontserrat|500|on||||||\u00bb text_text_color=\u00bb#00CED1&#8243; text_line_height=\u00bb1.4em\u00bb custom_margin=\u00bb0px||0px||true|false\u00bb custom_padding=\u00bb15px||40px||false|false\u00bb text_font_size_tablet=\u00bb13px\u00bb text_font_size_phone=\u00bb\u00bb text_font_size_last_edited=\u00bbon|desktop\u00bb global_colors_info=\u00bb{}\u00bb]<\/p>\n<p>(Gr\u00e1fico modificado de: Calonge, A. y Rodr\u00edguez, M. (editores.). 2008. Geolog\u00eda de Guadalajara.\u00a0 Obras colectivas Ciencias 03 UAH.)<\/p>\n<p>[\/et_pb_text][\/et_pb_column][et_pb_column type=\u00bb1_2&#8243; _builder_version=\u00bb4.16&#8243; _module_preset=\u00bbdefault\u00bb global_colors_info=\u00bb{}\u00bb][et_pb_text _builder_version=\u00bb4.16&#8243; _module_preset=\u00bbdefault\u00bb text_font=\u00bbMontserrat||on||||||\u00bb text_font_size=\u00bb18px\u00bb text_line_height=\u00bb1.6em\u00bb custom_margin=\u00bb||22px|||\u00bb text_font_size_tablet=\u00bb17px\u00bb text_font_size_phone=\u00bb16px\u00bb text_font_size_last_edited=\u00bbon|phone\u00bb global_colors_info=\u00bb{}\u00bb]<\/p>\n<p>De esta forma, si hubi\u00e9ramos podido estar en la ubicaci\u00f3n de Ambite en aquella \u00e9poca, habr\u00edamos visto un gran saladar, semejante a las im\u00e1genes que vemos de los grandes saladares chilenos, una inmensa llanura seca y cubierta de sales blanquecinas, que s\u00f3lo en \u00e9pocas lluviosas quedar\u00eda inundada. La prolongaci\u00f3n de esta situaci\u00f3n en el tiempo, durante algunos millones de a\u00f1os, junto con la subsidencia o hundimiento de la Cuenca del Tajo que a\u00fan segu\u00eda produci\u00e9ndose, dio lugar a la acumulaci\u00f3n de espesores de sales importantes, que llegan a superar los 100 metros.<\/p>\n<p>[\/et_pb_text][\/et_pb_column][\/et_pb_row][et_pb_row _builder_version=\u00bb4.16&#8243; _module_preset=\u00bbdefault\u00bb custom_padding=\u00bb1px||27px|||\u00bb global_colors_info=\u00bb{}\u00bb][et_pb_column type=\u00bb4_4&#8243; _builder_version=\u00bb4.16&#8243; _module_preset=\u00bbdefault\u00bb global_colors_info=\u00bb{}\u00bb][et_pb_text _builder_version=\u00bb4.16&#8243; _module_preset=\u00bbdefault\u00bb text_font=\u00bbMontserrat||on||||||\u00bb text_font_size=\u00bb18px\u00bb text_line_height=\u00bb1.6em\u00bb custom_margin=\u00bb||22px|||\u00bb global_colors_info=\u00bb{}\u00bb]<\/p>\n<p>Estas sales se han conservado hasta nuestros d\u00edas, y constituyen los grandes farallones rocosos fundamentalmente yes\u00edferos, de color blanquecino, que se observan en los flancos del r\u00edo Taju\u00f1a, muy relevantes en la margen derecha del r\u00edo donde cruza la autov\u00eda A-3, pero tambi\u00e9n observables en Ambite, a lo largo del valle del Taju\u00f1a, sobre todo en la margen derecha camino de Orusco. Algunos de los t\u00faneles de la llamada \u201cV\u00eda ferroviaria de los 40 d\u00edas\u201d se excavan en ellos.<\/p>\n<p>[\/et_pb_text][\/et_pb_column][\/et_pb_row][et_pb_row _builder_version=\u00bb4.16&#8243; _module_preset=\u00bbdefault\u00bb module_alignment=\u00bbcenter\u00bb custom_margin=\u00bb0px|auto|0px|556px|true|false\u00bb custom_padding=\u00bb0px||0px||false|false\u00bb global_colors_info=\u00bb{}\u00bb][et_pb_column type=\u00bb4_4&#8243; _builder_version=\u00bb4.16&#8243; _module_preset=\u00bbdefault\u00bb global_colors_info=\u00bb{}\u00bb][et_pb_image src=\u00bbhttps:\/\/www.ambite.es\/centrodenaturaleza\/wp-content\/uploads\/2021\/09\/afloramiento-yesos.jpg\u00bb title_text=\u00bbFoto-mas-grafico3&#8243; show_in_lightbox=\u00bbon\u00bb force_fullwidth=\u00bbon\u00bb _builder_version=\u00bb4.16&#8243; _module_preset=\u00bbdefault\u00bb custom_margin=\u00bb0px||0px||false|false\u00bb custom_padding=\u00bb0px||0px||false|false\u00bb global_colors_info=\u00bb{}\u00bb][\/et_pb_image][et_pb_text admin_label=\u00bbpie de foto\u00bb _builder_version=\u00bb4.16&#8243; _module_preset=\u00bbdefault\u00bb text_font=\u00bbMontserrat|500|on||||||\u00bb text_text_color=\u00bb#00CED1&#8243; text_font_size=\u00bb13px\u00bb text_line_height=\u00bb1.4em\u00bb custom_margin=\u00bb0px||0px||true|false\u00bb custom_padding=\u00bb15px||40px||false|false\u00bb text_font_size_tablet=\u00bb14px\u00bb text_font_size_phone=\u00bb\u00bb text_font_size_last_edited=\u00bbon|phone\u00bb global_colors_info=\u00bb{}\u00bb]<\/p>\n<p class=\"p1\"><i>Afloramiento de yesos. Fotograf\u00eda tomada en Tielmes.<\/i><\/p>\n<p>[\/et_pb_text][\/et_pb_column][\/et_pb_row][et_pb_row _builder_version=\u00bb4.16&#8243; _module_preset=\u00bbdefault\u00bb custom_padding=\u00bb1px|||||\u00bb global_colors_info=\u00bb{}\u00bb][et_pb_column type=\u00bb4_4&#8243; _builder_version=\u00bb4.16&#8243; _module_preset=\u00bbdefault\u00bb global_colors_info=\u00bb{}\u00bb][et_pb_text _builder_version=\u00bb4.16&#8243; _module_preset=\u00bbdefault\u00bb text_font=\u00bbMontserrat||on||||||\u00bb text_font_size=\u00bb18px\u00bb text_line_height=\u00bb1.6em\u00bb custom_margin=\u00bb||22px|||\u00bb text_font_size_tablet=\u00bb17px\u00bb text_font_size_phone=\u00bb16px\u00bb text_font_size_last_edited=\u00bbon|phone\u00bb global_colors_info=\u00bb{}\u00bb]<\/p>\n<p>Litol\u00f3gicamente, esta unidad es una asociaci\u00f3n compleja de fases sulfatadas, carbonatos y cloruros, habi\u00e9ndose descrito dep\u00f3sitos de distintos minerales de origen qu\u00edmico (yeso, anhidrita, glauberita, thenardita, polihalita, halita, dolomita y magnesita) observables tanto en afloramientos como en sondeos.<\/p>\n<p>Intercaladas entre los yesos se encuentran capas de margas yes\u00edferas verdes, cuyo espesor, minoritario, var\u00eda seg\u00fan las zonas.<\/p>\n<p>A partir de 15 millones de a\u00f1os atr\u00e1s aproximadamente, bien por un cambio clim\u00e1tico a condiciones m\u00e1s h\u00famedas, o por una reactivaci\u00f3n de los relieves cercanos, se produce un incremento relevante del nivel de energ\u00eda en la Cuenca del Tajo, lo que origina un aumento de los abanicos aluviales que se desarrollan al pie de las monta\u00f1as, que llegan a ocupar el emplazamiento actual de Ambite. De esta forma, el antiguo lago salino se retira y su lugar es ocupado fundamentalmente por las zonas exteriores de los abanicos aluviales, que arrastran hasta all\u00ed materiales erosionados provenientes de la Sierra de Altomira, fundamentalmente materiales finos tipo arcilla, ya que los materiales m\u00e1s groseros, arenas y gravas, se depositan en las inmediaciones de la sierra, al pie de sus relieves. Estos cambios marcan el inicio de la sedimentaci\u00f3n de la unidad estratigr\u00e1fica conocida como \u201cUnidad Intermedia del Mioceno\u201d.<\/p>\n<p>Se formar\u00edan as\u00ed amplias llanuras de inundaci\u00f3n, con eventuales encharcamientos y algunos canales fluviales divagantes, que con el tiempo ir\u00edan evolucionando a sistemas con menor energ\u00eda, siendo m\u00e1s frecuente los encharcamientos salinos, aunque nunca llegaron a alcanzar la extensi\u00f3n de los lagos salinos de la Unidad Inferior.<\/p>\n<p>As\u00ed, en las extensas llanuras de inundaci\u00f3n se depositar\u00edan arcillas en las \u00e9pocas lluviosas, arrastradas por la superficie de los abanicos aluviales, mientras que en los encharcamientos temporales se generar\u00edan delgados dep\u00f3sitos calc\u00e1reos, y ocasionalmente algunas arenas\/areniscas en los canales fluviales que eventualmente alcanzaran la zona.<\/p>\n<p>Las arcillas constituyen la mayor parte de la unidad, y se disponen en capas de pocos metros de espesor, de color rojizo y a veces verde, que se hace gris\u00e1ceo a techo, en la parte superior de la unidad. Las capas calizas tienen generalmente espesor centim\u00e9trico aunque ocasionalmente puede superar el metro.<\/p>\n<p>Al disminuir la energ\u00eda del medio, como se ha dicho, empieza a ser frecuente la formaci\u00f3n de lagos ef\u00edmeros de mayor salinidad, donde se forman dep\u00f3sitos salinos, dentro a\u00fan de un predominio de sedimentaci\u00f3n general de arcillas.<\/p>\n<p>En Ambite esta subunidad puede observarse en ambas m\u00e1rgenes del valle del Taju\u00f1a, aunque casi siempre est\u00e1 cubierta por los abundantes coluviones y deslizamientos de ladera de los que se hablar\u00e1 m\u00e1s adelante.<\/p>\n<p>No obstante, puede observarse con facilidad en uno de los desmontes de la carretera de Ambite a Loranca de Taju\u00f1a, en las proximidades del cruce con la carretera de Mond\u00e9jar, y tambi\u00e9n en los peque\u00f1os desmontes generados por el Camino Alto de la Fuente del Robledillo.<\/p>\n<p>[\/et_pb_text][\/et_pb_column][\/et_pb_row][et_pb_row column_structure=\u00bb1_2,1_2&#8243; _builder_version=\u00bb4.16&#8243; _module_preset=\u00bbdefault\u00bb custom_margin=\u00bb0px|auto|0px|auto|false|false\u00bb custom_padding=\u00bb0px||0px||false|false\u00bb global_colors_info=\u00bb{}\u00bb][et_pb_column type=\u00bb1_2&#8243; _builder_version=\u00bb4.16&#8243; _module_preset=\u00bbdefault\u00bb global_colors_info=\u00bb{}\u00bb][et_pb_image src=\u00bbhttps:\/\/www.ambite.es\/centrodenaturaleza\/wp-content\/uploads\/2021\/09\/image006.jpg\u00bb title_text=\u00bbFoto-mas-grafico3&#8243; show_in_lightbox=\u00bbon\u00bb force_fullwidth=\u00bbon\u00bb _builder_version=\u00bb4.16&#8243; _module_preset=\u00bbdefault\u00bb custom_margin=\u00bb0px||0px||false|false\u00bb custom_padding=\u00bb0px||0px||false|false\u00bb global_colors_info=\u00bb{}\u00bb][\/et_pb_image][et_pb_text _builder_version=\u00bb4.16&#8243; _module_preset=\u00bbdefault\u00bb text_font=\u00bbMontserrat|500|on||||||\u00bb text_text_color=\u00bb#00CED1&#8243; text_line_height=\u00bb1.4em\u00bb custom_margin=\u00bb0px||0px||true|false\u00bb custom_padding=\u00bb15px||40px||false|false\u00bb text_font_size_tablet=\u00bb13px\u00bb text_font_size_phone=\u00bb\u00bb text_font_size_last_edited=\u00bbon|desktop\u00bb global_colors_info=\u00bb{}\u00bb]<\/p>\n<p>Afloramiento de las arcillas verdes y rojas en el Camino Alto de la Fuente del Robledillo, bajo suelos coluviales, semicubiertas al pie por los derrubios del desmonte. Unidad Intermedia del Mioceno.<\/p>\n<p>[\/et_pb_text][\/et_pb_column][et_pb_column type=\u00bb1_2&#8243; _builder_version=\u00bb4.16&#8243; _module_preset=\u00bbdefault\u00bb global_colors_info=\u00bb{}\u00bb][et_pb_image src=\u00bbhttps:\/\/www.ambite.es\/centrodenaturaleza\/wp-content\/uploads\/2021\/09\/image007.jpg\u00bb title_text=\u00bbFoto-mas-grafico3&#8243; show_in_lightbox=\u00bbon\u00bb force_fullwidth=\u00bbon\u00bb _builder_version=\u00bb4.16&#8243; _module_preset=\u00bbdefault\u00bb custom_margin=\u00bb0px||0px||false|false\u00bb custom_padding=\u00bb0px||0px||false|false\u00bb global_colors_info=\u00bb{}\u00bb][\/et_pb_image][et_pb_text admin_label=\u00bbpie de foto\u00bb _builder_version=\u00bb4.16&#8243; _module_preset=\u00bbdefault\u00bb text_font=\u00bbMontserrat|500|on||||||\u00bb text_text_color=\u00bb#00CED1&#8243; text_line_height=\u00bb1.4em\u00bb custom_margin=\u00bb0px||0px||true|false\u00bb custom_padding=\u00bb15px||40px||false|false\u00bb text_font_size_tablet=\u00bb13px\u00bb text_font_size_phone=\u00bb\u00bb text_font_size_last_edited=\u00bbon|desktop\u00bb global_colors_info=\u00bb{}\u00bb]<\/p>\n<p>Detalle de los niveles interestratificados de yeso y arcillas, en los que resaltan los yesos (de color blanquecino) por su mayor dureza, en la carretera de Ambite a Loranca. Unidad Intermedia del Mioceno.<\/p>\n<p>[\/et_pb_text][\/et_pb_column][\/et_pb_row][et_pb_row _builder_version=\u00bb4.16&#8243; _module_preset=\u00bbdefault\u00bb custom_margin=\u00bb0px||0px||false|false\u00bb custom_padding=\u00bb17px||17px||true|false\u00bb global_colors_info=\u00bb{}\u00bb][et_pb_column type=\u00bb4_4&#8243; _builder_version=\u00bb4.16&#8243; _module_preset=\u00bbdefault\u00bb global_colors_info=\u00bb{}\u00bb][et_pb_text _builder_version=\u00bb4.16&#8243; _module_preset=\u00bbdefault\u00bb text_font=\u00bbMontserrat||on||||||\u00bb text_font_size=\u00bb18px\u00bb text_line_height=\u00bb1.6em\u00bb custom_margin=\u00bb||22px|||\u00bb text_font_size_tablet=\u00bb17px\u00bb text_font_size_phone=\u00bb16px\u00bb text_font_size_last_edited=\u00bbon|phone\u00bb global_colors_info=\u00bb{}\u00bb]<\/p>\n<p>A finales de este periodo, la disminuci\u00f3n de salinidad del medio, quiz\u00e1 asociado a una climatolog\u00eda m\u00e1s h\u00fameda, generaliza en Ambite un ambiente lacustre de menor salinidad, en el que se desarrollan zonas pantanosas. En estos lagos se depositaron predominantemente calizas y eventualmente arcillas carbonatadas (margas) de colores blancos, lo que da lugar a que a este grupo de materiales suele denomin\u00e1rseles como \u201cFacies Blanca\u201d.<\/p>\n<p>Las capas calizas, que es la litolog\u00eda m\u00e1s frecuente, son con frecuencia arcillosas (\u201cmargas\u201d) y oquerosas y muchas veces con aspecto casi travert\u00ednico, mostrando una notable actividad de algas. Est\u00e1n estratificadas en capas de espesor decim\u00e9trico.<\/p>\n<p>Este tramo superior calcomargoso puede observarse en las proximidades del pueblo, en uno de los peque\u00f1os desmontes que genera el Camino del Arca, a mano izquierda, en las proximidades de la fuente del mismo nombre:<\/p>\n<p>[\/et_pb_text][\/et_pb_column][\/et_pb_row][et_pb_row column_structure=\u00bb1_2,1_2&#8243; _builder_version=\u00bb4.16&#8243; _module_preset=\u00bbdefault\u00bb custom_margin=\u00bb-9px|auto||auto||\u00bb custom_padding=\u00bb4px||0px|||\u00bb global_colors_info=\u00bb{}\u00bb][et_pb_column type=\u00bb1_2&#8243; _builder_version=\u00bb4.16&#8243; _module_preset=\u00bbdefault\u00bb global_colors_info=\u00bb{}\u00bb][et_pb_image src=\u00bbhttps:\/\/www.ambite.es\/centrodenaturaleza\/wp-content\/uploads\/2021\/09\/image008.jpg\u00bb title_text=\u00bbFoto-mas-grafico3&#8243; show_in_lightbox=\u00bbon\u00bb force_fullwidth=\u00bbon\u00bb _builder_version=\u00bb4.16&#8243; _module_preset=\u00bbdefault\u00bb custom_margin=\u00bb0px||0px||false|false\u00bb custom_padding=\u00bb0px||0px||false|false\u00bb global_colors_info=\u00bb{}\u00bb][\/et_pb_image][et_pb_text _builder_version=\u00bb4.16&#8243; _module_preset=\u00bbdefault\u00bb text_font=\u00bbMontserrat|500|on||||||\u00bb text_text_color=\u00bb#00CED1&#8243; text_line_height=\u00bb1.4em\u00bb custom_margin=\u00bb0px||0px||true|false\u00bb custom_padding=\u00bb15px||40px||false|false\u00bb text_font_size_tablet=\u00bb13px\u00bb text_font_size_phone=\u00bb\u00bb text_font_size_last_edited=\u00bbon|desktop\u00bb global_colors_info=\u00bb{}\u00bb]<\/p>\n<p>Calizas margosas y margas. Unidad Intermedia del Mioceno.<\/p>\n<p>[\/et_pb_text][\/et_pb_column][et_pb_column type=\u00bb1_2&#8243; _builder_version=\u00bb4.16&#8243; _module_preset=\u00bbdefault\u00bb global_colors_info=\u00bb{}\u00bb][et_pb_image src=\u00bbhttps:\/\/www.ambite.es\/centrodenaturaleza\/wp-content\/uploads\/2021\/09\/image009.jpg\u00bb title_text=\u00bbFoto-mas-grafico3&#8243; show_in_lightbox=\u00bbon\u00bb force_fullwidth=\u00bbon\u00bb _builder_version=\u00bb4.16&#8243; _module_preset=\u00bbdefault\u00bb custom_margin=\u00bb0px||0px||false|false\u00bb custom_padding=\u00bb0px||0px||false|false\u00bb global_colors_info=\u00bb{}\u00bb][\/et_pb_image][et_pb_text admin_label=\u00bbpie de foto\u00bb _builder_version=\u00bb4.16&#8243; _module_preset=\u00bbdefault\u00bb text_font=\u00bbMontserrat|500|on||||||\u00bb text_text_color=\u00bb#00CED1&#8243; text_line_height=\u00bb1.4em\u00bb custom_margin=\u00bb0px||0px||true|false\u00bb custom_padding=\u00bb15px||40px||false|false\u00bb text_font_size_tablet=\u00bb13px\u00bb text_font_size_phone=\u00bb\u00bb text_font_size_last_edited=\u00bbon|desktop\u00bb global_colors_info=\u00bb{}\u00bb]<\/p>\n<p class=\"p1\"><em>Arcillas margosas blancas. Unidad Intermedia del Mioceno.<\/em><\/p>\n<p>[\/et_pb_text][\/et_pb_column][\/et_pb_row][et_pb_row _builder_version=\u00bb4.16&#8243; _module_preset=\u00bbdefault\u00bb custom_margin=\u00bb-9px|auto||auto||\u00bb custom_padding=\u00bb4px||22px|||\u00bb global_colors_info=\u00bb{}\u00bb][et_pb_column type=\u00bb4_4&#8243; _builder_version=\u00bb4.16&#8243; _module_preset=\u00bbdefault\u00bb global_colors_info=\u00bb{}\u00bb][et_pb_text _builder_version=\u00bb4.16&#8243; _module_preset=\u00bbdefault\u00bb text_font=\u00bbMontserrat||on||||||\u00bb text_font_size=\u00bb18px\u00bb text_line_height=\u00bb1.6em\u00bb custom_margin=\u00bb||22px|||\u00bb text_font_size_tablet=\u00bb17px\u00bb text_font_size_phone=\u00bb16px\u00bb text_font_size_last_edited=\u00bbon|phone\u00bb global_colors_info=\u00bb{}\u00bb]<\/p>\n<p>Estos materiales se depositan en el periodo entre 15 y 10 millones de a\u00f1os atr\u00e1s, y constituyen la unidad estratigr\u00e1fica conocida como \u201cUnidad Intermedia del Mioceno\u201d, que alcanza un espesor variable entre 50 y 200 metros.<\/p>\n<p>La reactivaci\u00f3n tect\u00f3nica, y consecuente elevaci\u00f3n, fundamentalmente del Sistema Central y en menor medida de la Sierra de Altomira, genera un cambio en las condiciones de la zona, dando lugar a la desaparici\u00f3n de los lagos, la erosi\u00f3n y disoluci\u00f3n localizada a veces importante (karstificaci\u00f3n) de las calizas del ciclo anterior, y posteriormente a la instalaci\u00f3n de una red fluvial de procedencia norte que da lugar, en condiciones clim\u00e1ticas m\u00e1s h\u00famedas que las del ciclo anterior, a la llegada de arrastres provenientes de los bordes de la cuenca, fundamentalmente gravas, arenas y arcillas. El espesor y la distribuci\u00f3n de estos sedimentos es muy variable, habi\u00e9ndose observado en el entorno de Ambite paquetes de 5 a 10 metros de espesor constituidos por arenas arc\u00f3sicas (a veces con cantos de granito o pizarras, testigos de su procedencia norte, del Sistema Central), areniscas y arcillas de colores blancuzcos o rojizos, a veces grises o verdosos.<\/p>\n<p>[\/et_pb_text][\/et_pb_column][\/et_pb_row][et_pb_row _builder_version=\u00bb4.16&#8243; _module_preset=\u00bbdefault\u00bb module_alignment=\u00bbcenter\u00bb custom_padding=\u00bb3px||8px|||\u00bb global_colors_info=\u00bb{}\u00bb][et_pb_column type=\u00bb4_4&#8243; _builder_version=\u00bb4.16&#8243; _module_preset=\u00bbdefault\u00bb global_colors_info=\u00bb{}\u00bb][et_pb_image src=\u00bbhttps:\/\/www.ambite.es\/centrodenaturaleza\/wp-content\/uploads\/2021\/09\/image010.jpg\u00bb title_text=\u00bbFoto-mas-grafico3&#8243; show_in_lightbox=\u00bbon\u00bb force_fullwidth=\u00bbon\u00bb _builder_version=\u00bb4.16&#8243; _module_preset=\u00bbdefault\u00bb custom_margin=\u00bb0px||0px||false|false\u00bb custom_padding=\u00bb0px||0px||false|false\u00bb global_colors_info=\u00bb{}\u00bb][\/et_pb_image][et_pb_text _builder_version=\u00bb4.16&#8243; _module_preset=\u00bbdefault\u00bb text_font=\u00bbMontserrat|500|on||||||\u00bb text_text_color=\u00bb#00CED1&#8243; text_line_height=\u00bb1.4em\u00bb custom_margin=\u00bb0px||0px||true|false\u00bb custom_padding=\u00bb15px||20px||false|false\u00bb text_font_size_tablet=\u00bb13px\u00bb text_font_size_phone=\u00bb\u00bb text_font_size_last_edited=\u00bbon|desktop\u00bb global_colors_info=\u00bb{}\u00bb]<\/p>\n<p>Arenas de la base de la Unidad Superior del Mioceno. <em>(Fotograf\u00eda tomada en Perales de Taju\u00f1a)<\/em><\/p>\n<p><em><\/em><\/p>\n<p class=\"p1\">\n<p>[\/et_pb_text][\/et_pb_column][\/et_pb_row][et_pb_row _builder_version=\u00bb4.16&#8243; _module_preset=\u00bbdefault\u00bb custom_margin=\u00bb-9px|auto||auto||\u00bb custom_padding=\u00bb4px||1px|||\u00bb global_colors_info=\u00bb{}\u00bb][et_pb_column type=\u00bb4_4&#8243; _builder_version=\u00bb4.16&#8243; _module_preset=\u00bbdefault\u00bb global_colors_info=\u00bb{}\u00bb][et_pb_text _builder_version=\u00bb4.16&#8243; _module_preset=\u00bbdefault\u00bb text_font=\u00bbMontserrat||on||||||\u00bb text_font_size=\u00bb18px\u00bb text_line_height=\u00bb1.6em\u00bb custom_margin=\u00bb||58px|||\u00bb text_font_size_tablet=\u00bb17px\u00bb text_font_size_phone=\u00bb16px\u00bb text_font_size_last_edited=\u00bbon|phone\u00bb global_colors_info=\u00bb{}\u00bb]<\/p>\n<p>Con el tiempo el sistema evoluciona a condiciones principalmente palustres y lacustres, que sugieren un paisaje de praderas pantanosas con algunos canales fluviales, en los cuales se depositan las denominadas tradicionalmente \u201cCalizas del p\u00e1ramo\u201d. Estas calizas se presentan en la zona de Ambite con espesores entre 20 y 50 metros, de color gris o beige, con intercalaciones tob\u00e1ceas (zonas pantanosas) y niveles terr\u00edgenos (canales fluviales) que indican una disminuci\u00f3n significativa de la salinidad del medio, y el paso de un r\u00e9gimen endorreico (sin drenaje hacia el exterior de la cuenca) a exorreico (con drenaje hacia el exterior) aun cuando \u00e9ste se verificar\u00eda en un punto relativamente alejado de la zona.<\/p>\n<p>La foto adjunta muestra un detalle de estas calizas, observable en las m\u00e1rgenes del Camino del Arca:<\/p>\n<p>[\/et_pb_text][\/et_pb_column][\/et_pb_row][et_pb_row _builder_version=\u00bb4.16&#8243; _module_preset=\u00bbdefault\u00bb custom_padding=\u00bb7px||7px||false|false\u00bb global_colors_info=\u00bb{}\u00bb][et_pb_column type=\u00bb4_4&#8243; _builder_version=\u00bb4.16&#8243; _module_preset=\u00bbdefault\u00bb global_colors_info=\u00bb{}\u00bb][et_pb_image src=\u00bbhttps:\/\/www.ambite.es\/centrodenaturaleza\/wp-content\/uploads\/2021\/09\/image011.jpg\u00bb title_text=\u00bbFoto-mas-grafico3&#8243; show_in_lightbox=\u00bbon\u00bb force_fullwidth=\u00bbon\u00bb _builder_version=\u00bb4.16&#8243; _module_preset=\u00bbdefault\u00bb custom_margin=\u00bb0px||0px||false|false\u00bb custom_padding=\u00bb0px||0px||false|false\u00bb global_colors_info=\u00bb{}\u00bb][\/et_pb_image][et_pb_text _builder_version=\u00bb4.16&#8243; _module_preset=\u00bbdefault\u00bb text_font=\u00bbMontserrat|500|on||||||\u00bb text_text_color=\u00bb#00CED1&#8243; text_line_height=\u00bb1.4em\u00bb custom_margin=\u00bb0px||0px||true|false\u00bb custom_padding=\u00bb15px||40px||false|false\u00bb text_font_size_tablet=\u00bb13px\u00bb text_font_size_phone=\u00bb\u00bb text_font_size_last_edited=\u00bbon|desktop\u00bb global_colors_info=\u00bb{}\u00bb]<\/p>\n<p>Detalle de las calizas del p\u00e1ramo. Unidad Superior del Mioceno. Fotograf\u00eda tomada en Perales de Taju\u00f1a<\/p>\n<p>[\/et_pb_text][et_pb_text _builder_version=\u00bb4.16&#8243; _module_preset=\u00bbdefault\u00bb text_font=\u00bbMontserrat||on||||||\u00bb text_font_size=\u00bb18px\u00bb text_line_height=\u00bb1.6em\u00bb custom_margin=\u00bb||22px|||\u00bb text_font_size_tablet=\u00bb17px\u00bb text_font_size_phone=\u00bb16px\u00bb text_font_size_last_edited=\u00bbon|phone\u00bb global_colors_info=\u00bb{}\u00bb]<\/p>\n<p>Estos materiales (arenas y calizas) se depositan aproximadamente en el periodo entre 10 y 5 millones de a\u00f1os atr\u00e1s, y constituyen la unidad estratigr\u00e1fica conocida como \u201cUnidad Superior del Mioceno\u201d, que alcanza un espesor variable que puede superar los 50 metros.<\/p>\n<p>Las calizas del p\u00e1ramo dan lugar a amplias llanuras elevadas (\u201calcarrias\u201d o \u201cp\u00e1ramos\u201d) caracter\u00edsticas de la zona, que al ser cortadas por los valles de los r\u00edos dan lugar a un caracter\u00edstico escarpe morfol\u00f3gico en la parte m\u00e1s alta de las laderas, como se observa en la foto adjunta:<\/p>\n<p>[\/et_pb_text][\/et_pb_column][\/et_pb_row][et_pb_row _builder_version=\u00bb4.16&#8243; _module_preset=\u00bbdefault\u00bb module_alignment=\u00bbcenter\u00bb custom_margin=\u00bb|auto||auto|false|false\u00bb custom_padding=\u00bb9px||0px|||\u00bb global_colors_info=\u00bb{}\u00bb][et_pb_column type=\u00bb4_4&#8243; _builder_version=\u00bb4.16&#8243; _module_preset=\u00bbdefault\u00bb global_colors_info=\u00bb{}\u00bb][et_pb_image src=\u00bbhttps:\/\/www.ambite.es\/centrodenaturaleza\/wp-content\/uploads\/2021\/07\/image012.jpg\u00bb title_text=\u00bbFoto-mas-grafico3&#8243; show_in_lightbox=\u00bbon\u00bb force_fullwidth=\u00bbon\u00bb _builder_version=\u00bb4.16&#8243; _module_preset=\u00bbdefault\u00bb custom_margin=\u00bb0px||0px||false|false\u00bb custom_padding=\u00bb0px||0px||false|false\u00bb global_colors_info=\u00bb{}\u00bb][\/et_pb_image][et_pb_text _builder_version=\u00bb4.16&#8243; _module_preset=\u00bbdefault\u00bb text_font=\u00bbMontserrat|500|on||||||\u00bb text_text_color=\u00bb#00CED1&#8243; text_line_height=\u00bb1.4em\u00bb custom_margin=\u00bb0px||0px||true|false\u00bb custom_padding=\u00bb15px||40px||false|false\u00bb text_font_size_tablet=\u00bb13px\u00bb text_font_size_phone=\u00bb\u00bb text_font_size_last_edited=\u00bbon|desktop\u00bb global_colors_info=\u00bb{}\u00bb]<\/p>\n<p>Escarpe morfol\u00f3gico caracter\u00edstico en las calizas del p\u00e1ramo. Unidad Superior del Mioceno.<\/p>\n<p>[\/et_pb_text][\/et_pb_column][\/et_pb_row][et_pb_row _builder_version=\u00bb4.16&#8243; _module_preset=\u00bbdefault\u00bb custom_padding=\u00bb6px||0px|||\u00bb global_colors_info=\u00bb{}\u00bb][et_pb_column type=\u00bb4_4&#8243; _builder_version=\u00bb4.16&#8243; _module_preset=\u00bbdefault\u00bb global_colors_info=\u00bb{}\u00bb][et_pb_text _builder_version=\u00bb4.16&#8243; _module_preset=\u00bbdefault\u00bb text_font=\u00bbMontserrat||on||||||\u00bb text_font_size=\u00bb18px\u00bb text_line_height=\u00bb1.6em\u00bb custom_margin=\u00bb||22px|||\u00bb text_font_size_tablet=\u00bb17px\u00bb text_font_size_phone=\u00bb16px\u00bb text_font_size_last_edited=\u00bbon|phone\u00bb global_colors_info=\u00bb{}\u00bb]<\/p>\n<p>La figura adjunta muestra la paleogeograf\u00eda y contexto geomorfol\u00f3gico durante la instalaci\u00f3n de la red fluvial de la base de la Unidad Superior con interfluvios lacustres que se har\u00e1n m\u00e1s abundantes al final de este periodo:<\/p>\n<p>[\/et_pb_text][\/et_pb_column][\/et_pb_row][et_pb_row admin_label=\u00bbGr\u00e1fico redes fluviales\u00bb _builder_version=\u00bb4.16&#8243; _module_preset=\u00bbdefault\u00bb custom_padding=\u00bb21px|||||\u00bb global_colors_info=\u00bb{}\u00bb][et_pb_column type=\u00bb4_4&#8243; _builder_version=\u00bb4.16&#8243; _module_preset=\u00bbdefault\u00bb global_colors_info=\u00bb{}\u00bb][et_pb_image src=\u00bbhttps:\/\/www.ambite.es\/centrodenaturaleza\/wp-content\/uploads\/2021\/06\/dibujo-1-grafico-2.jpg\u00bb title_text=\u00bbFoto-mas-grafico3&#8243; show_in_lightbox=\u00bbon\u00bb force_fullwidth=\u00bbon\u00bb _builder_version=\u00bb4.16&#8243; _module_preset=\u00bbdefault\u00bb custom_margin=\u00bb0px||0px||false|false\u00bb custom_padding=\u00bb0px||0px||false|false\u00bb global_colors_info=\u00bb{}\u00bb][\/et_pb_image][et_pb_text _builder_version=\u00bb4.16&#8243; _module_preset=\u00bbdefault\u00bb text_font=\u00bbMontserrat|500|on||||||\u00bb text_text_color=\u00bb#00CED1&#8243; text_line_height=\u00bb1.4em\u00bb custom_margin=\u00bb0px||0px||true|false\u00bb custom_padding=\u00bb15px||40px||false|false\u00bb text_font_size_tablet=\u00bb13px\u00bb text_font_size_phone=\u00bb\u00bb text_font_size_last_edited=\u00bbon|desktop\u00bb global_colors_info=\u00bb{}\u00bb]<\/p>\n<p>(Gr\u00e1fico obtenido de: Vera J.A. (editor) (2004): Geolog\u00eda de Espa\u00f1a. SGE-IGME, Madrid)<\/p>\n<p>[\/et_pb_text][et_pb_text _builder_version=\u00bb4.16&#8243; _module_preset=\u00bbdefault\u00bb text_font=\u00bbMontserrat||on||||||\u00bb text_font_size=\u00bb18px\u00bb text_line_height=\u00bb1.6em\u00bb custom_margin=\u00bb||22px|||\u00bb text_font_size_tablet=\u00bb17px\u00bb text_font_size_phone=\u00bb16px\u00bb text_font_size_last_edited=\u00bbon|phone\u00bb global_colors_info=\u00bb{}\u00bb]<\/p>\n<p>La caliza del p\u00e1ramo constituye la \u00faltima de las formaciones rocosas de edad Terciario que pueden encontrarse en la zona de Ambite.<\/p>\n<p>Con posterioridad a la deposici\u00f3n de la Serie del P\u00e1ramo se produce una importante fase tect\u00f3nica que a la vez que eleva el marco monta\u00f1oso provoca el juego de bloques de basamento, dando lugar a pliegues, abombamientos y fallas en toda la cobertera miocena, que son m\u00e1s f\u00e1cilmente visibles en las calizas de p\u00e1ramo, como se observa en las fotos adjuntas:<\/p>\n<p>[\/et_pb_text][\/et_pb_column][\/et_pb_row][et_pb_row column_structure=\u00bb1_2,1_2&#8243; _builder_version=\u00bb4.16&#8243; _module_preset=\u00bbdefault\u00bb custom_padding=\u00bb2px||1px|||\u00bb global_colors_info=\u00bb{}\u00bb][et_pb_column type=\u00bb1_2&#8243; _builder_version=\u00bb4.16&#8243; _module_preset=\u00bbdefault\u00bb global_colors_info=\u00bb{}\u00bb][et_pb_image src=\u00bbhttps:\/\/www.ambite.es\/centrodenaturaleza\/wp-content\/uploads\/2021\/09\/Foto-mas-grafico2-e1623865870536.jpg\u00bb title_text=\u00bbFoto-mas-grafico3&#8243; show_in_lightbox=\u00bbon\u00bb force_fullwidth=\u00bbon\u00bb admin_label=\u00bbfoto llanura aluvial\u00bb _builder_version=\u00bb4.16&#8243; _module_preset=\u00bbdefault\u00bb custom_margin=\u00bb0px||0px||false|false\u00bb custom_padding=\u00bb0px||0px||false|false\u00bb global_colors_info=\u00bb{}\u00bb][\/et_pb_image][et_pb_text admin_label=\u00bbpie de foto llanura aluvial\u00bb _builder_version=\u00bb4.16&#8243; _module_preset=\u00bbdefault\u00bb text_font=\u00bbMontserrat|500|on||||||\u00bb text_text_color=\u00bb#00CED1&#8243; text_line_height=\u00bb1.4em\u00bb custom_margin=\u00bb0px||0px||true|false\u00bb custom_padding=\u00bb15px||40px||false|false\u00bb text_font_size_tablet=\u00bb13px\u00bb text_font_size_phone=\u00bb\u00bb text_font_size_last_edited=\u00bbon|desktop\u00bb global_colors_info=\u00bb{}\u00bb]<\/p>\n<p>Suave pliegue de la estratificaci\u00f3n en las calizas de la Unidad Superior del Mioceno, al Norte del Camino del Arca.<\/p>\n<p>[\/et_pb_text][\/et_pb_column][et_pb_column type=\u00bb1_2&#8243; _builder_version=\u00bb4.16&#8243; _module_preset=\u00bbdefault\u00bb global_colors_info=\u00bb{}\u00bb][et_pb_image src=\u00bbhttps:\/\/www.ambite.es\/centrodenaturaleza\/wp-content\/uploads\/2021\/09\/Foto-mas-grafico3-e1623833876738.jpg\u00bb title_text=\u00bbFoto-mas-grafico3&#8243; show_in_lightbox=\u00bbon\u00bb force_fullwidth=\u00bbon\u00bb admin_label=\u00bbfoto llanura aluvial\u00bb _builder_version=\u00bb4.16&#8243; _module_preset=\u00bbdefault\u00bb custom_margin=\u00bb0px||0px||false|false\u00bb custom_padding=\u00bb0px||0px||false|false\u00bb global_colors_info=\u00bb{}\u00bb][\/et_pb_image][et_pb_text admin_label=\u00bbpie de foto llanura aluvial\u00bb _builder_version=\u00bb4.16&#8243; _module_preset=\u00bbdefault\u00bb text_font=\u00bbMontserrat|500|on||||||\u00bb text_text_color=\u00bb#00CED1&#8243; text_line_height=\u00bb1.4em\u00bb custom_margin=\u00bb0px||0px||true|false\u00bb custom_padding=\u00bb15px||40px||false|false\u00bb text_font_size_tablet=\u00bb13px\u00bb text_font_size_phone=\u00bb\u00bb text_font_size_last_edited=\u00bbon|desktop\u00bb global_colors_info=\u00bb{}\u00bb]<\/p>\n<p>Falla que afecta a las calizas de la Unidad Superior del Mioceno en las proximidades de Pe\u00f1a Hueca.<\/p>\n<p>[\/et_pb_text][\/et_pb_column][\/et_pb_row][et_pb_row _builder_version=\u00bb4.16&#8243; _module_preset=\u00bbdefault\u00bb custom_padding=\u00bb0px||19px|||\u00bb global_colors_info=\u00bb{}\u00bb][et_pb_column type=\u00bb4_4&#8243; _builder_version=\u00bb4.16&#8243; _module_preset=\u00bbdefault\u00bb global_colors_info=\u00bb{}\u00bb][et_pb_text _builder_version=\u00bb4.16&#8243; _module_preset=\u00bbdefault\u00bb text_font=\u00bbMontserrat||on||||||\u00bb text_font_size=\u00bb18px\u00bb text_line_height=\u00bb1.6em\u00bb custom_margin=\u00bb||22px|||\u00bb text_font_size_tablet=\u00bb17px\u00bb text_font_size_phone=\u00bb16px\u00bb text_font_size_last_edited=\u00bbon|phone\u00bb global_colors_info=\u00bb{}\u00bb]<\/p>\n<p>Al final del Plioceno (\u00faltimo periodo Terciario tras el Mioceno) se produce la basculaci\u00f3n general hacia el Suroeste, que afecta a todas las formaciones hasta entonces depositadas, y da lugar a la generalizaci\u00f3n del drenaje de toda la Cuenca del Tajo hacia el Oc\u00e9ano Atl\u00e1ntico, que contin\u00faa hoy en d\u00eda.<\/p>\n<p>El final del Plioceno marca el comienzo del Cuaternario.<\/p>\n<p>[\/et_pb_text][et_pb_text _builder_version=\u00bb4.16&#8243; _module_preset=\u00bbdefault\u00bb text_font=\u00bbMontserrat||on||||||\u00bb text_font_size=\u00bb18px\u00bb text_line_height=\u00bb1.6em\u00bb custom_margin=\u00bb||22px|||\u00bb custom_padding=\u00bb||0px|||\u00bb text_font_size_tablet=\u00bb17px\u00bb text_font_size_phone=\u00bb16px\u00bb text_font_size_last_edited=\u00bbon|phone\u00bb global_colors_info=\u00bb{}\u00bb]<\/p>\n<p>El Cuaternario propiamente dicho marca una sucesi\u00f3n de episodios \u00e1ridos fr\u00edos y templados h\u00famedos durante los cuales, debido a desplazamientos verticales del terreno y a los cambios del nivel del mar generados por las glaciaciones, la red fluvial se va encajando en la llanura formada en el Plioceno, desmantel\u00e1ndola progresivamente y originando los valles fluviales que forman el paisaje actual, en el entorno de Ambite, principalmente el r\u00edo Taju\u00f1a y el arroyo De la Vega.<\/p>\n<p>La alternancia de periodos h\u00famedos y secos, y las bajadas y subidas del nivel del mar asociadas a las glaciaciones y a los periodos interglaciares respectivamente, da lugar a la alternancia de periodos en que los r\u00edos se estabilizan y generan acumulaciones de gravas, arenas y arcillas en su cauce y llanura de inundaci\u00f3n (como principalmente ocurre en el periodo actual) con otros periodos en que se incrementa su poder erosivo y se encajan en su antigua llanura profundizando los valles.<\/p>\n<p>[\/et_pb_text][\/et_pb_column][\/et_pb_row][et_pb_row _builder_version=\u00bb4.16&#8243; _module_preset=\u00bbdefault\u00bb custom_padding=\u00bb10px||5px|||\u00bb global_colors_info=\u00bb{}\u00bb][et_pb_column type=\u00bb4_4&#8243; _builder_version=\u00bb4.16&#8243; _module_preset=\u00bbdefault\u00bb global_colors_info=\u00bb{}\u00bb][et_pb_image src=\u00bbhttps:\/\/www.ambite.es\/centrodenaturaleza\/wp-content\/uploads\/2021\/09\/image017.jpg\u00bb title_text=\u00bbFoto-mas-grafico3&#8243; show_in_lightbox=\u00bbon\u00bb force_fullwidth=\u00bbon\u00bb admin_label=\u00bbfoto bloques deslizados\u00bb _builder_version=\u00bb4.16&#8243; _module_preset=\u00bbdefault\u00bb custom_margin=\u00bb0px||0px||false|false\u00bb custom_padding=\u00bb0px||0px||false|false\u00bb global_colors_info=\u00bb{}\u00bb][\/et_pb_image][et_pb_text admin_label=\u00bbpie de foto bloques deslizados\u00bb _builder_version=\u00bb4.16&#8243; _module_preset=\u00bbdefault\u00bb text_font=\u00bbMontserrat|500|on||||||\u00bb text_text_color=\u00bb#00CED1&#8243; text_line_height=\u00bb1.4em\u00bb custom_margin=\u00bb0px||0px||true|false\u00bb custom_padding=\u00bb15px||40px||false|false\u00bb text_font_size_tablet=\u00bb13px\u00bb text_font_size_phone=\u00bb\u00bb text_font_size_last_edited=\u00bbon|desktop\u00bb global_colors_info=\u00bb{}\u00bb]<\/p>\n<p>Arenas y limos de la llanura aluvial del R\u00edo Taju\u00f1a<\/p>\n<p>[\/et_pb_text][et_pb_text _builder_version=\u00bb4.16&#8243; _module_preset=\u00bbdefault\u00bb text_font=\u00bbMontserrat||on||||||\u00bb text_font_size=\u00bb18px\u00bb text_line_height=\u00bb1.6em\u00bb custom_margin=\u00bb||22px|||\u00bb text_font_size_tablet=\u00bb17px\u00bb text_font_size_phone=\u00bb16px\u00bb text_font_size_last_edited=\u00bbon|phone\u00bb global_colors_info=\u00bb{}\u00bb]<\/p>\n<p>Se genera as\u00ed una sucesi\u00f3n de rampas y terrazas caracter\u00edstica de los valles actuales. Efectivamente, en las laderas de los valles del r\u00edo Taju\u00f1a y del arroyo de la Vega se observan algunos rellanos formados por gravas redondeadas, que nos indican que en per\u00edodos estables el r\u00edo o el arroyo en el pasado pasaron por all\u00ed y depositaron esas gravas, y que posteriormente un mayor poder erosivo del r\u00edo dio lugar al encajamiento del mismo en la llanura aluvial, que pas\u00f3 a quedar \u201ccolgada\u201d en la ladera y empez\u00f3 a ser destruida progresivamente por los procesos erosivos de ladera, mientras el r\u00edo se encajaba en el fondo del valle.<\/p>\n<p>[\/et_pb_text][\/et_pb_column][\/et_pb_row][et_pb_row _builder_version=\u00bb4.16&#8243; _module_preset=\u00bbdefault\u00bb custom_padding=\u00bb4px||0px|||\u00bb global_colors_info=\u00bb{}\u00bb][et_pb_column type=\u00bb4_4&#8243; _builder_version=\u00bb4.16&#8243; _module_preset=\u00bbdefault\u00bb global_colors_info=\u00bb{}\u00bb][et_pb_image src=\u00bbhttps:\/\/www.ambite.es\/centrodenaturaleza\/wp-content\/uploads\/2021\/09\/image018.jpg\u00bb title_text=\u00bbFoto-mas-grafico3&#8243; show_in_lightbox=\u00bbon\u00bb force_fullwidth=\u00bbon\u00bb admin_label=\u00bbfoto cultivos\u00bb _builder_version=\u00bb4.16&#8243; _module_preset=\u00bbdefault\u00bb custom_margin=\u00bb0px||0px||false|false\u00bb custom_padding=\u00bb0px||0px||false|false\u00bb global_colors_info=\u00bb{}\u00bb][\/et_pb_image][et_pb_text admin_label=\u00bbpie de foto cultivo\u00bb _builder_version=\u00bb4.16&#8243; _module_preset=\u00bbdefault\u00bb text_font=\u00bbMontserrat|500|on||||||\u00bb text_text_color=\u00bb#00CED1&#8243; text_line_height=\u00bb1.4em\u00bb custom_margin=\u00bb0px||0px||true|false\u00bb custom_padding=\u00bb15px||40px||false|false\u00bb text_font_size_tablet=\u00bb13px\u00bb text_font_size_phone=\u00bb\u00bb text_font_size_last_edited=\u00bbon|desktop\u00bb global_colors_info=\u00bb{}\u00bb]<\/p>\n<p>Gravas algo redondeadas que constituyen los restos de una terraza aluvial, sobre las arcillas verdes de la Unidad Intermedia del Mioceno, en un desmonte de la carretera a Loranca de Taju\u00f1a.<\/p>\n<p>[\/et_pb_text][\/et_pb_column][\/et_pb_row][et_pb_row _builder_version=\u00bb4.16&#8243; _module_preset=\u00bbdefault\u00bb custom_padding=\u00bb3px||3px|||\u00bb global_colors_info=\u00bb{}\u00bb][et_pb_column type=\u00bb4_4&#8243; _builder_version=\u00bb4.16&#8243; _module_preset=\u00bbdefault\u00bb global_colors_info=\u00bb{}\u00bb][et_pb_text _builder_version=\u00bb4.16&#8243; _module_preset=\u00bbdefault\u00bb text_font=\u00bbMontserrat||on||||||\u00bb text_font_size=\u00bb18px\u00bb text_line_height=\u00bb1.6em\u00bb custom_margin=\u00bb||22px|||\u00bb text_font_size_tablet=\u00bb17px\u00bb text_font_size_phone=\u00bb16px\u00bb text_font_size_last_edited=\u00bbon|phone\u00bb global_colors_info=\u00bb{}\u00bb]<\/p>\n<p>La profundizaci\u00f3n de los valles afecta de distinta forma a los sedimentos terciarios. Los terrenos blandos se erosionan intensamente dando lugar a laderas suaves, mientras que las calizas de la unidad superior, m\u00e1s resistentes, generan escarpes verticales en las partes altas de las laderas.<\/p>\n<p>Se genera as\u00ed el paisaje caracter\u00edstico de los valles fluviales en la zona: la llanura aluvial del r\u00edo en la base y una suave ladera hasta alcanzar la parte alta donde se verticaliza al encontrar las calizas del p\u00e1ramo.<\/p>\n<p>En la fotograf\u00eda adjunta se observa esta geometr\u00eda, en primer t\u00e9rmino la llanura aluvial del R\u00edo Taju\u00f1a (la vega) y al fondo la Pe\u00f1a Ambite (calizas del p\u00e1ramo) coronando la ladera.<\/p>\n<p>[\/et_pb_text][et_pb_image src=\u00bbhttps:\/\/www.ambite.es\/centrodenaturaleza\/wp-content\/uploads\/2021\/09\/Foto-mas-grafico4-e1623833858360.jpg\u00bb title_text=\u00bbFoto-mas-grafico3&#8243; show_in_lightbox=\u00bbon\u00bb force_fullwidth=\u00bbon\u00bb admin_label=\u00bbimagen suelo aluvial\u00bb _builder_version=\u00bb4.16&#8243; _module_preset=\u00bbdefault\u00bb custom_margin=\u00bb0px||0px||false|false\u00bb custom_padding=\u00bb0px||0px||false|false\u00bb global_colors_info=\u00bb{}\u00bb][\/et_pb_image][et_pb_text admin_label=\u00bbpie de foto suelo aluvial\u00bb _builder_version=\u00bb4.16&#8243; _module_preset=\u00bbdefault\u00bb text_font=\u00bbMontserrat|500|on||||||\u00bb text_text_color=\u00bb#00CED1&#8243; text_line_height=\u00bb1.4em\u00bb custom_margin=\u00bb0px||0px||true|false\u00bb custom_padding=\u00bb15px||40px||false|false\u00bb text_font_size_tablet=\u00bb13px\u00bb text_font_size_phone=\u00bb\u00bb text_font_size_last_edited=\u00bbon|desktop\u00bb global_colors_info=\u00bb{}\u00bb]<\/p>\n<p>En primer t\u00e9rmino la llanura aluvial del R\u00edo Taju\u00f1a (la vega) y al fondo la Pe\u00f1a Ambite (calizas del p\u00e1ramo) coronando la ladera.<\/p>\n<p>[\/et_pb_text][et_pb_text _builder_version=\u00bb4.16&#8243; _module_preset=\u00bbdefault\u00bb text_font=\u00bbMontserrat||on||||||\u00bb text_font_size=\u00bb18px\u00bb text_line_height=\u00bb1.6em\u00bb custom_margin=\u00bb||22px|||\u00bb text_font_size_tablet=\u00bb17px\u00bb text_font_size_phone=\u00bb16px\u00bb text_font_size_last_edited=\u00bbon|phone\u00bb global_colors_info=\u00bb{}\u00bb]<\/p>\n<p>No obstante, esta geometr\u00eda no constituye un sistema est\u00e1tico. El desnivel generado por el propio r\u00edo Taju\u00f1a da lugar a que en las \u00e9pocas lluviosas las tierras y rocas que forman sus laderas se erosionen y se vean arrastradas por las vaguadas hacia la llanura aluvial y el r\u00edo, de forma que parte de las tierras se acumulan en la ladera (coluviones) y parte es arrastrado por el r\u00edo.<\/p>\n<p>[\/et_pb_text][\/et_pb_column][\/et_pb_row][et_pb_row _builder_version=\u00bb4.16&#8243; _module_preset=\u00bbdefault\u00bb custom_padding=\u00bb||0px|||\u00bb global_colors_info=\u00bb{}\u00bb][et_pb_column type=\u00bb4_4&#8243; _builder_version=\u00bb4.16&#8243; _module_preset=\u00bbdefault\u00bb global_colors_info=\u00bb{}\u00bb][et_pb_image src=\u00bbhttps:\/\/www.ambite.es\/centrodenaturaleza\/wp-content\/uploads\/2021\/09\/image020.jpg\u00bb title_text=\u00bbFoto-mas-grafico3&#8243; show_in_lightbox=\u00bbon\u00bb force_fullwidth=\u00bbon\u00bb _builder_version=\u00bb4.16&#8243; _module_preset=\u00bbdefault\u00bb custom_margin=\u00bb0px||0px||false|false\u00bb custom_padding=\u00bb0px||0px||false|false\u00bb global_colors_info=\u00bb{}\u00bb text_font_size_tablet=\u00bb14px\u00bb text_font_size_last_edited=\u00bbon|phone\u00bb text_font_size_phone=\u00bb14px\u00bb][\/et_pb_image][et_pb_text _builder_version=\u00bb4.16&#8243; _module_preset=\u00bbdefault\u00bb text_font=\u00bbMontserrat|500|on||||||\u00bb text_text_color=\u00bb#00CED1&#8243; text_line_height=\u00bb1.4em\u00bb custom_margin=\u00bb0px||0px||true|false\u00bb custom_padding=\u00bb15px||40px||false|false\u00bb text_font_size_tablet=\u00bb13px\u00bb text_font_size_phone=\u00bb\u00bb text_font_size_last_edited=\u00bbon|desktop\u00bb global_colors_info=\u00bb{}\u00bb]<\/p>\n<p>Coluvi\u00f3n en el Camino del Robledillo.<\/p>\n<p>[\/et_pb_text][et_pb_text _builder_version=\u00bb4.16&#8243; _module_preset=\u00bbdefault\u00bb text_font=\u00bbMontserrat||on||||||\u00bb text_font_size=\u00bb18px\u00bb text_line_height=\u00bb1.6em\u00bb custom_margin=\u00bb||58px|||\u00bb text_font_size_tablet=\u00bb17px\u00bb text_font_size_phone=\u00bb16px\u00bb text_font_size_last_edited=\u00bbon|phone\u00bb global_colors_info=\u00bb{}\u00bb]<\/p>\n<p>Adem\u00e1s, otro fen\u00f3meno singular tiene lugar en las laderas del Taju\u00f1a principalmente, pero tambi\u00e9n del Arroyo de la Vega.<\/p>\n<p>Las arcillas de la Unidad Intermedia del Mioceno, principalmente las arcillas verdosas, presentan una elevada capacidad de absorci\u00f3n de agua, de forma que en \u00e9pocas lluviosas se empapan de agua disminuyendo considerablemente su resistencia en superficie e iniciando procesos de \u201creptaci\u00f3n\u201d o flujo superficial ladera abajo que, favorecidos por la sobrecarga generada por la existencia del escarpe rocoso de las \u201ccalizas de p\u00e1ramo\u201d en coronaci\u00f3n de las laderas, genera un movimiento generalizado superficial de la ladera, lento pero persistente, que genera la rotura del macizo de las \u201ccalizas de p\u00e1ramo\u201d aprovechando las \u201cdiaclasas\u201d o fracturas existentes en \u00e9l, y desgaja grandes bloques que pueden tener dimensiones de decenas e incluso centenares de metros, que literalmente \u201cviajan\u201d ladera abajo hacia el valle deslizando sobre su superficie.<\/p>\n<p>En el tramo en el que el r\u00edo Taju\u00f1a atraviesa el t\u00e9rmino municipal de Ambite este fen\u00f3meno es muy frecuente y se observa en ambos lados del valle. Se identifica por la existencia de grandes acumulaciones de bloques de la caliza de p\u00e1ramo que mantienen una cierta apariencia de estratificaci\u00f3n (ya que no se trata de bloques ca\u00eddos y rodados sino deslizados sobre un \u201ccolch\u00f3n\u201d de suelos arcillosos) separadas del escarpe rocoso, a media ladera o incluso en su parte baja, que generan superficies subhorizontales u \u201chombreras\u201d en la ladera.<\/p>\n<p>Se trata de un proceso lento, s\u00f3lo activo mayoritariamente en \u00e9pocas lluviosas,\u00a0 que un recorrido visual por las laderas y los escarpes del valle del Taju\u00f1a mostrar\u00e1 en todas sus fases, desde la formaci\u00f3n de grandes grietas abiertas que marcan el inicio de la rotura en los escarpes de caliza, hasta los grandes bloques calizos ya muy deteriorados e incluso ruiniformes que han alcanzado ya los pies de las laderas en la llanura aluvial del r\u00edo.<\/p>\n<p>La foto obtenida ya en Orusco pero muy cerca del l\u00edmite del t\u00e9rmino municipal de Ambite, en la margen izquierda del r\u00edo Taju\u00f1a, muestra con claridad este fen\u00f3meno. Se observan tres grandes bloques fracturados de dimensiones hectom\u00e9tricas, muy separados de su emplazamiento original en coronaci\u00f3n de la ladera, lo que evidencia el desplazamiento sufrido ladera abajo.<\/p>\n<p>[\/et_pb_text][et_pb_image src=\u00bbhttps:\/\/www.ambite.es\/centrodenaturaleza\/wp-content\/uploads\/2021\/09\/Foto-con-grafica-5-e1623833839296.jpg\u00bb title_text=\u00bbFoto-mas-grafico3&#8243; show_in_lightbox=\u00bbon\u00bb force_fullwidth=\u00bbon\u00bb _builder_version=\u00bb4.16&#8243; _module_preset=\u00bbdefault\u00bb custom_margin=\u00bb0px||0px||false|false\u00bb custom_padding=\u00bb0px||0px||false|false\u00bb global_colors_info=\u00bb{}\u00bb][\/et_pb_image][et_pb_text _builder_version=\u00bb4.16&#8243; _module_preset=\u00bbdefault\u00bb text_font=\u00bbMontserrat|500|on||||||\u00bb text_text_color=\u00bb#00CED1&#8243; text_line_height=\u00bb1.4em\u00bb custom_margin=\u00bb0px||0px||true|false\u00bb custom_padding=\u00bb15px||40px||false|false\u00bb text_font_size_tablet=\u00bb13px\u00bb text_font_size_phone=\u00bb\u00bb text_font_size_last_edited=\u00bbon|desktop\u00bb global_colors_info=\u00bb{}\u00bb]<\/p>\n<p>Bloques deslizados en la margen izquierda del r\u00edo Taju\u00f1a.<\/p>\n<p>[\/et_pb_text][et_pb_text _builder_version=\u00bb4.16&#8243; _module_preset=\u00bbdefault\u00bb text_font=\u00bbMontserrat||on||||||\u00bb text_font_size=\u00bb18px\u00bb text_line_height=\u00bb1.6em\u00bb custom_margin=\u00bb||49px|||\u00bb text_font_size_tablet=\u00bb17px\u00bb text_font_size_phone=\u00bb16px\u00bb text_font_size_last_edited=\u00bbon|phone\u00bb global_colors_info=\u00bb{}\u00bb]<\/p>\n<p>Por \u00faltimo, en lo que se refiere a la evoluci\u00f3n geol\u00f3gica de los materiales que constituyen el asentamiento del Ambite actual, cabe se\u00f1alar que desde la finalizaci\u00f3n de la deposici\u00f3n de las calizas del p\u00e1ramo, \u00e9stas sufren un proceso lento pero continuo de disoluci\u00f3n y alteraci\u00f3n que contin\u00faa en la actualidad, que da lugar a un lavado de los carbonatos (que llega a generar cavidades) y a la permanencia de un residuo arcilloso (suelo eluvial) que rellena las depresiones que se generan por la disoluci\u00f3n. Si la disoluci\u00f3n es importante se generan aut\u00e9nticas \u201cdolinas\u201d aunque no tengan una notoriedad evidente, en cuyas zonas bajas se acumulan los suelos residuales o incluso pueden inundarse en \u00e9pocas lluviosas originando lagunas ef\u00edmeras.<\/p>\n<p>Las zonas en que el desarrollo de suelos eluviales es suficiente, se utilizan para el cultivo, mientras que donde la disoluci\u00f3n ha sido menor la roca caliza aflora en superficie, dificultando su cultivo y quedando ocupada con frecuencia por monte de encinas, coscojas, etc.<\/p>\n<p>En la primera foto se muestra una zona donde el suficiente desarrollo de suelo eluvial permite el cultivo, y en la segunda otra \u00e1rea donde la roca aflora en superficie y permanece inculta, ocupada por monte:<\/p>\n<p>[\/et_pb_text][\/et_pb_column][\/et_pb_row][et_pb_row column_structure=\u00bb1_2,1_2&#8243; _builder_version=\u00bb4.16&#8243; _module_preset=\u00bbdefault\u00bb custom_padding=\u00bb0px||2px|||\u00bb global_colors_info=\u00bb{}\u00bb][et_pb_column type=\u00bb1_2&#8243; _builder_version=\u00bb4.16&#8243; _module_preset=\u00bbdefault\u00bb global_colors_info=\u00bb{}\u00bb][et_pb_image src=\u00bbhttps:\/\/www.ambite.es\/centrodenaturaleza\/wp-content\/uploads\/2021\/07\/panel-3-baja_0005_Fondo-e1623833645162.jpg\u00bb title_text=\u00bbFoto-mas-grafico3&#8243; show_in_lightbox=\u00bbon\u00bb force_fullwidth=\u00bbon\u00bb _builder_version=\u00bb4.16&#8243; _module_preset=\u00bbdefault\u00bb custom_margin=\u00bb0px||0px||false|false\u00bb custom_padding=\u00bb0px||0px||false|false\u00bb global_colors_info=\u00bb{}\u00bb][\/et_pb_image][et_pb_text _builder_version=\u00bb4.16&#8243; _module_preset=\u00bbdefault\u00bb text_font=\u00bbMontserrat|500|on||||||\u00bb text_text_color=\u00bb#00CED1&#8243; text_line_height=\u00bb1.4em\u00bb custom_margin=\u00bb0px||0px||true|false\u00bb custom_padding=\u00bb15px||40px||false|false\u00bb text_font_size_tablet=\u00bb13px\u00bb text_font_size_phone=\u00bb\u00bb text_font_size_last_edited=\u00bbon|desktop\u00bb global_colors_info=\u00bb{}\u00bb]<\/p>\n<p>El desarrollo suficiente del suelo eluvial permite el cultivo.<\/p>\n<p>[\/et_pb_text][\/et_pb_column][et_pb_column type=\u00bb1_2&#8243; _builder_version=\u00bb4.16&#8243; _module_preset=\u00bbdefault\u00bb global_colors_info=\u00bb{}\u00bb][et_pb_image src=\u00bbhttps:\/\/www.ambite.es\/centrodenaturaleza\/wp-content\/uploads\/2021\/11\/image023bis.jpg\u00bb title_text=\u00bbimage023bis\u00bb show_in_lightbox=\u00bbon\u00bb force_fullwidth=\u00bbon\u00bb _builder_version=\u00bb4.16&#8243; _module_preset=\u00bbdefault\u00bb custom_margin=\u00bb0px||0px||false|false\u00bb custom_padding=\u00bb0px||0px||false|false\u00bb global_colors_info=\u00bb{}\u00bb][\/et_pb_image][et_pb_text _builder_version=\u00bb4.16&#8243; _module_preset=\u00bbdefault\u00bb text_font=\u00bbMontserrat|500|on||||||\u00bb text_text_color=\u00bb#00CED1&#8243; text_line_height=\u00bb1.4em\u00bb custom_margin=\u00bb0px||0px||true|false\u00bb custom_padding=\u00bb15px||40px||false|false\u00bb text_font_size_tablet=\u00bb13px\u00bb text_font_size_phone=\u00bb\u00bb text_font_size_last_edited=\u00bbon|desktop\u00bb global_colors_info=\u00bb{}\u00bb]<\/p>\n<p>Donde el suelo eluvial apenas existe la roca aflora en superficie y el terreno permanece inculto, ocupado por monte.<\/p>\n<p>[\/et_pb_text][\/et_pb_column][\/et_pb_row][et_pb_row _builder_version=\u00bb4.16&#8243; _module_preset=\u00bbdefault\u00bb custom_padding=\u00bb0px|||||\u00bb global_colors_info=\u00bb{}\u00bb][et_pb_column type=\u00bb4_4&#8243; _builder_version=\u00bb4.16&#8243; _module_preset=\u00bbdefault\u00bb global_colors_info=\u00bb{}\u00bb][et_pb_text _builder_version=\u00bb4.16&#8243; _module_preset=\u00bbdefault\u00bb text_font=\u00bbMontserrat||on||||||\u00bb text_font_size=\u00bb18px\u00bb text_line_height=\u00bb1.6em\u00bb custom_margin=\u00bb||22px|||\u00bb text_font_size_tablet=\u00bb17px\u00bb text_font_size_phone=\u00bb16px\u00bb text_font_size_last_edited=\u00bbon|phone\u00bb global_colors_info=\u00bb{}\u00bb]<\/p>\n<p>La acci\u00f3n de los agentes atmosf\u00e9ricos (lluvia, viento, hielo, calor, fr\u00edo) ha alterado las propiedades de la superficie de las rocas de Ambite facilitando su reblandecimiento, erosi\u00f3n, arrastre, etc, generando hundimientos, valles, deslizamientos, aterramientos\u2026 Hoy en d\u00eda siguen actuando estos procesos y modificando la forma de los valles y llanuras aunque, por su lenta velocidad, no los percibimos en el tiempo de una generaci\u00f3n humana, salvo en momentos singulares, como cuando se producen fuertes lluvias, inundaciones, derrumbes, etc.<\/p>\n<p>Todo ello constituye el sustrato en el que se desarrolla y con el que interacciona la flora y fauna de Ambite.<\/p>\n<p>[\/et_pb_text][\/et_pb_column][\/et_pb_row][\/et_pb_section][et_pb_section fb_built=\u00bb1&#8243; admin_label=\u00bbAGUAS SUBTERRANEAS\u00bb module_id=\u00bbaguas-sub\u00bb _builder_version=\u00bb4.16&#8243; _module_preset=\u00bbdefault\u00bb min_height=\u00bb2026.4px\u00bb custom_margin=\u00bb8px|||||\u00bb custom_padding=\u00bb0px||4px|||\u00bb global_colors_info=\u00bb{}\u00bb][et_pb_row _builder_version=\u00bb4.16&#8243; _module_preset=\u00bbdefault\u00bb custom_margin=\u00bb19px|auto||auto||\u00bb custom_padding=\u00bb7px|||||\u00bb global_colors_info=\u00bb{}\u00bb][et_pb_column type=\u00bb4_4&#8243; _builder_version=\u00bb4.16&#8243; _module_preset=\u00bbdefault\u00bb global_colors_info=\u00bb{}\u00bb][et_pb_text _builder_version=\u00bb4.16&#8243; _module_preset=\u00bbdefault\u00bb text_font=\u00bbMontserrat|500|on||||||\u00bb text_text_color=\u00bb#1eb5a1&#8243; text_font_size=\u00bb45px\u00bb text_line_height=\u00bb1em\u00bb custom_margin=\u00bb||36px|||\u00bb text_font_size_tablet=\u00bb40px\u00bb text_font_size_phone=\u00bb32px\u00bb text_font_size_last_edited=\u00bbon|phone\u00bb global_colors_info=\u00bb{}\u00bb]<\/p>\n<p class=\"p1\">Aguas subterr\u00e1neas<\/p>\n<p>[\/et_pb_text][et_pb_text _builder_version=\u00bb4.16&#8243; _module_preset=\u00bbdefault\u00bb text_font=\u00bbMontserrat||on||||||\u00bb text_font_size=\u00bb18px\u00bb text_line_height=\u00bb1.6em\u00bb custom_margin=\u00bb||22px|||\u00bb text_font_size_tablet=\u00bb17px\u00bb text_font_size_phone=\u00bb16px\u00bb text_font_size_last_edited=\u00bbon|phone\u00bb global_colors_info=\u00bb{}\u00bb]<\/p>\n<p>La composici\u00f3n y estructura deI conjunto de unidades geol\u00f3gicas aflorantes en la zona de Ambite tienen como consecuencia un comportamiento distinto y caracter\u00edstico de cada una de ellas con respecto al almacenamiento y transporte de las aguas subterr\u00e1neas (Hidrogeolog\u00eda).<\/p>\n<p>As\u00ed, la Unidad Inferior del Mioceno, formada por yesos fundamentalmente, es permeable por fisuraci\u00f3n y generaci\u00f3n de cavidades por disoluci\u00f3n de la roca (karstificaci\u00f3n) que en ocasiones es relevante donde se desarrollan procesos de disoluci\u00f3n importantes, por lo que puede albergar aguas subterr\u00e1neas que, debido a su composici\u00f3n caracter\u00edstica, son intensamente salinas. No genera alumbramientos de agua en la zona por lo que no tiene repercusi\u00f3n hidrogeol\u00f3gica en la zona de Ambite.<\/p>\n<p>La Unidad Intermedia del Mioceno, situada sobre la anterior, est\u00e1 formada por arcillas fundamentalmente, con intercalaciones de yeso y eventualmente calizas. Las arcillas constituyen un terreno impermeable por lo que, si bien los paquetes de caliza y yeso intercalados pudieran presentar alguna permeabilidad, al estar inmersos dentro de la arcilla el conjunto de la unidad resulta impermeable en la pr\u00e1ctica.<\/p>\n<p>Sin embargo, la impermeabilidad de esta unidad intermedia tiene una repercusi\u00f3n caracter\u00edstica en toda la zona, en relaci\u00f3n con la Unidad Superior del Mioceno, que se sit\u00faa sobre ella.<\/p>\n<p>Efectivamente, la Unidad Superior del Mioceno est\u00e1 constituida en la zona por el nivel basal de arenas, areniscas y arcillas, bajo el importante paquete de \u201cCalizas del P\u00e1ramo\u201d. Si bien el nivel basal arenoso tiene una permeabilidad variable, el paquete de calizas es muy permeable, ya sea por fisuraci\u00f3n o por karstificaci\u00f3n, constituyendo un nivel \u201cacu\u00edfero\u201d que constituye un almacenamiento de agua subterr\u00e1nea relevante en la zona. El agua de lluvia que se infiltra en la superficie de las calizas percola por gravedad hacia profundidades mayores. Sin embargo, al llegar en su percolaci\u00f3n a la Unidad Intermedia arcillosa no puede atravesarla debido a su impermeabilidad, y discurre por el contacto hasta alcanzar la superficie topogr\u00e1fica, donde genera manantiales en las laderas del valle del Taju\u00f1a. Tal es el origen de la fuente del Arca. En ocasiones la presencia de coluviones permeables en las zonas de afloramiento del agua puede dar lugar a que el punto de afloramiento del agua se sit\u00fae a cota m\u00e1s baja que la del contacto entre la Unidad Superior y la Unidad Intermedia, al discurrir el agua por el coluvi\u00f3n sin aflorar en superficie; esto pudiera explicar el emplazamiento de la fuente del Robledillo, situada claramente a cota m\u00e1s baja que la del contacto entre las dos unidades.<\/p>\n<p>[\/et_pb_text][\/et_pb_column][\/et_pb_row][et_pb_row _builder_version=\u00bb4.16&#8243; _module_preset=\u00bbdefault\u00bb custom_padding=\u00bb||11px|||\u00bb global_colors_info=\u00bb{}\u00bb][et_pb_column type=\u00bb4_4&#8243; _builder_version=\u00bb4.16&#8243; _module_preset=\u00bbdefault\u00bb global_colors_info=\u00bb{}\u00bb][et_pb_image src=\u00bbhttps:\/\/www.ambite.es\/centrodenaturaleza\/wp-content\/uploads\/2021\/06\/dibujo-arcillas.png\u00bb title_text=\u00bbFoto-mas-grafico3&#8243; show_in_lightbox=\u00bbon\u00bb force_fullwidth=\u00bbon\u00bb admin_label=\u00bbgr\u00e1fico calizas\u00bb _builder_version=\u00bb4.16&#8243; _module_preset=\u00bbdefault\u00bb custom_margin=\u00bb0px||0px||false|false\u00bb custom_padding=\u00bb0px||0px||false|false\u00bb global_colors_info=\u00bb{}\u00bb][\/et_pb_image][et_pb_text admin_label=\u00bbpie de foto calizas\u00bb _builder_version=\u00bb4.16&#8243; _module_preset=\u00bbdefault\u00bb text_font=\u00bbMontserrat|500|on||||||\u00bb text_text_color=\u00bb#00CED1&#8243; text_line_height=\u00bb1.4em\u00bb custom_margin=\u00bb0px||0px||true|false\u00bb custom_padding=\u00bb15px||40px||false|false\u00bb text_font_size_tablet=\u00bb13px\u00bb text_font_size_phone=\u00bb\u00bb text_font_size_last_edited=\u00bbon|desktop\u00bb global_colors_info=\u00bb{}\u00bb]<\/p>\n<p class=\"p1\"><i>Esquema hidrogeol\u00f3gico de los principales<span class=\"Apple-converted-space\">\u00a0<\/span><\/i><i>acu\u00edferos de Ambite.<\/i><\/p>\n<p>[\/et_pb_text][\/et_pb_column][\/et_pb_row][et_pb_row column_structure=\u00bb1_2,1_2&#8243; _builder_version=\u00bb4.16&#8243; _module_preset=\u00bbdefault\u00bb custom_padding=\u00bb1px||0px|||\u00bb global_colors_info=\u00bb{}\u00bb][et_pb_column type=\u00bb1_2&#8243; _builder_version=\u00bb4.16&#8243; _module_preset=\u00bbdefault\u00bb global_colors_info=\u00bb{}\u00bb][et_pb_image src=\u00bbhttps:\/\/www.ambite.es\/centrodenaturaleza\/wp-content\/uploads\/2021\/09\/image025.jpg\u00bb title_text=\u00bbFoto-mas-grafico3&#8243; show_in_lightbox=\u00bbon\u00bb force_fullwidth=\u00bbon\u00bb admin_label=\u00bbimagen fuente del arca\u00bb _builder_version=\u00bb4.16&#8243; _module_preset=\u00bbdefault\u00bb custom_margin=\u00bb0px||0px||false|false\u00bb custom_padding=\u00bb0px||0px||false|false\u00bb global_colors_info=\u00bb{}\u00bb text_font_size_tablet=\u00bb14px\u00bb text_font_size_last_edited=\u00bbon|phone\u00bb text_font_size_phone=\u00bb14px\u00bb][\/et_pb_image][et_pb_text _builder_version=\u00bb4.16&#8243; _module_preset=\u00bbdefault\u00bb text_font=\u00bbMontserrat|500|on||||||\u00bb text_text_color=\u00bb#00CED1&#8243; text_line_height=\u00bb1.4em\u00bb custom_margin=\u00bb0px||0px||true|false\u00bb custom_padding=\u00bb15px||40px||false|false\u00bb text_font_size_tablet=\u00bb13px\u00bb text_font_size_phone=\u00bb\u00bb text_font_size_last_edited=\u00bbon|desktop\u00bb global_colors_info=\u00bb{}\u00bb]<\/p>\n<p>Fuente del Robledillo.<\/p>\n<p>[\/et_pb_text][\/et_pb_column][et_pb_column type=\u00bb1_2&#8243; _builder_version=\u00bb4.16&#8243; _module_preset=\u00bbdefault\u00bb global_colors_info=\u00bb{}\u00bb][et_pb_text _builder_version=\u00bb4.16&#8243; _module_preset=\u00bbdefault\u00bb text_font=\u00bbMontserrat||on||||||\u00bb text_font_size=\u00bb18px\u00bb text_line_height=\u00bb1.6em\u00bb custom_margin=\u00bb||22px|||\u00bb text_font_size_tablet=\u00bb17px\u00bb text_font_size_phone=\u00bb16px\u00bb text_font_size_last_edited=\u00bbon|phone\u00bb global_colors_info=\u00bb{}\u00bb]<\/p>\n<p>Al depender estos afloramientos de agua del aporte de las calizas del p\u00e1ramo, y tener \u00e9stas un espesor y una permeabilidad relevantes, son fuentes que rara vez se secan, lo que favoreci\u00f3 ya en la antig\u00fcedad el asentamiento de n\u00facleos humanos en el entorno de la fuente del Arca, la m\u00e1s estable de las dos mencionadas.<\/p>\n<p>Respecto a la calidad de las aguas procedentes de este acu\u00edfero, es de destacar que poseen una dureza media, siendo esencialmente bicarbonatadas, muy vulnerable respecto a las contaminaciones qu\u00edmicas, tanto por acci\u00f3n de pesticidas y fertilizantes agr\u00edcolas como por la acci\u00f3n de pozos negros y vertederos.<\/p>\n<p>&nbsp;<\/p>\n<p>[\/et_pb_text][\/et_pb_column][\/et_pb_row][et_pb_row _builder_version=\u00bb4.16&#8243; _module_preset=\u00bbdefault\u00bb custom_padding=\u00bb0px|||||\u00bb global_colors_info=\u00bb{}\u00bb][et_pb_column type=\u00bb4_4&#8243; _builder_version=\u00bb4.16&#8243; _module_preset=\u00bbdefault\u00bb global_colors_info=\u00bb{}\u00bb][et_pb_text _builder_version=\u00bb4.16&#8243; _module_preset=\u00bbdefault\u00bb text_font=\u00bbMontserrat||on||||||\u00bb text_font_size=\u00bb18px\u00bb text_line_height=\u00bb1.6em\u00bb custom_margin=\u00bb||22px|||\u00bb text_font_size_tablet=\u00bb17px\u00bb text_font_size_phone=\u00bb16px\u00bb text_font_size_last_edited=\u00bbon|phone\u00bb global_colors_info=\u00bb{}\u00bb]<\/p>\n<p>El aluvial del r\u00edo Taju\u00f1a constituye tambi\u00e9n un acu\u00edfero local relevante, constituido por gravas, arenas y arcillas en proporci\u00f3n variable, con una elevada capacidad de almacenamiento del agua que recibe como aporte constante del propio r\u00edo Taju\u00f1a.<\/p>\n<p>Tanto el acu\u00edfero de las calizas de p\u00e1ramo como el aluvial del Taju\u00f1a son muy vulnerables a la contaminaci\u00f3n por acci\u00f3n de pesticidas y fertilizantes agr\u00edcolas.\u00a0<\/p>\n<p>[\/et_pb_text][\/et_pb_column][\/et_pb_row][et_pb_row _builder_version=\u00bb4.16&#8243; _module_preset=\u00bbdefault\u00bb custom_margin=\u00bb|auto|28px|auto||\u00bb custom_padding=\u00bb31px|||||\u00bb global_colors_info=\u00bb{}\u00bb][et_pb_column type=\u00bb4_4&#8243; _builder_version=\u00bb4.16&#8243; _module_preset=\u00bbdefault\u00bb global_colors_info=\u00bb{}\u00bb][et_pb_image src=\u00bbhttps:\/\/www.ambite.es\/centrodenaturaleza\/wp-content\/uploads\/2021\/12\/AMBITE-MARCA-HORIZONTAL-BICOLOR.png\u00bb title_text=\u00bbAMBITE &#8211; MARCA HORIZONTAL BICOLOR\u00bb align=\u00bbcenter\u00bb admin_label=\u00bblogo Ambite azul\u00bb _builder_version=\u00bb4.16&#8243; _module_preset=\u00bbdefault\u00bb width=\u00bb100%\u00bb max_width=\u00bb20%\u00bb max_width_tablet=\u00bb22%\u00bb max_width_phone=\u00bb60%\u00bb max_width_last_edited=\u00bbon|phone\u00bb module_alignment=\u00bbcenter\u00bb global_colors_info=\u00bb{}\u00bb][\/et_pb_image][et_pb_text _builder_version=\u00bb4.16&#8243; _module_preset=\u00bbdefault\u00bb text_font_size=\u00bb17px\u00bb text_line_height=\u00bb1.5em\u00bb text_orientation=\u00bbcenter\u00bb text_font_size_tablet=\u00bb15px\u00bb text_font_size_phone=\u00bb14px\u00bb text_font_size_last_edited=\u00bbon|tablet\u00bb global_colors_info=\u00bb{}\u00bb]<\/p>\n<p>Este proyecto ha sido posible gracias al Ayuntamiento de Ambite y a la colaboraci\u00f3n de:<\/p>\n<p>[\/et_pb_text][et_pb_image src=\u00bbhttps:\/\/www.ambite.es\/centrodenaturaleza\/wp-content\/uploads\/2021\/06\/Tira-Logos-oficiales-scaled-1.jpg\u00bb title_text=\u00bbTira-Logos-oficiales\u00bb align=\u00bbcenter\u00bb admin_label=\u00bblogotipos empresas\u00bb _builder_version=\u00bb4.16&#8243; _module_preset=\u00bbdefault\u00bb width=\u00bb100%\u00bb max_width=\u00bb53%\u00bb max_width_tablet=\u00bb73%\u00bb max_width_phone=\u00bb90%\u00bb max_width_last_edited=\u00bbon|desktop\u00bb module_alignment=\u00bbcenter\u00bb global_colors_info=\u00bb{}\u00bb][\/et_pb_image][\/et_pb_column][\/et_pb_row][\/et_pb_section]<\/p>\n","protected":false},"excerpt":{"rendered":"<p>Entorno geol\u00f3gicoAQU\u00cd LO PUEDES ESCUCHARPara los que prefieran que se lo contemos, hemos preparado un extracto en audio, que facilitar\u00e1 la comprensi\u00f3n del tema que nos ocupa.ENTORNO GEOL\u00d3GICOLa geolog\u00eda de Ambite que NO VEMOSLos esfuerzos tect\u00f3nicos resultantes de la aproximaci\u00f3n entre \u00c1frica y Eurasia en los \u00faltimos 60 millones de a\u00f1os dieron lugar al levantamiento [&hellip;]<\/p>\n","protected":false},"author":3,"featured_media":0,"parent":0,"menu_order":0,"comment_status":"closed","ping_status":"closed","template":"","meta":{"_et_pb_use_builder":"on","_et_pb_old_content":"","_et_gb_content_width":"","footnotes":""},"class_list":["post-1408","page","type-page","status-publish","hentry"],"_links":{"self":[{"href":"https:\/\/www.ambite.es\/centrodenaturaleza\/wp-json\/wp\/v2\/pages\/1408","targetHints":{"allow":["GET"]}}],"collection":[{"href":"https:\/\/www.ambite.es\/centrodenaturaleza\/wp-json\/wp\/v2\/pages"}],"about":[{"href":"https:\/\/www.ambite.es\/centrodenaturaleza\/wp-json\/wp\/v2\/types\/page"}],"author":[{"embeddable":true,"href":"https:\/\/www.ambite.es\/centrodenaturaleza\/wp-json\/wp\/v2\/users\/3"}],"replies":[{"embeddable":true,"href":"https:\/\/www.ambite.es\/centrodenaturaleza\/wp-json\/wp\/v2\/comments?post=1408"}],"version-history":[{"count":34,"href":"https:\/\/www.ambite.es\/centrodenaturaleza\/wp-json\/wp\/v2\/pages\/1408\/revisions"}],"predecessor-version":[{"id":3082,"href":"https:\/\/www.ambite.es\/centrodenaturaleza\/wp-json\/wp\/v2\/pages\/1408\/revisions\/3082"}],"wp:attachment":[{"href":"https:\/\/www.ambite.es\/centrodenaturaleza\/wp-json\/wp\/v2\/media?parent=1408"}],"curies":[{"name":"wp","href":"https:\/\/api.w.org\/{rel}","templated":true}]}}